{"id":2,"date":"2023-07-18T13:30:54","date_gmt":"2023-07-18T16:30:54","guid":{"rendered":"http:\/\/uab.ufsc.br\/ead\/filosofia\/?page_id=2"},"modified":"2026-02-17T10:40:51","modified_gmt":"2026-02-17T13:40:51","slug":"pagina-exemplo","status":"publish","type":"page","link":"https:\/\/uab.ufsc.br\/ead\/filosofia\/pagina-exemplo\/","title":{"rendered":"Livros did\u00e1ticos"},"content":{"rendered":"<p>[et_pb_section fb_built=&#8221;1&#8243; _builder_version=&#8221;4.16&#8243; global_colors_info=&#8221;{}&#8221; theme_builder_area=&#8221;post_content&#8221;][et_pb_row _builder_version=&#8221;4.16&#8243; background_size=&#8221;initial&#8221; background_position=&#8221;top_left&#8221; background_repeat=&#8221;repeat&#8221; global_colors_info=&#8221;{}&#8221; theme_builder_area=&#8221;post_content&#8221;][et_pb_column type=&#8221;4_4&#8243; _builder_version=&#8221;4.16&#8243; custom_padding=&#8221;|||&#8221; global_colors_info=&#8221;{}&#8221; custom_padding__hover=&#8221;|||&#8221; theme_builder_area=&#8221;post_content&#8221;][et_pb_text _builder_version=&#8221;4.16&#8243; background_size=&#8221;initial&#8221; background_position=&#8221;top_left&#8221; background_repeat=&#8221;repeat&#8221; global_colors_info=&#8221;{}&#8221; theme_builder_area=&#8221;post_content&#8221;]<\/p>\n<p><img loading=\"lazy\" decoding=\"async\" class=\"size-medium wp-image-756 aligncenter\" src=\"http:\/\/uab.ufsc.br\/ead\/filosofia\/wp-content\/uploads\/2023\/09\/logo-livros-300x300.png\" alt=\"\" width=\"300\" height=\"300\" \/><\/p>\n<h2 style=\"text-align: center;\"><a href=\"https:\/\/archive.org\/details\/@curso_de_filosofia_ead\"><strong>P\u00e1gina de publica\u00e7\u00f5es no Internet Archive<\/strong><\/a><\/h2>\n<hr \/>\n<p><a href=\"https:\/\/repositorio.ufsc.br\/bitstream\/handle\/123456789\/230382\/Lu%c3%ads%20Felipe%20Bellintani%20Ribeiro%20-%20Hist%c3%b3ria%20da%20Filosofia%20I%2c%202008.pdf?sequence=1&amp;isAllowed=y\"><img loading=\"lazy\" decoding=\"async\" class=\"alignleft wp-image-5705\" src=\"http:\/\/deptofilosofia.paginas.ufsc.br\/files\/2021\/10\/Lu\u00eds-Felipe-Bellintani-Ribeiro-Hist\u00f3ria-da-Filosofia-I-2008.jpg\" alt=\"\" width=\"100\" height=\"135\" \/><span style=\"color: #008080;\"><strong>Hist\u00f3ria da Filosofia I<\/strong><\/span><\/a><\/p>\n<p><a href=\"https:\/\/fil.cfh.ufsc.br\/luis-felipe-bellintani-ribeiro\/\">Lu\u00eds Felipe Bellintani Ribeiro<\/a><\/p>\n<p>Filosofia\/EAD\/UFSC, 2008<\/p>\n<p>ISBN: 978-85-61484-02-6<\/p>\n<hr \/>\n<p><img loading=\"lazy\" decoding=\"async\" class=\"alignleft wp-image-5642\" src=\"http:\/\/deptofilosofia.paginas.ufsc.br\/files\/2021\/10\/Delamar-Volpato-Dutra-Luiz-Hebeche-Hist\u00f3ria-da-Filosofia-II-2008.jpg\" alt=\"\" width=\"100\" height=\"134\" \/><strong><span style=\"color: #008080;\">Hist\u00f3ria da Filosofia<\/span><\/strong><strong><span style=\"color: #008080;\"> II<\/span><\/strong><\/p>\n<p><a href=\"https:\/\/fil.cfh.ufsc.br\/delamar-jose-volpato-dutra\/\">Delamar Volpato Dutra<\/a> &amp;\u00a0 <a href=\"https:\/\/fil.cfh.ufsc.br\/luiz-alberto-hebeche\/\">Luiz Hebeche<\/a><\/p>\n<p>Filosofia\/EAD\/UFSC, 2008<\/p>\n<p>ISBN 978-85-61484-07-1<\/p>\n<hr \/>\n<p><a href=\"https:\/\/repositorio.ufsc.br\/bitstream\/handle\/123456789\/229972\/Marco%20Antonio%20Franciotti%20-%20Hist%c3%b3ria%20da%20Filosofia%20III.pdf?sequence=1&amp;isAllowed=y\"><img loading=\"lazy\" decoding=\"async\" class=\"alignleft wp-image-5634\" src=\"http:\/\/deptofilosofia.paginas.ufsc.br\/files\/2013\/03\/Marco-Antonio-Franciotti-Hist\u00f3ria-da-Filosofia-III.jpg\" alt=\"\" width=\"100\" height=\"133\" \/><\/a> <span style=\"color: #008080;\"><strong><a style=\"color: #008080;\" href=\"https:\/\/repositorio.ufsc.br\/bitstream\/handle\/123456789\/229972\/Marco%20Antonio%20Franciotti%20-%20Hist%c3%b3ria%20da%20Filosofia%20III.pdf?sequence=1&amp;isAllowed=y\">Hist\u00f3ria da Filosofia III<\/a><\/strong><\/span><\/p>\n<p><a href=\"https:\/\/fil.cfh.ufsc.br\/marco-antonio-franciotti\/\">Marco Antonio Franciotti<\/a>.<\/p>\n<p>1. ed. Florian\u00f3polis: EAD\/UFSC, 2008. v. 1. 203p .<\/p>\n<p>ISBN 978-85-61484-10-1<\/p>\n<hr \/>\n<p><a href=\"https:\/\/repositorio.ufsc.br\/bitstream\/handle\/123456789\/230383\/Selvino%20Jos%c3%a9%20Assmann%2c%20Delamar%20Jos%c3%a9%20Volpato%20Dutra%2c%20Luiz%20Hebeche%20-%20Hist%c3%b3ria%20da%20Filosofia%20IV%2c%202009.pdf?sequence=1&amp;isAllowed=y\"><img loading=\"lazy\" decoding=\"async\" class=\"alignleft wp-image-5703\" src=\"http:\/\/deptofilosofia.paginas.ufsc.br\/files\/2021\/10\/Selvino-Jos\u00e9-Assmann-Delamar-Jos\u00e9-Volpato-Dutra-Luiz-Hebeche-Hist\u00f3ria-da-Filosofia-IV-2009.jpg\" alt=\"\" width=\"100\" height=\"133\" \/><\/a><span style=\"color: #008080;\"><strong><a style=\"color: #008080;\" href=\"https:\/\/repositorio.ufsc.br\/bitstream\/handle\/123456789\/230383\/Selvino%20Jos%c3%a9%20Assmann%2c%20Delamar%20Jos%c3%a9%20Volpato%20Dutra%2c%20Luiz%20Hebeche%20-%20Hist%c3%b3ria%20da%20Filosofia%20IV%2c%202009.pdf?sequence=1&amp;isAllowed=y\">Hist\u00f3ria da Filosofia IV<\/a><\/strong><\/span><\/p>\n<p><a href=\"https:\/\/fil.cfh.ufsc.br\/selvino-jose-assmann\/\">Selvino Jos\u00e9 Assmann<\/a>, <a href=\"https:\/\/fil.cfh.ufsc.br\/delamar-jose-volpato-dutra\/\">Delamar Jos\u00e9 Volpato Dutra<\/a>, <a href=\"https:\/\/fil.cfh.ufsc.br\/luiz-alberto-hebeche\/\">Luiz Hebeche <\/a><\/p>\n<p>1. ed. Florian\u00f3polis: EAD\/UFSC, 2009.<\/p>\n<p>ISBN 978-85-61484-11-8<\/p>\n<hr \/>\n<p><a href=\"https:\/\/repositorio.ufsc.br\/bitstream\/handle\/123456789\/230385\/Selvino%20Jos%c3%a9%20Asssmann%2c%20Delamar%20Volpato%20Dutra%20-%20Filosofia%20Pol%c3%adtica%20I%2c%202008.pdf?sequence=1&amp;isAllowed=y\"><img loading=\"lazy\" decoding=\"async\" class=\"alignleft wp-image-5717\" src=\"http:\/\/deptofilosofia.paginas.ufsc.br\/files\/2021\/10\/Selvino-Jos\u00e9-Asssmann-Delamar-Volpato-Dutra-Filosofia-Pol\u00edtica-I-2008.jpg\" alt=\"\" width=\"100\" height=\"133\" \/><\/a><span style=\"color: #008080;\"><strong><a style=\"color: #008080;\" href=\"https:\/\/repositorio.ufsc.br\/bitstream\/handle\/123456789\/230385\/Selvino%20Jos%c3%a9%20Asssmann%2c%20Delamar%20Volpato%20Dutra%20-%20Filosofia%20Pol%c3%adtica%20I%2c%202008.pdf?sequence=1&amp;isAllowed=y\">Filosofia Pol\u00edtica I<\/a><\/strong><\/span><\/p>\n<p><a href=\"https:\/\/fil.cfh.ufsc.br\/selvino-jose-assmann\/\">Selvino Jos\u00e9 Assmann<\/a>;\u00a0 <a href=\"https:\/\/fil.cfh.ufsc.br\/delamar-jose-volpato-dutra\/\">Delamar Jos\u00e9 Volpato Dutra<\/a><\/p>\n<p>1. ed. Florian\u00f3polis: EAD\/UFSC, 2008<\/p>\n<p>ISBN 978-85-61484-05-7<\/p>\n<hr \/>\n<p><a href=\"https:\/\/repositorio.ufsc.br\/bitstream\/handle\/123456789\/230386\/Alessandro%20Pinzani%20-%20Filosofia%20Pol%c3%adtica%20II%2c%202009.pdf?sequence=1&amp;isAllowed=y\"><img loading=\"lazy\" decoding=\"async\" class=\"alignleft wp-image-5719\" src=\"http:\/\/deptofilosofia.paginas.ufsc.br\/files\/2021\/10\/Alessandro-Pinzani-Filosofia-Pol\u00edtica-II-2009.jpg\" alt=\"\" width=\"100\" height=\"134\" \/><\/a><span style=\"color: #008080;\"><strong><a style=\"color: #008080;\" href=\"https:\/\/repositorio.ufsc.br\/bitstream\/handle\/123456789\/230386\/Alessandro%20Pinzani%20-%20Filosofia%20Pol%c3%adtica%20II%2c%202009.pdf?sequence=1&amp;isAllowed=y\">Filosofia Pol\u00edtica II<\/a><\/strong><\/span><\/p>\n<p><a href=\"https:\/\/fil.cfh.ufsc.br\/alessandro-pinzani\/\">Alessandro Pinzani<\/a><\/p>\n<p>1. ed. Florian\u00f3polis: EAD\/UFSC, 2009<\/p>\n<p>ISBN 978-85-61484-08-8<\/p>\n<hr \/>\n<p><a href=\"https:\/\/repositorio.ufsc.br\/bitstream\/handle\/123456789\/230387\/Alessandro%20Pinzani%20-%20Filosofia%20Pol%c3%adtica%20III%2c%202011.pdf?sequence=1&amp;isAllowed=y\"><img loading=\"lazy\" decoding=\"async\" class=\"alignleft wp-image-5721\" src=\"http:\/\/deptofilosofia.paginas.ufsc.br\/files\/2021\/10\/Alessandro-Pinzani-Filosofia-Pol\u00edtica-III-2011.jpg\" alt=\"\" width=\"100\" height=\"133\" \/><\/a>\u00a0<span style=\"color: #008080;\"><strong><a style=\"color: #008080;\" href=\"https:\/\/repositorio.ufsc.br\/bitstream\/handle\/123456789\/230387\/Alessandro%20Pinzani%20-%20Filosofia%20Pol%c3%adtica%20III%2c%202011.pdf?sequence=1&amp;isAllowed=y\">Filosofia Pol\u00edtica III<\/a><\/strong><\/span><\/p>\n<p><a href=\"https:\/\/fil.cfh.ufsc.br\/alessandro-pinzani\/\">Alessandro Pinzani<\/a><\/p>\n<p>1. ed. Florian\u00f3polis: EAD\/UFSC,<\/p>\n<p>2011<\/p>\n<hr \/>\n<p><a href=\"https:\/\/repositorio.ufsc.br\/bitstream\/handle\/123456789\/229571\/Alberto%20Cupani%20-%20Filosofia%20da%20Ci%c3%aancia.pdf?sequence=1&amp;isAllowed=y\"><img loading=\"lazy\" decoding=\"async\" class=\"alignleft wp-image-4591\" src=\"http:\/\/deptofilosofia.paginas.ufsc.br\/files\/2013\/03\/Alberto-Cupani-Filosofia-da-ci\u00eancia-2009.jpg\" alt=\"\" width=\"100\" height=\"132\" \/><\/a><a href=\"https:\/\/repositorio.ufsc.br\/bitstream\/handle\/123456789\/229571\/Alberto%20Cupani%20-%20Filosofia%20da%20Ci%c3%aancia.pdf?sequence=1&amp;isAllowed=y\"><span style=\"color: #008080;\"><strong>Filosofia da Ci\u00eancia<\/strong><\/span><\/a><\/p>\n<p><a href=\"https:\/\/fil.cfh.ufsc.br\/prof-dr-alberto-oscar-cupani\/\">Alberto Cupani<\/a><\/p>\n<p>1. ed. Florian\u00f3polis:\u00a0 Editora da UFSC, 2009.<\/p>\n<p>v. 1. 205p .<\/p>\n<hr \/>\n<div><a href=\"https:\/\/repositorio.ufsc.br\/bitstream\/handle\/123456789\/230410\/Alberto%20Cupani%20-%20Filosofia%20da%20%20Ci%c3%aancia%20II%20-%20Filosofia%20da%20Hist%c3%b3ria%2c%202010.pdf?sequence=1&amp;isAllowed=y\"><img loading=\"lazy\" decoding=\"async\" class=\"alignleft wp-image-4622\" src=\"http:\/\/deptofilosofia.paginas.ufsc.br\/files\/2013\/03\/Alberto-Cupani-Filosofia-da-Ci\u00eancia-II.jpg\" alt=\"\" width=\"100\" height=\"136\" \/><\/a><span style=\"color: #008080;\"><strong><a style=\"color: #008080;\" href=\"https:\/\/repositorio.ufsc.br\/bitstream\/handle\/123456789\/230410\/Alberto%20Cupani%20-%20Filosofia%20da%20%20Ci%c3%aancia%20II%20-%20Filosofia%20da%20Hist%c3%b3ria%2c%202010.pdf?sequence=1&amp;isAllowed=y\">Filosofia da Ci\u00eancia II <\/a><\/strong><\/span><\/div>\n<p><a href=\"https:\/\/fil.cfh.ufsc.br\/prof-dr-alberto-oscar-cupani\/\">Alberto Cupani<\/a><\/p>\n<p>1. ed. Florian\u00f3polis: Editora da UFSC, 2010.<\/p>\n<p>Volume \u00fanico. 161p .<\/p>\n<hr \/>\n<p><a href=\"https:\/\/repositorio.ufsc.br\/bitstream\/handle\/123456789\/229591\/Celso%20R.%20Braida%20-%20Filosofia%20da%20Linguagem%20I.pdf?sequence=1&amp;isAllowed=y\"><img loading=\"lazy\" decoding=\"async\" class=\"alignleft wp-image-5597\" src=\"http:\/\/deptofilosofia.paginas.ufsc.br\/files\/2013\/03\/Celso-R.-Braida-Filosofia-da-Linguagem.jpg\" alt=\"\" width=\"100\" height=\"133\" \/><span style=\"color: #008080;\"><strong>Filosofia da Linguagem<\/strong><\/span><\/a><\/p>\n<p><a href=\"https:\/\/fil.cfh.ufsc.br\/celso-reni-braida\/\">Celso Reni Braida<\/a><\/p>\n<p>Filosofia\/EAD\/UFSC, 2009<\/p>\n<p>ISBN:978-85-61484-12-5<\/p>\n<hr \/>\n<p><a href=\"https:\/\/repositorio.ufsc.br\/bitstream\/handle\/123456789\/230426\/Jair%20Barboza%20-%20Filosofia%20da%20Linguagem%20II%2c%202011.pdf?sequence=1&amp;isAllowed=y\"><img loading=\"lazy\" decoding=\"async\" class=\"alignleft wp-image-5769\" src=\"http:\/\/deptofilosofia.paginas.ufsc.br\/files\/2021\/10\/Capa-Indispon\u00edvel.jpg\" alt=\"\" width=\"100\" height=\"135\" \/><\/a><span style=\"color: #008080;\"><strong><a style=\"color: #008080;\" href=\"https:\/\/repositorio.ufsc.br\/bitstream\/handle\/123456789\/230426\/Jair%20Barboza%20-%20Filosofia%20da%20Linguagem%20II%2c%202011.pdf?sequence=1&amp;isAllowed=y\">Filosofia da Linguagem II<\/a><\/strong><\/span><\/p>\n<p>Jair Barboza<\/p>\n<p>Filosofia\/EAD\/UFSC, 2011<\/p>\n<hr \/>\n<p><a href=\"https:\/\/repositorio.ufsc.br\/bitstream\/handle\/123456789\/230396\/Luiz%20Hebeche%20-%20Ontologia%20I%2c%202012.pdf?sequence=1&amp;isAllowed=y\"><img loading=\"lazy\" decoding=\"async\" class=\"alignleft wp-image-5723\" src=\"http:\/\/deptofilosofia.paginas.ufsc.br\/files\/2021\/10\/Luiz-Hebeche-Ontologia-I-2012.jpg\" alt=\"\" width=\"100\" height=\"133\" \/><\/a><span style=\"color: #008080;\"><strong><a style=\"color: #008080;\" href=\"https:\/\/repositorio.ufsc.br\/bitstream\/handle\/123456789\/230396\/Luiz%20Hebeche%20-%20Ontologia%20I%2c%202012.pdf?sequence=1&amp;isAllowed=y\">Ontologia I<\/a><\/strong><\/span><\/p>\n<p><a href=\"https:\/\/fil.cfh.ufsc.br\/luiz-alberto-hebeche\/\">Luiz Hebeche<\/a><\/p>\n<p>1. ed. Florian\u00f3polis: EAD\/Filosofia\/UFSC, 2012<\/p>\n<p>ISBN: 978-85-61484-24-8<\/p>\n<hr \/>\n<p><a href=\"https:\/\/repositorio.ufsc.br\/bitstream\/handle\/123456789\/230384\/Celso%20R.%20Braida%2c%20D%c3%a9cio%20Krause%20-%20Ontologia%20II%2c%202008.pdf?sequence=4&amp;isAllowed=y\"><img loading=\"lazy\" decoding=\"async\" class=\"alignleft wp-image-5726\" src=\"http:\/\/deptofilosofia.paginas.ufsc.br\/files\/2021\/10\/Celso-R.-Braida-D\u00e9cio-Krause-Ontologia-II-2008.jpg\" alt=\"\" width=\"100\" height=\"133\" \/><\/a><span style=\"color: #008080;\"><strong><a style=\"color: #008080;\" href=\"https:\/\/repositorio.ufsc.br\/bitstream\/handle\/123456789\/230384\/Celso%20R.%20Braida%2c%20D%c3%a9cio%20Krause%20-%20Ontologia%20II%2c%202008.pdf?sequence=4&amp;isAllowed=y\">Ontologia II<\/a><\/strong><\/span><\/p>\n<p><a href=\"https:\/\/fil.cfh.ufsc.br\/celso-reni-braida\/\">Celso Reni Braida<\/a>\u00a0 e <a href=\"https:\/\/fil.cfh.ufsc.br\/decio-krause\/\">D\u00e9cio Krause<\/a><\/p>\n<p>1. ed. Florian\u00f3polis: EAD\/Filosofia\/UFSC, 2008.<\/p>\n<p>ISBN 978-85-61484-06-4<\/p>\n<hr \/>\n<p><a href=\"https:\/\/repositorio.ufsc.br\/bitstream\/handle\/123456789\/230408\/Celso%20R.%20Braida%2c%20D%c3%a9bora%20Pazetto%20Ferreira%2c%20Michelle%20C.%20Olsen%20e%20Emmanuelli%20S.%20Padilha%20-%20Ontologia%20III%2c%202010.pdf?sequence=1&amp;isAllowed=y\"><img loading=\"lazy\" decoding=\"async\" class=\"alignleft wp-image-5769\" src=\"http:\/\/deptofilosofia.paginas.ufsc.br\/files\/2021\/10\/Capa-Indispon\u00edvel.jpg\" alt=\"\" width=\"100\" height=\"135\" \/><\/a><span style=\"color: #008080;\"><strong><a style=\"color: #008080;\" href=\"https:\/\/repositorio.ufsc.br\/bitstream\/handle\/123456789\/230408\/Celso%20R.%20Braida%2c%20D%c3%a9bora%20Pazetto%20Ferreira%2c%20Michelle%20C.%20Olsen%20e%20Emmanuelli%20S.%20Padilha%20-%20Ontologia%20III%2c%202010.pdf?sequence=1&amp;isAllowed=y\">Ontologia III<\/a><\/strong><\/span><\/p>\n<p><a href=\"https:\/\/fil.cfh.ufsc.br\/celso-reni-braida\/\">Celso Reni Braida<\/a>, D\u00e9bora Pazetto Ferreira, Michelle C. Olsen e Emmanuelli S. Padilha<\/p>\n<p>1. ed. Florian\u00f3polis: EAD\/Filosofia\/UFSC,<\/p>\n<p>2010.<\/p>\n<hr \/>\n<p><a href=\"https:\/\/repositorio.ufsc.br\/bitstream\/handle\/123456789\/230389\/Marcos%20Jos%c3%a9%20M%c3%bcller%20-%20Ontologia%20III%20-%20T%c3%b3picos%20de%20ontologia%20contempor%c3%a2nea%2c%202015.pdf?sequence=1&amp;isAllowed=y\"><img loading=\"lazy\" decoding=\"async\" class=\"alignleft wp-image-5730\" src=\"http:\/\/deptofilosofia.paginas.ufsc.br\/files\/2021\/10\/Marcos-Jos\u00e9-M\u00fcller-Ontologia-III-T\u00f3picos-de-ontologia-contempor\u00e2nea-2015.jpg\" alt=\"\" width=\"100\" height=\"133\" \/><\/a><strong><span style=\"color: #008080;\"><a style=\"color: #008080;\" href=\"https:\/\/repositorio.ufsc.br\/bitstream\/handle\/123456789\/230389\/Marcos%20Jos%c3%a9%20M%c3%bcller%20-%20Ontologia%20III%20-%20T%c3%b3picos%20de%20ontologia%20contempor%c3%a2nea%2c%202015.pdf?sequence=1&amp;isAllowed=y\">Ontologia III &#8211; T\u00f3picos de Ontologia Contempor\u00e2nea<\/a><\/span><\/strong><\/p>\n<p><a href=\"https:\/\/fil.cfh.ufsc.br\/marcos-jose-muller-granzotto\/\">Marcos Jos\u00e9 M\u00fcller<\/a><\/p>\n<p>1. ed. Florian\u00f3polis: EAD\/Filosofia\/UFSC, 2015<\/p>\n<p>ISBN 978-85-61484-43-9<\/p>\n<hr \/>\n<p><a href=\"https:\/\/repositorio.ufsc.br\/bitstream\/handle\/123456789\/230427\/Darlei%20Dall%e2%80%99Agnol%20-%20%c3%89tica%20I%2c%202008.pdf?sequence=1&amp;isAllowed=y\"><img loading=\"lazy\" decoding=\"async\" class=\"alignleft wp-image-5769\" src=\"http:\/\/deptofilosofia.paginas.ufsc.br\/files\/2021\/10\/Capa-Indispon\u00edvel.jpg\" alt=\"\" width=\"100\" height=\"135\" \/><\/a><span style=\"color: #008080;\"><strong><a style=\"color: #008080;\" href=\"https:\/\/repositorio.ufsc.br\/bitstream\/handle\/123456789\/230427\/Darlei%20Dall%e2%80%99Agnol%20-%20%c3%89tica%20I%2c%202008.pdf?sequence=1&amp;isAllowed=y\">\u00c9tica I<\/a><\/strong><\/span><\/p>\n<p><a href=\"https:\/\/fil.cfh.ufsc.br\/darlei-dallagnol\/\">Darlei Dall&#8217;Agnol<\/a><\/p>\n<p>1. ed. Florian\u00f3polis: EAD\/Filosofia\/UFSC, 2008<\/p>\n<p>ISBN: 978-85-61484-00-2<\/p>\n<hr \/>\n<p><span style=\"color: #008080;\"><strong><a href=\"https:\/\/repositorio.ufsc.br\/bitstream\/handle\/123456789\/230430\/Darlei%20Dall%e2%80%99Agnol%20-%20%c3%89tica%20II%2c%202009.pdf?sequence=1&amp;isAllowed=y\"><img loading=\"lazy\" decoding=\"async\" class=\"alignleft wp-image-5773\" src=\"http:\/\/deptofilosofia.paginas.ufsc.br\/files\/2021\/10\/Darlei-DallAgnol-\u00c9tica.jpg\" alt=\"\" width=\"100\" height=\"139\" \/><\/a>\u00a0<\/strong><\/span><a href=\"https:\/\/repositorio.ufsc.br\/bitstream\/handle\/123456789\/230430\/Darlei%20Dall%e2%80%99Agnol%20-%20%c3%89tica%20II%2c%202009.pdf?sequence=1&amp;isAllowed=y\"><span style=\"color: #008080;\"><strong>\u00c9tica II<\/strong><\/span><\/a><\/p>\n<p><a href=\"https:\/\/fil.cfh.ufsc.br\/darlei-dallagnol\/\">Darlei Dall&#8217;Agnol<\/a><\/p>\n<p>1. ed. Florian\u00f3polis: EAD\/Filosofia\/UFSC, 2009<\/p>\n<p>ISBN 978-85-61484-13-2<\/p>\n<hr \/>\n<p><a href=\"https:\/\/repositorio.ufsc.br\/bitstream\/handle\/123456789\/229973\/Luiz%20Henrique%20Dutra%20-Teoria%20do%20Conhecimento%2c%202008.pdf?sequence=3&amp;isAllowed=y\"><img loading=\"lazy\" decoding=\"async\" class=\"alignleft wp-image-5639\" src=\"http:\/\/deptofilosofia.paginas.ufsc.br\/files\/2013\/03\/Luiz-Henrique-de-Ara\u00fajo-Dutra-Teoria-do-conhecimento.jpg\" alt=\"\" width=\"100\" height=\"137\" \/><\/a> <span style=\"color: #008080;\"><strong><a style=\"color: #008080;\" href=\"https:\/\/repositorio.ufsc.br\/bitstream\/handle\/123456789\/229973\/Luiz%20Henrique%20Dutra%20-Teoria%20do%20Conhecimento%2c%202008.pdf?sequence=3&amp;isAllowed=y\">Teoria do Conhecimento<\/a><\/strong><\/span><\/p>\n<p>Luiz Henrique de Ara\u00fajo Dutra<\/p>\n<p>1. ed. Florian\u00f3polis: EAD\/Filosofia\/UFSC, 2008.<\/p>\n<p>ISBN: 978-85-61484-01-9<\/p>\n<hr \/>\n<p><a href=\"https:\/\/repositorio.ufsc.br\/bitstream\/handle\/123456789\/230390\/Roberto%20Wu%20-%20Filosofia%20da%20educa%c3%a7%c3%a3o%2c%202010.pdf?sequence=1&amp;isAllowed=y\"><img loading=\"lazy\" decoding=\"async\" class=\"alignleft wp-image-5709\" src=\"http:\/\/deptofilosofia.paginas.ufsc.br\/files\/2021\/10\/Roberto-Wu-Filosofia-da-educa\u00e7\u00e3o-2010.jpg\" alt=\"\" width=\"100\" height=\"133\" \/><\/a><strong><span style=\"color: #008080;\"><a style=\"color: #008080;\" href=\"https:\/\/repositorio.ufsc.br\/bitstream\/handle\/123456789\/230390\/Roberto%20Wu%20-%20Filosofia%20da%20educa%c3%a7%c3%a3o%2c%202010.pdf?sequence=1&amp;isAllowed=y\">Filosofia da Educa\u00e7\u00e3o<\/a><\/span><\/strong><\/p>\n<p><a href=\"https:\/\/fil.cfh.ufsc.br\/roberto-wu\/\">Roberto Wu<\/a><\/p>\n<p>1. ed. Florian\u00f3polis: EAD\/Filosofia\/UFSC,<\/p>\n<p>2010.<\/p>\n<hr \/>\n<p><a href=\"https:\/\/repositorio.ufsc.br\/bitstream\/handle\/123456789\/230391\/Darlei%20Dall%27Agnol%2c%20Delamar%20Jos%c3%a9%20Volpato%20Dutra%2c%20Marco%20Antonio%20Franciotti%20-%20Fundamentos%20Filos%c3%b3ficos%20Educa%c3%a7%c3%a3o%2c%202a%20ed.%202010.pdf?sequence=1&amp;isAllowed=y\"><img loading=\"lazy\" decoding=\"async\" class=\"alignleft wp-image-5732\" src=\"http:\/\/deptofilosofia.paginas.ufsc.br\/files\/2021\/10\/Darlei-DallAgnol-Delamar-Jos\u00e9-Volpato-Dutra-Marco-Antonio-Franciotti-Fundamentos-Filos\u00f3ficos-Educa\u00e7\u00e3o-2a-ed.-2010.jpg\" alt=\"\" width=\"100\" height=\"134\" \/><\/a><span style=\"color: #008080;\"><strong><a style=\"color: #008080;\" href=\"https:\/\/repositorio.ufsc.br\/bitstream\/handle\/123456789\/230391\/Darlei%20Dall%27Agnol%2c%20Delamar%20Jos%c3%a9%20Volpato%20Dutra%2c%20Marco%20Antonio%20Franciotti%20-%20Fundamentos%20Filos%c3%b3ficos%20Educa%c3%a7%c3%a3o%2c%202a%20ed.%202010.pdf?sequence=1&amp;isAllowed=y\">Fundamentos Filos\u00f3ficos Educa\u00e7\u00e3o<\/a><\/strong><\/span><\/p>\n<p><a href=\"https:\/\/fil.cfh.ufsc.br\/darlei-dallagnol\/\">Darlei Dall&#8217;Agnol<\/a>, <a href=\"https:\/\/fil.cfh.ufsc.br\/delamar-jose-volpato-dutra\/\">Delamar Jos\u00e9 Volpato Dutra<\/a>, <a href=\"https:\/\/fil.cfh.ufsc.br\/marco-antonio-franciotti\/\">Marco Antonio Franciotti<\/a>.<\/p>\n<p>Florian\u00f3polis : UFSC\/EAD\/CED\/CFM, 2a ed. 2010<\/p>\n<p>ISBN 978-85-99379-70-7<\/p>\n<hr \/>\n<p><a href=\"https:\/\/repositorio.ufsc.br\/bitstream\/handle\/123456789\/230388\/Claudia%20Pellegrini%20Drucker%20-%20Est%c3%a9tica%2c%202009.pdf?sequence=1&amp;isAllowed=y\"><img loading=\"lazy\" decoding=\"async\" class=\"alignleft wp-image-5711\" src=\"http:\/\/deptofilosofia.paginas.ufsc.br\/files\/2021\/10\/Claudia-Pellegrini-Drucker-Est\u00e9tica-2009.jpg\" alt=\"\" width=\"100\" height=\"135\" \/><\/a><strong><span style=\"color: #008080;\"><a style=\"color: #008080;\" href=\"https:\/\/repositorio.ufsc.br\/bitstream\/handle\/123456789\/230388\/Claudia%20Pellegrini%20Drucker%20-%20Est%c3%a9tica%2c%202009.pdf?sequence=1&amp;isAllowed=y\">Est\u00e9tica<\/a><\/span><\/strong><\/p>\n<p><a href=\"https:\/\/fil.cfh.ufsc.br\/claudia-pellegrini-drucker\/\">Claudia Pellegrini Drucker<\/a><\/p>\n<p>1. ed. Florian\u00f3polis: EAD\/UFSC, 2009<\/p>\n<p>ISBN 978-85-61484-09-5<\/p>\n<hr \/>\n<p><a href=\"https:\/\/repositorio.ufsc.br\/bitstream\/handle\/123456789\/230399\/Cezar%20Mortari%20-%20L%c3%b3gica%20III%2c%202011.pdf?sequence=1&amp;isAllowed=y\"><img loading=\"lazy\" decoding=\"async\" class=\"alignleft wp-image-5707\" src=\"http:\/\/deptofilosofia.paginas.ufsc.br\/files\/2021\/10\/Cezar-Mortari-L\u00f3gica-III-2011.jpg\" alt=\"\" width=\"100\" height=\"133\" \/><\/a><span style=\"color: #008080;\"><strong><a style=\"color: #008080;\" href=\"https:\/\/repositorio.ufsc.br\/bitstream\/handle\/123456789\/230399\/Cezar%20Mortari%20-%20L%c3%b3gica%20III%2c%202011.pdf?sequence=1&amp;isAllowed=y\">L\u00f3gica III<\/a><\/strong><\/span><\/p>\n<p><a href=\"https:\/\/fil.cfh.ufsc.br\/cezar-augusto-mortari\/\">Cezar Augusto Mortari<\/a><\/p>\n<p>1. ed. Florian\u00f3polis: EAD\/UFSC,<\/p>\n<p>2011.<\/p>\n<hr \/>\n<p><a href=\"https:\/\/repositorio.ufsc.br\/bitstream\/handle\/123456789\/230402\/Luiz%20Hebeche%20-%20Curso%20sobre%20Contribui%c3%a7%c3%b5es%20%c3%a0%20Filosofia%20%28O%20acontecimento-apropriador%29%20de%20Martin%20Heidegger%2c%202014.pdf?sequence=1&amp;isAllowed=y\"><img loading=\"lazy\" decoding=\"async\" class=\"alignleft wp-image-5735\" src=\"http:\/\/deptofilosofia.paginas.ufsc.br\/files\/2021\/10\/Luiz-Hebeche-Curso-sobre-Contribui\u00e7\u00f5es-\u00e0-Filosofia-O-acontecimento-apropriador-de-Martin-Heidegger-2014.jpg\" alt=\"\" width=\"100\" height=\"134\" \/><\/a>\u00a0<span style=\"color: #008080;\"><strong><a style=\"color: #008080;\" href=\"https:\/\/repositorio.ufsc.br\/bitstream\/handle\/123456789\/230402\/Luiz%20Hebeche%20-%20Curso%20sobre%20Contribui%c3%a7%c3%b5es%20%c3%a0%20Filosofia%20%28O%20acontecimento-apropriador%29%20de%20Martin%20Heidegger%2c%202014.pdf?sequence=1&amp;isAllowed=y\">Curso sobre Contribui\u00e7\u00f5es \u00e0 Filosofia (O acontecimento-apropriador) de Martin Heidegger<\/a><\/strong><\/span><\/p>\n<p><a href=\"https:\/\/fil.cfh.ufsc.br\/luiz-alberto-hebeche\/\">Luiz Hebeche<\/a><\/p>\n<p>1. ed. Florian\u00f3polis: EAD\/UFSC, 2014<\/p>\n<p>ISBN: 978-85-61484-38-5<\/p>\n<hr \/>\n<p><a href=\"https:\/\/repositorio.ufsc.br\/bitstream\/handle\/123456789\/230407\/Cleber%20Duarte%20Coelho%20-%20Est%c3%a1gio%20supervisionado%20de%20ensino%20de%20Filosofia%2c%202015.pdf?sequence=2&amp;isAllowed=y\"><img loading=\"lazy\" decoding=\"async\" class=\"alignleft wp-image-5741\" src=\"http:\/\/deptofilosofia.paginas.ufsc.br\/files\/2021\/10\/Cleber-Duarte-Coelho-Est\u00e1gio-Supervisionado-de-Ensino-de-Filosofia-2015.jpg\" alt=\"\" width=\"100\" height=\"133\" \/><strong><span style=\"color: #008080;\">Est\u00e1gio supervisionado de ensino de Filosofia<\/span><\/strong><\/a><\/p>\n<p>Cleber Duarte Coelho<\/p>\n<p>1. ed. Florian\u00f3polis: EAD\/UFSC, 2015<\/p>\n<p>ISBN: 978-85-61484-44-6<\/p>\n<hr \/>\n<p><a href=\"https:\/\/repositorio.ufsc.br\/bitstream\/handle\/123456789\/230409\/Neide%20Arrias%20Bittencourt%2c%20L%c3%bacia%20Schneider%20Hardt%20-%20Did%c3%a1tica%20Geral%2c%202010.pdf?sequence=1&amp;isAllowed=y\"><img loading=\"lazy\" decoding=\"async\" class=\"alignleft wp-image-5751\" src=\"http:\/\/deptofilosofia.paginas.ufsc.br\/files\/2021\/10\/Neide-Arrias-Bittencourt-L\u00facia-Schneider-Hardt-Did\u00e1tica-Geral-2010.jpg\" alt=\"\" width=\"100\" height=\"133\" \/><\/a><strong><span style=\"color: #008080;\"><a style=\"color: #008080;\" href=\"https:\/\/repositorio.ufsc.br\/bitstream\/handle\/123456789\/230409\/Neide%20Arrias%20Bittencourt%2c%20L%c3%bacia%20Schneider%20Hardt%20-%20Did%c3%a1tica%20Geral%2c%202010.pdf?sequence=1&amp;isAllowed=y\">Did\u00e1tica Geral<\/a><\/span><\/strong><\/p>\n<p>Neide Arrias Bittencourt, L\u00facia Schneider Hardt &#8211; Did\u00e1tica Geral,<\/p>\n<p>1. ed. Florian\u00f3polis: EAD\/UFSC, 2010<\/p>\n<p>ISBN:978-85-61484-15-6<\/p>\n<hr \/>\n<p><a href=\"https:\/\/repositorio.ufsc.br\/bitstream\/handle\/123456789\/230414\/Joselma%20Tavares%20Frutuoso%2c%20Ariane%20Kuhnen%2c%20Lecila%20Duarte%20Barbosa%20Oliveira%20-%20Psicologia%20Educacional%2c%202010.pdf?sequence=1&amp;isAllowed=y\"><img loading=\"lazy\" decoding=\"async\" class=\"alignleft wp-image-5760\" src=\"http:\/\/deptofilosofia.paginas.ufsc.br\/files\/2021\/10\/Joselma-Tavares-Frutuoso-Ariane-Kuhnen-Lecila-Duarte-Barbosa-Oliveira-Psicologia-Educacional-2010.jpg\" alt=\"\" width=\"100\" height=\"135\" \/><\/a><a href=\"https:\/\/repositorio.ufsc.br\/bitstream\/handle\/123456789\/230414\/Joselma%20Tavares%20Frutuoso%2c%20Ariane%20Kuhnen%2c%20Lecila%20Duarte%20Barbosa%20Oliveira%20-%20Psicologia%20Educacional%2c%202010.pdf?sequence=1&amp;isAllowed=y\"><span style=\"color: #008080;\"><strong>Psicologia Educacional<\/strong><\/span><\/a><\/p>\n<p>Joselma Tavares Frutuoso, Ariane Kuhnen,<\/p>\n<p>Lecila Duarte Barbosa Oliveira<\/p>\n<p>1. ed. Florian\u00f3polis: EAD\/UFSC, 2010<\/p>\n<hr \/>\n<p><a href=\"https:\/\/repositorio.ufsc.br\/bitstream\/handle\/123456789\/230411\/Terezinha%20Maria%20Cardoso%2c%20Ana%20Maria%20B.%20de%20Souza%2c%20Roseli%20Zen%20Cerny%20-%20Organiza%c3%a7%c3%a3o%20Escolar%2c%202010.pdf?sequence=1&amp;isAllowed=y\"><img loading=\"lazy\" decoding=\"async\" class=\"alignleft wp-image-5758\" src=\"http:\/\/deptofilosofia.paginas.ufsc.br\/files\/2021\/10\/Terezinha-Maria-Cardoso-Ana-Maria-B.-de-Souza-Roseli-Zen-Cerny-Organiza\u00e7\u00e3o-Escolar-2010.jpg\" alt=\"\" width=\"100\" height=\"137\" \/><\/a><span style=\"color: #008080;\"><a style=\"color: #008080;\" href=\"https:\/\/repositorio.ufsc.br\/bitstream\/handle\/123456789\/230411\/Terezinha%20Maria%20Cardoso%2c%20Ana%20Maria%20B.%20de%20Souza%2c%20Roseli%20Zen%20Cerny%20-%20Organiza%c3%a7%c3%a3o%20Escolar%2c%202010.pdf?sequence=1&amp;isAllowed=y\"><strong>Organiza\u00e7\u00e3o Escolar<\/strong><\/a><\/span><\/p>\n<p>Terezinha Maria Cardoso, Ana Maria B. de Souza, Roseli Zen Cerny<\/p>\n<p>1. ed. Florian\u00f3polis: EAD\/UFSC, 2010<\/p>\n<hr \/>\n<p><a href=\"https:\/\/repositorio.ufsc.br\/bitstream\/handle\/123456789\/230415\/Aracy%20Hacky%20Catapan%2c%20Elisa%20Maria%20Quartiero%2c%20Nilza%20Godoy%20Gomes%20e%20Roseli%20Zen%20Cerny%20-%20Introdu%c3%a7%c3%a3o%20%c3%a0%20Educa%c3%a7%c3%a3o%20a%20dist%c3%a2ncia%2c%202008.pdf?sequence=1&amp;isAllowed=y\"><img loading=\"lazy\" decoding=\"async\" class=\"alignleft wp-image-5765\" src=\"http:\/\/deptofilosofia.paginas.ufsc.br\/files\/2021\/10\/Aracy-Hacky-Catapan-Elisa-Maria-Quartiero-Nilza-Godoy-Gomes-e-Roseli-Zen-Cerny-Introdu\u00e7\u00e3o-\u00e0-Educa\u00e7\u00e3o-a-dist\u00e2ncia-2008.jpg\" alt=\"\" width=\"100\" height=\"134\" \/><\/a><span style=\"color: #008080;\"><strong><a style=\"color: #008080;\" href=\"https:\/\/repositorio.ufsc.br\/bitstream\/handle\/123456789\/230415\/Aracy%20Hacky%20Catapan%2c%20Elisa%20Maria%20Quartiero%2c%20Nilza%20Godoy%20Gomes%20e%20Roseli%20Zen%20Cerny%20-%20Introdu%c3%a7%c3%a3o%20%c3%a0%20Educa%c3%a7%c3%a3o%20a%20dist%c3%a2ncia%2c%202008.pdf?sequence=1&amp;isAllowed=y\">Introdu\u00e7\u00e3o a Educa\u00e7\u00e3o a dist\u00e2ncia<\/a><\/strong><\/span><\/p>\n<p>Aracy Hacky Catapan, Elisa Maria Quartiero, Nilza Godoy Gomes e Roseli Zen Cerny<\/p>\n<p>1. ed. Florian\u00f3polis: EAD\/UFSC, 2008.<\/p>\n<hr \/>\n<p><a href=\"https:\/\/repositorio.ufsc.br\/bitstream\/handle\/123456789\/230405\/Selvino%20Jos%c3%a9%20Assmann%20-%20Filosofia%20e%20%c3%89tica%2c%202012.pdf?sequence=1&amp;isAllowed=y\"><img loading=\"lazy\" decoding=\"async\" class=\"alignleft wp-image-5739\" src=\"http:\/\/deptofilosofia.paginas.ufsc.br\/files\/2021\/10\/Selvino-Jos\u00e9-Assmann-Filosofia-e-\u00c9tica-2012.jpg\" alt=\"\" width=\"100\" height=\"131\" \/><strong><span style=\"color: #008080;\">Filosofia e \u00c9tica<\/span><\/strong><\/a><\/p>\n<p><a href=\"https:\/\/fil.cfh.ufsc.br\/selvino-jose-assmann\/\">Selvino Jos\u00e9 Assmann<\/a><\/p>\n<p>1\u00aa edi\u00e7\u00e3o \u2013 2009, 2a reimpress\u00e3o 2012<\/p>\n<p>ISBN: 978-85-61608-74-3<\/p>\n<hr \/>\n<p><strong><span style=\"color: #008080;\"><a href=\"https:\/\/repositorio.ufsc.br\/bitstream\/handle\/123456789\/230435\/Selvino%20Jos%c3%a9%20Assmann%20-%20Filosofia%2c%202014.pdf?sequence=1&amp;isAllowed=y\"><img loading=\"lazy\" decoding=\"async\" class=\"alignleft wp-image-5769\" src=\"http:\/\/deptofilosofia.paginas.ufsc.br\/files\/2021\/10\/Capa-Indispon\u00edvel.jpg\" alt=\"\" width=\"100\" height=\"135\" \/><\/a><\/span><\/strong><a href=\"https:\/\/repositorio.ufsc.br\/bitstream\/handle\/123456789\/230435\/Selvino%20Jos%c3%a9%20Assmann%20-%20Filosofia%2c%202014.pdf?sequence=1&amp;isAllowed=y\"><strong><span style=\"color: #008080;\">Filosofia<\/span><\/strong><\/a><\/p>\n<p><a href=\"https:\/\/fil.cfh.ufsc.br\/selvino-jose-assmann\/\">Selvino Jos\u00e9 Assmann<\/a><\/p>\n<p>1\u00aa edi\u00e7\u00e3o \u2013 2008, 3a edi\u00e7\u00e3o 2014<\/p>\n<p>ISBN: 978-85-7988-115-2<\/p>\n<p>ISBN: 978-85-61608-74-3<\/p>\n<hr \/>\n<p><strong><a href=\"https:\/\/repositorio.ufsc.br\/bitstream\/handle\/123456789\/230435\/Selvino%20Jos%c3%a9%20Assmann%20-%20Filosofia%2c%202014.pdf?sequence=1&amp;isAllowed=y\"><img loading=\"lazy\" decoding=\"async\" class=\"alignleft wp-image-5769\" src=\"http:\/\/deptofilosofia.paginas.ufsc.br\/files\/2021\/10\/Capa-Indispon\u00edvel.jpg\" alt=\"\" width=\"100\" height=\"135\" \/><\/a><a href=\"http:\/\/www.nefipo.ufsc.br\/files\/2012\/11\/%C3%89tica-HFM-ebook.pdf\">\u00c9tica<\/a><\/strong><\/p>\n<p><!-- \/divi:post-content --><\/p>\n<p>&nbsp;<\/p>\n<p><!-- divi:paragraph --><\/p>\n<p>Darlei Dall&#8217;Agnol.<\/p>\n<p><!-- \/divi:paragraph --><\/p>\n<p>&nbsp;<\/p>\n<p><!-- divi:paragraph --><\/p>\n<p>Florian\u00f3polis: EaD\/NefipOnline, 2024.<\/p>\n<p><!-- \/divi:paragraph --><\/p>\n<p>&nbsp;<\/p>\n<p><!-- divi:paragraph --><\/p>\n<p>ISBN: 978-65-994761-8-1<\/p>\n<p><!-- \/divi:paragraph --><\/p>\n<hr \/>\n<hr \/>\n<p><a href=\"http:\/\/www.nefipo.ufsc.br\/files\/2012\/11\/%C3%89tica-HFM-ebook.pdf\"><img loading=\"lazy\" decoding=\"async\" class=\"alignleft wp-image-7023\" src=\"http:\/\/deptofilosofia.paginas.ufsc.br\/files\/2021\/10\/capa-livro-Darlei-DallAgnol-\u00c9tica.jpg\" alt=\"\" width=\"100\" height=\"143\" \/><\/a><strong><a href=\"http:\/\/www.nefipo.ufsc.br\/files\/2012\/11\/%C3%89tica-HFM-ebook.pdf\">\u00c9tica<\/a><\/strong><\/p>\n<p><!-- \/divi:paragraph --><!-- divi:paragraph --><\/p>\n<p>Darlei Dall&#8217;Agnol.<\/p>\n<p><!-- \/divi:paragraph --><!-- divi:paragraph --><\/p>\n<p>Florian\u00f3polis: EaD\/NefipOnline, 2024.<\/p>\n<p><!-- \/divi:paragraph --><!-- divi:paragraph --><\/p>\n<p>ISBN: 978-65-994761-8-1<\/p>\n<hr \/>\n<hr \/>\n<p><a href=\"https:\/\/repositorio.ufsc.br\/bitstream\/handle\/123456789\/259634\/Nazareno%20Eduardo%20de%20Almeida%20-%20A%20origem%20da%20ontologia%20na%20metaf%c3%adsica%20grega%2c%202024.pdf?sequence=1&amp;isAllowed=y\"><img loading=\"lazy\" decoding=\"async\" class=\"alignleft wp-image-7169\" src=\"http:\/\/deptofilosofia.paginas.ufsc.br\/files\/2024\/09\/Capa-livro-Nazareno2024.png\" alt=\"\" width=\"110\" height=\"149\" \/><\/a><a href=\"https:\/\/repositorio.ufsc.br\/bitstream\/handle\/123456789\/259634\/Nazareno%20Eduardo%20de%20Almeida%20-%20A%20origem%20da%20ontologia%20na%20metaf%c3%adsica%20grega%2c%202024.pdf?sequence=1&amp;isAllowed=y\"><strong>A origem da ontologia na metaf\u00edsica grega<\/strong><\/a><\/p>\n<p><a href=\"https:\/\/fil.cfh.ufsc.br\/nazareno-eduardo-de-almeida\/\">Nazareno Eduardo de Almeida<\/a><\/p>\n<p>Licenciatura \u00e0 Dist\u00e2ncia Filosofia\/EAD\/UFSC<\/p>\n<p>ISBN: 978-85-8328-278-5<\/p>\n<hr \/>\n<p>[\/et_pb_text][\/et_pb_column][\/et_pb_row][\/et_pb_section]<\/p>\n","protected":false},"excerpt":{"rendered":"<p>P\u00e1gina de publica\u00e7\u00f5es no Internet Archive Hist\u00f3ria da Filosofia I Lu\u00eds Felipe Bellintani Ribeiro Filosofia\/EAD\/UFSC, 2008 ISBN: 978-85-61484-02-6 Hist\u00f3ria da Filosofia II Delamar Volpato Dutra &amp;\u00a0 Luiz Hebeche Filosofia\/EAD\/UFSC, 2008 ISBN 978-85-61484-07-1 Hist\u00f3ria da Filosofia III Marco Antonio Franciotti. 1. ed. Florian\u00f3polis: EAD\/UFSC, 2008. v. 1. 203p . ISBN 978-85-61484-10-1 Hist\u00f3ria da Filosofia IV Selvino [&hellip;]<\/p>\n","protected":false},"author":2,"featured_media":0,"parent":0,"menu_order":0,"comment_status":"closed","ping_status":"open","template":"","meta":{"_et_pb_use_builder":"on","_et_pb_old_content":"<img class=\"size-medium wp-image-756 aligncenter\" src=\"http:\/\/uab.ufsc.br\/ead\/filosofia\/wp-content\/uploads\/2023\/09\/logo-livros-300x300.png\" alt=\"\" width=\"300\" height=\"300\" \/>\n<h2 style=\"text-align: center;\"><strong>P\u00e1gina de publica\u00e7\u00f5es no Internet Archive<\/strong><\/h2>\n\n<hr \/>\n\n<a href=\"https:\/\/repositorio.ufsc.br\/bitstream\/handle\/123456789\/230382\/Lu%c3%ads%20Felipe%20Bellintani%20Ribeiro%20-%20Hist%c3%b3ria%20da%20Filosofia%20I%2c%202008.pdf?sequence=1&amp;isAllowed=y\"><img class=\"alignleft wp-image-5705\" src=\"http:\/\/deptofilosofia.paginas.ufsc.br\/files\/2021\/10\/Lu\u00eds-Felipe-Bellintani-Ribeiro-Hist\u00f3ria-da-Filosofia-I-2008.jpg\" alt=\"\" width=\"100\" height=\"135\" \/><span style=\"color: #008080;\"><strong>Hist\u00f3ria da Filosofia I<\/strong><\/span><\/a>\n\n<a href=\"https:\/\/fil.cfh.ufsc.br\/luis-felipe-bellintani-ribeiro\/\">Lu\u00eds Felipe Bellintani Ribeiro<\/a>\n\nFilosofia\/EAD\/UFSC, 2008\n\nISBN: 978-85-61484-02-6\n\n<hr \/>\n\n<img class=\"alignleft wp-image-5642\" src=\"http:\/\/deptofilosofia.paginas.ufsc.br\/files\/2021\/10\/Delamar-Volpato-Dutra-Luiz-Hebeche-Hist\u00f3ria-da-Filosofia-II-2008.jpg\" alt=\"\" width=\"100\" height=\"134\" \/><strong><span style=\"color: #008080;\">Hist\u00f3ria da Filosofia<\/span><\/strong><strong><span style=\"color: #008080;\"> II<\/span><\/strong>\n\n<a href=\"https:\/\/fil.cfh.ufsc.br\/delamar-jose-volpato-dutra\/\">Delamar Volpato Dutra<\/a> &amp;\u00a0 <a href=\"https:\/\/fil.cfh.ufsc.br\/luiz-alberto-hebeche\/\">Luiz Hebeche<\/a>\n\nFilosofia\/EAD\/UFSC, 2008\n\nISBN 978-85-61484-07-1\n\n<hr \/>\n\n<a href=\"https:\/\/repositorio.ufsc.br\/bitstream\/handle\/123456789\/229972\/Marco%20Antonio%20Franciotti%20-%20Hist%c3%b3ria%20da%20Filosofia%20III.pdf?sequence=1&amp;isAllowed=y\"><img class=\"alignleft wp-image-5634\" src=\"http:\/\/deptofilosofia.paginas.ufsc.br\/files\/2013\/03\/Marco-Antonio-Franciotti-Hist\u00f3ria-da-Filosofia-III.jpg\" alt=\"\" width=\"100\" height=\"133\" \/><\/a> <span style=\"color: #008080;\"><strong><a style=\"color: #008080;\" href=\"https:\/\/repositorio.ufsc.br\/bitstream\/handle\/123456789\/229972\/Marco%20Antonio%20Franciotti%20-%20Hist%c3%b3ria%20da%20Filosofia%20III.pdf?sequence=1&amp;isAllowed=y\">Hist\u00f3ria da Filosofia III<\/a><\/strong><\/span>\n\n<a href=\"https:\/\/fil.cfh.ufsc.br\/marco-antonio-franciotti\/\">Marco Antonio Franciotti<\/a>.\n\n1. ed. Florian\u00f3polis: EAD\/UFSC, 2008. v. 1. 203p .\n\nISBN 978-85-61484-10-1\n\n<hr \/>\n\n<a href=\"https:\/\/repositorio.ufsc.br\/bitstream\/handle\/123456789\/230383\/Selvino%20Jos%c3%a9%20Assmann%2c%20Delamar%20Jos%c3%a9%20Volpato%20Dutra%2c%20Luiz%20Hebeche%20-%20Hist%c3%b3ria%20da%20Filosofia%20IV%2c%202009.pdf?sequence=1&amp;isAllowed=y\"><img class=\"alignleft wp-image-5703\" src=\"http:\/\/deptofilosofia.paginas.ufsc.br\/files\/2021\/10\/Selvino-Jos\u00e9-Assmann-Delamar-Jos\u00e9-Volpato-Dutra-Luiz-Hebeche-Hist\u00f3ria-da-Filosofia-IV-2009.jpg\" alt=\"\" width=\"100\" height=\"133\" \/><\/a><span style=\"color: #008080;\"><strong><a style=\"color: #008080;\" href=\"https:\/\/repositorio.ufsc.br\/bitstream\/handle\/123456789\/230383\/Selvino%20Jos%c3%a9%20Assmann%2c%20Delamar%20Jos%c3%a9%20Volpato%20Dutra%2c%20Luiz%20Hebeche%20-%20Hist%c3%b3ria%20da%20Filosofia%20IV%2c%202009.pdf?sequence=1&amp;isAllowed=y\">Hist\u00f3ria da Filosofia IV<\/a><\/strong><\/span>\n\n<a href=\"https:\/\/fil.cfh.ufsc.br\/selvino-jose-assmann\/\">Selvino Jos\u00e9 Assmann<\/a>, <a href=\"https:\/\/fil.cfh.ufsc.br\/delamar-jose-volpato-dutra\/\">Delamar Jos\u00e9 Volpato Dutra<\/a>, <a href=\"https:\/\/fil.cfh.ufsc.br\/luiz-alberto-hebeche\/\">Luiz Hebeche <\/a>\n\n1. ed. Florian\u00f3polis: EAD\/UFSC, 2009.\n\nISBN 978-85-61484-11-8\n\n<hr \/>\n\n<a href=\"https:\/\/repositorio.ufsc.br\/bitstream\/handle\/123456789\/230385\/Selvino%20Jos%c3%a9%20Asssmann%2c%20Delamar%20Volpato%20Dutra%20-%20Filosofia%20Pol%c3%adtica%20I%2c%202008.pdf?sequence=1&amp;isAllowed=y\"><img class=\"alignleft wp-image-5717\" src=\"http:\/\/deptofilosofia.paginas.ufsc.br\/files\/2021\/10\/Selvino-Jos\u00e9-Asssmann-Delamar-Volpato-Dutra-Filosofia-Pol\u00edtica-I-2008.jpg\" alt=\"\" width=\"100\" height=\"133\" \/><\/a><span style=\"color: #008080;\"><strong><a style=\"color: #008080;\" href=\"https:\/\/repositorio.ufsc.br\/bitstream\/handle\/123456789\/230385\/Selvino%20Jos%c3%a9%20Asssmann%2c%20Delamar%20Volpato%20Dutra%20-%20Filosofia%20Pol%c3%adtica%20I%2c%202008.pdf?sequence=1&amp;isAllowed=y\">Filosofia Pol\u00edtica I<\/a><\/strong><\/span>\n\n<a href=\"https:\/\/fil.cfh.ufsc.br\/selvino-jose-assmann\/\">Selvino Jos\u00e9 Assmann<\/a>;\u00a0 <a href=\"https:\/\/fil.cfh.ufsc.br\/delamar-jose-volpato-dutra\/\">Delamar Jos\u00e9 Volpato Dutra<\/a>\n\n1. ed. Florian\u00f3polis: EAD\/UFSC, 2008\n\nISBN 978-85-61484-05-7\n\n<hr \/>\n\n<a href=\"https:\/\/repositorio.ufsc.br\/bitstream\/handle\/123456789\/230386\/Alessandro%20Pinzani%20-%20Filosofia%20Pol%c3%adtica%20II%2c%202009.pdf?sequence=1&amp;isAllowed=y\"><img class=\"alignleft wp-image-5719\" src=\"http:\/\/deptofilosofia.paginas.ufsc.br\/files\/2021\/10\/Alessandro-Pinzani-Filosofia-Pol\u00edtica-II-2009.jpg\" alt=\"\" width=\"100\" height=\"134\" \/><\/a><span style=\"color: #008080;\"><strong><a style=\"color: #008080;\" href=\"https:\/\/repositorio.ufsc.br\/bitstream\/handle\/123456789\/230386\/Alessandro%20Pinzani%20-%20Filosofia%20Pol%c3%adtica%20II%2c%202009.pdf?sequence=1&amp;isAllowed=y\">Filosofia Pol\u00edtica II<\/a><\/strong><\/span>\n\n<a href=\"https:\/\/fil.cfh.ufsc.br\/alessandro-pinzani\/\">Alessandro Pinzani<\/a>\n\n1. ed. Florian\u00f3polis: EAD\/UFSC, 2009\n\nISBN 978-85-61484-08-8\n\n<hr \/>\n\n<a href=\"https:\/\/repositorio.ufsc.br\/bitstream\/handle\/123456789\/230387\/Alessandro%20Pinzani%20-%20Filosofia%20Pol%c3%adtica%20III%2c%202011.pdf?sequence=1&amp;isAllowed=y\"><img class=\"alignleft wp-image-5721\" src=\"http:\/\/deptofilosofia.paginas.ufsc.br\/files\/2021\/10\/Alessandro-Pinzani-Filosofia-Pol\u00edtica-III-2011.jpg\" alt=\"\" width=\"100\" height=\"133\" \/><\/a>\u00a0<span style=\"color: #008080;\"><strong><a style=\"color: #008080;\" href=\"https:\/\/repositorio.ufsc.br\/bitstream\/handle\/123456789\/230387\/Alessandro%20Pinzani%20-%20Filosofia%20Pol%c3%adtica%20III%2c%202011.pdf?sequence=1&amp;isAllowed=y\">Filosofia Pol\u00edtica III<\/a><\/strong><\/span>\n\n<a href=\"https:\/\/fil.cfh.ufsc.br\/alessandro-pinzani\/\">Alessandro Pinzani<\/a>\n\n1. ed. Florian\u00f3polis: EAD\/UFSC,\n\n2011\n\n<hr \/>\n\n<a href=\"https:\/\/repositorio.ufsc.br\/bitstream\/handle\/123456789\/229571\/Alberto%20Cupani%20-%20Filosofia%20da%20Ci%c3%aancia.pdf?sequence=1&amp;isAllowed=y\"><img class=\"alignleft wp-image-4591\" src=\"http:\/\/deptofilosofia.paginas.ufsc.br\/files\/2013\/03\/Alberto-Cupani-Filosofia-da-ci\u00eancia-2009.jpg\" alt=\"\" width=\"100\" height=\"132\" \/><\/a><a href=\"https:\/\/repositorio.ufsc.br\/bitstream\/handle\/123456789\/229571\/Alberto%20Cupani%20-%20Filosofia%20da%20Ci%c3%aancia.pdf?sequence=1&amp;isAllowed=y\"><span style=\"color: #008080;\"><strong>Filosofia da Ci\u00eancia<\/strong><\/span><\/a>\n\n<a href=\"https:\/\/fil.cfh.ufsc.br\/prof-dr-alberto-oscar-cupani\/\">Alberto Cupani<\/a>\n\n1. ed. Florian\u00f3polis:\u00a0 Editora da UFSC, 2009.\n\nv. 1. 205p .\n\n<hr \/>\n\n<div><a href=\"https:\/\/repositorio.ufsc.br\/bitstream\/handle\/123456789\/230410\/Alberto%20Cupani%20-%20Filosofia%20da%20%20Ci%c3%aancia%20II%20-%20Filosofia%20da%20Hist%c3%b3ria%2c%202010.pdf?sequence=1&amp;isAllowed=y\"><img class=\"alignleft wp-image-4622\" src=\"http:\/\/deptofilosofia.paginas.ufsc.br\/files\/2013\/03\/Alberto-Cupani-Filosofia-da-Ci\u00eancia-II.jpg\" alt=\"\" width=\"100\" height=\"136\" \/><\/a><span style=\"color: #008080;\"><strong><a style=\"color: #008080;\" href=\"https:\/\/repositorio.ufsc.br\/bitstream\/handle\/123456789\/230410\/Alberto%20Cupani%20-%20Filosofia%20da%20%20Ci%c3%aancia%20II%20-%20Filosofia%20da%20Hist%c3%b3ria%2c%202010.pdf?sequence=1&amp;isAllowed=y\">Filosofia da Ci\u00eancia II <\/a><\/strong><\/span><\/div>\n<a href=\"https:\/\/fil.cfh.ufsc.br\/prof-dr-alberto-oscar-cupani\/\">Alberto Cupani<\/a>\n\n1. ed. Florian\u00f3polis: Editora da UFSC, 2010.\n\nVolume \u00fanico. 161p .\n\n<hr \/>\n\n<a href=\"https:\/\/repositorio.ufsc.br\/bitstream\/handle\/123456789\/229591\/Celso%20R.%20Braida%20-%20Filosofia%20da%20Linguagem%20I.pdf?sequence=1&amp;isAllowed=y\"><img class=\"alignleft wp-image-5597\" src=\"http:\/\/deptofilosofia.paginas.ufsc.br\/files\/2013\/03\/Celso-R.-Braida-Filosofia-da-Linguagem.jpg\" alt=\"\" width=\"100\" height=\"133\" \/><span style=\"color: #008080;\"><strong>Filosofia da Linguagem<\/strong><\/span><\/a>\n\n<a href=\"https:\/\/fil.cfh.ufsc.br\/celso-reni-braida\/\">Celso Reni Braida<\/a>\n\nFilosofia\/EAD\/UFSC, 2009\n\nISBN:978-85-61484-12-5\n\n<hr \/>\n\n<a href=\"https:\/\/repositorio.ufsc.br\/bitstream\/handle\/123456789\/230426\/Jair%20Barboza%20-%20Filosofia%20da%20Linguagem%20II%2c%202011.pdf?sequence=1&amp;isAllowed=y\"><img class=\"alignleft wp-image-5769\" src=\"http:\/\/deptofilosofia.paginas.ufsc.br\/files\/2021\/10\/Capa-Indispon\u00edvel.jpg\" alt=\"\" width=\"100\" height=\"135\" \/><\/a><span style=\"color: #008080;\"><strong><a style=\"color: #008080;\" href=\"https:\/\/repositorio.ufsc.br\/bitstream\/handle\/123456789\/230426\/Jair%20Barboza%20-%20Filosofia%20da%20Linguagem%20II%2c%202011.pdf?sequence=1&amp;isAllowed=y\">Filosofia da Linguagem II<\/a><\/strong><\/span>\n\nJair Barboza\n\nFilosofia\/EAD\/UFSC, 2011\n\n<hr \/>\n\n<a href=\"https:\/\/repositorio.ufsc.br\/bitstream\/handle\/123456789\/230396\/Luiz%20Hebeche%20-%20Ontologia%20I%2c%202012.pdf?sequence=1&amp;isAllowed=y\"><img class=\"alignleft wp-image-5723\" src=\"http:\/\/deptofilosofia.paginas.ufsc.br\/files\/2021\/10\/Luiz-Hebeche-Ontologia-I-2012.jpg\" alt=\"\" width=\"100\" height=\"133\" \/><\/a><span style=\"color: #008080;\"><strong><a style=\"color: #008080;\" href=\"https:\/\/repositorio.ufsc.br\/bitstream\/handle\/123456789\/230396\/Luiz%20Hebeche%20-%20Ontologia%20I%2c%202012.pdf?sequence=1&amp;isAllowed=y\">Ontologia I<\/a><\/strong><\/span>\n\n<a href=\"https:\/\/fil.cfh.ufsc.br\/luiz-alberto-hebeche\/\">Luiz Hebeche<\/a>\n\n1. ed. Florian\u00f3polis: EAD\/Filosofia\/UFSC, 2012\n\nISBN: 978-85-61484-24-8\n\n<hr \/>\n\n<a href=\"https:\/\/repositorio.ufsc.br\/bitstream\/handle\/123456789\/230384\/Celso%20R.%20Braida%2c%20D%c3%a9cio%20Krause%20-%20Ontologia%20II%2c%202008.pdf?sequence=4&amp;isAllowed=y\"><img class=\"alignleft wp-image-5726\" src=\"http:\/\/deptofilosofia.paginas.ufsc.br\/files\/2021\/10\/Celso-R.-Braida-D\u00e9cio-Krause-Ontologia-II-2008.jpg\" alt=\"\" width=\"100\" height=\"133\" \/><\/a><span style=\"color: #008080;\"><strong><a style=\"color: #008080;\" href=\"https:\/\/repositorio.ufsc.br\/bitstream\/handle\/123456789\/230384\/Celso%20R.%20Braida%2c%20D%c3%a9cio%20Krause%20-%20Ontologia%20II%2c%202008.pdf?sequence=4&amp;isAllowed=y\">Ontologia II<\/a><\/strong><\/span>\n\n<a href=\"https:\/\/fil.cfh.ufsc.br\/celso-reni-braida\/\">Celso Reni Braida<\/a>\u00a0 e <a href=\"https:\/\/fil.cfh.ufsc.br\/decio-krause\/\">D\u00e9cio Krause<\/a>\n\n1. ed. Florian\u00f3polis: EAD\/Filosofia\/UFSC, 2008.\n\nISBN 978-85-61484-06-4\n\n<hr \/>\n\n<a href=\"https:\/\/repositorio.ufsc.br\/bitstream\/handle\/123456789\/230408\/Celso%20R.%20Braida%2c%20D%c3%a9bora%20Pazetto%20Ferreira%2c%20Michelle%20C.%20Olsen%20e%20Emmanuelli%20S.%20Padilha%20-%20Ontologia%20III%2c%202010.pdf?sequence=1&amp;isAllowed=y\"><img class=\"alignleft wp-image-5769\" src=\"http:\/\/deptofilosofia.paginas.ufsc.br\/files\/2021\/10\/Capa-Indispon\u00edvel.jpg\" alt=\"\" width=\"100\" height=\"135\" \/><\/a><span style=\"color: #008080;\"><strong><a style=\"color: #008080;\" href=\"https:\/\/repositorio.ufsc.br\/bitstream\/handle\/123456789\/230408\/Celso%20R.%20Braida%2c%20D%c3%a9bora%20Pazetto%20Ferreira%2c%20Michelle%20C.%20Olsen%20e%20Emmanuelli%20S.%20Padilha%20-%20Ontologia%20III%2c%202010.pdf?sequence=1&amp;isAllowed=y\">Ontologia III<\/a><\/strong><\/span>\n\n<a href=\"https:\/\/fil.cfh.ufsc.br\/celso-reni-braida\/\">Celso Reni Braida<\/a>, D\u00e9bora Pazetto Ferreira, Michelle C. Olsen e Emmanuelli S. Padilha\n\n1. ed. Florian\u00f3polis: EAD\/Filosofia\/UFSC,\n\n2010.\n\n<hr \/>\n\n<a href=\"https:\/\/repositorio.ufsc.br\/bitstream\/handle\/123456789\/230389\/Marcos%20Jos%c3%a9%20M%c3%bcller%20-%20Ontologia%20III%20-%20T%c3%b3picos%20de%20ontologia%20contempor%c3%a2nea%2c%202015.pdf?sequence=1&amp;isAllowed=y\"><img class=\"alignleft wp-image-5730\" src=\"http:\/\/deptofilosofia.paginas.ufsc.br\/files\/2021\/10\/Marcos-Jos\u00e9-M\u00fcller-Ontologia-III-T\u00f3picos-de-ontologia-contempor\u00e2nea-2015.jpg\" alt=\"\" width=\"100\" height=\"133\" \/><\/a><strong><span style=\"color: #008080;\"><a style=\"color: #008080;\" href=\"https:\/\/repositorio.ufsc.br\/bitstream\/handle\/123456789\/230389\/Marcos%20Jos%c3%a9%20M%c3%bcller%20-%20Ontologia%20III%20-%20T%c3%b3picos%20de%20ontologia%20contempor%c3%a2nea%2c%202015.pdf?sequence=1&amp;isAllowed=y\">Ontologia III - T\u00f3picos de Ontologia Contempor\u00e2nea<\/a><\/span><\/strong>\n\n<a href=\"https:\/\/fil.cfh.ufsc.br\/marcos-jose-muller-granzotto\/\">Marcos Jos\u00e9 M\u00fcller<\/a>\n\n1. ed. Florian\u00f3polis: EAD\/Filosofia\/UFSC, 2015\n\nISBN 978-85-61484-43-9\n\n<hr \/>\n\n<a href=\"https:\/\/repositorio.ufsc.br\/bitstream\/handle\/123456789\/230427\/Darlei%20Dall%e2%80%99Agnol%20-%20%c3%89tica%20I%2c%202008.pdf?sequence=1&amp;isAllowed=y\"><img class=\"alignleft wp-image-5769\" src=\"http:\/\/deptofilosofia.paginas.ufsc.br\/files\/2021\/10\/Capa-Indispon\u00edvel.jpg\" alt=\"\" width=\"100\" height=\"135\" \/><\/a><span style=\"color: #008080;\"><strong><a style=\"color: #008080;\" href=\"https:\/\/repositorio.ufsc.br\/bitstream\/handle\/123456789\/230427\/Darlei%20Dall%e2%80%99Agnol%20-%20%c3%89tica%20I%2c%202008.pdf?sequence=1&amp;isAllowed=y\">\u00c9tica I<\/a><\/strong><\/span>\n\n<a href=\"https:\/\/fil.cfh.ufsc.br\/darlei-dallagnol\/\">Darlei Dall'Agnol<\/a>\n\n1. ed. Florian\u00f3polis: EAD\/Filosofia\/UFSC, 2008\n\nISBN: 978-85-61484-00-2\n\n<hr \/>\n\n<span style=\"color: #008080;\"><strong><a href=\"https:\/\/repositorio.ufsc.br\/bitstream\/handle\/123456789\/230430\/Darlei%20Dall%e2%80%99Agnol%20-%20%c3%89tica%20II%2c%202009.pdf?sequence=1&amp;isAllowed=y\"><img class=\"alignleft wp-image-5773\" src=\"http:\/\/deptofilosofia.paginas.ufsc.br\/files\/2021\/10\/Darlei-DallAgnol-\u00c9tica.jpg\" alt=\"\" width=\"100\" height=\"139\" \/><\/a>\u00a0<\/strong><\/span><a href=\"https:\/\/repositorio.ufsc.br\/bitstream\/handle\/123456789\/230430\/Darlei%20Dall%e2%80%99Agnol%20-%20%c3%89tica%20II%2c%202009.pdf?sequence=1&amp;isAllowed=y\"><span style=\"color: #008080;\"><strong>\u00c9tica II<\/strong><\/span><\/a>\n\n<a href=\"https:\/\/fil.cfh.ufsc.br\/darlei-dallagnol\/\">Darlei Dall'Agnol<\/a>\n\n1. ed. Florian\u00f3polis: EAD\/Filosofia\/UFSC, 2009\n\nISBN 978-85-61484-13-2\n\n<hr \/>\n\n<a href=\"https:\/\/repositorio.ufsc.br\/bitstream\/handle\/123456789\/229973\/Luiz%20Henrique%20Dutra%20-Teoria%20do%20Conhecimento%2c%202008.pdf?sequence=3&amp;isAllowed=y\"><img class=\"alignleft wp-image-5639\" src=\"http:\/\/deptofilosofia.paginas.ufsc.br\/files\/2013\/03\/Luiz-Henrique-de-Ara\u00fajo-Dutra-Teoria-do-conhecimento.jpg\" alt=\"\" width=\"100\" height=\"137\" \/><\/a> <span style=\"color: #008080;\"><strong><a style=\"color: #008080;\" href=\"https:\/\/repositorio.ufsc.br\/bitstream\/handle\/123456789\/229973\/Luiz%20Henrique%20Dutra%20-Teoria%20do%20Conhecimento%2c%202008.pdf?sequence=3&amp;isAllowed=y\">Teoria do Conhecimento<\/a><\/strong><\/span>\n\nLuiz Henrique de Ara\u00fajo Dutra\n\n1. ed. Florian\u00f3polis: EAD\/Filosofia\/UFSC, 2008.\n\nISBN: 978-85-61484-01-9\n\n<hr \/>\n\n<a href=\"https:\/\/repositorio.ufsc.br\/bitstream\/handle\/123456789\/230390\/Roberto%20Wu%20-%20Filosofia%20da%20educa%c3%a7%c3%a3o%2c%202010.pdf?sequence=1&amp;isAllowed=y\"><img class=\"alignleft wp-image-5709\" src=\"http:\/\/deptofilosofia.paginas.ufsc.br\/files\/2021\/10\/Roberto-Wu-Filosofia-da-educa\u00e7\u00e3o-2010.jpg\" alt=\"\" width=\"100\" height=\"133\" \/><\/a><strong><span style=\"color: #008080;\"><a style=\"color: #008080;\" href=\"https:\/\/repositorio.ufsc.br\/bitstream\/handle\/123456789\/230390\/Roberto%20Wu%20-%20Filosofia%20da%20educa%c3%a7%c3%a3o%2c%202010.pdf?sequence=1&amp;isAllowed=y\">Filosofia da Educa\u00e7\u00e3o<\/a><\/span><\/strong>\n\n<a href=\"https:\/\/fil.cfh.ufsc.br\/roberto-wu\/\">Roberto Wu<\/a>\n\n1. ed. Florian\u00f3polis: EAD\/Filosofia\/UFSC,\n\n2010.\n\n<hr \/>\n\n<a href=\"https:\/\/repositorio.ufsc.br\/bitstream\/handle\/123456789\/230391\/Darlei%20Dall%27Agnol%2c%20Delamar%20Jos%c3%a9%20Volpato%20Dutra%2c%20Marco%20Antonio%20Franciotti%20-%20Fundamentos%20Filos%c3%b3ficos%20Educa%c3%a7%c3%a3o%2c%202a%20ed.%202010.pdf?sequence=1&amp;isAllowed=y\"><img class=\"alignleft wp-image-5732\" src=\"http:\/\/deptofilosofia.paginas.ufsc.br\/files\/2021\/10\/Darlei-DallAgnol-Delamar-Jos\u00e9-Volpato-Dutra-Marco-Antonio-Franciotti-Fundamentos-Filos\u00f3ficos-Educa\u00e7\u00e3o-2a-ed.-2010.jpg\" alt=\"\" width=\"100\" height=\"134\" \/><\/a><span style=\"color: #008080;\"><strong><a style=\"color: #008080;\" href=\"https:\/\/repositorio.ufsc.br\/bitstream\/handle\/123456789\/230391\/Darlei%20Dall%27Agnol%2c%20Delamar%20Jos%c3%a9%20Volpato%20Dutra%2c%20Marco%20Antonio%20Franciotti%20-%20Fundamentos%20Filos%c3%b3ficos%20Educa%c3%a7%c3%a3o%2c%202a%20ed.%202010.pdf?sequence=1&amp;isAllowed=y\">Fundamentos Filos\u00f3ficos Educa\u00e7\u00e3o<\/a><\/strong><\/span>\n\n<a href=\"https:\/\/fil.cfh.ufsc.br\/darlei-dallagnol\/\">Darlei Dall'Agnol<\/a>, <a href=\"https:\/\/fil.cfh.ufsc.br\/delamar-jose-volpato-dutra\/\">Delamar Jos\u00e9 Volpato Dutra<\/a>, <a href=\"https:\/\/fil.cfh.ufsc.br\/marco-antonio-franciotti\/\">Marco Antonio Franciotti<\/a>.\n\nFlorian\u00f3polis : UFSC\/EAD\/CED\/CFM, 2a ed. 2010\n\nISBN 978-85-99379-70-7\n\n<hr \/>\n\n<a href=\"https:\/\/repositorio.ufsc.br\/bitstream\/handle\/123456789\/230388\/Claudia%20Pellegrini%20Drucker%20-%20Est%c3%a9tica%2c%202009.pdf?sequence=1&amp;isAllowed=y\"><img class=\"alignleft wp-image-5711\" src=\"http:\/\/deptofilosofia.paginas.ufsc.br\/files\/2021\/10\/Claudia-Pellegrini-Drucker-Est\u00e9tica-2009.jpg\" alt=\"\" width=\"100\" height=\"135\" \/><\/a><strong><span style=\"color: #008080;\"><a style=\"color: #008080;\" href=\"https:\/\/repositorio.ufsc.br\/bitstream\/handle\/123456789\/230388\/Claudia%20Pellegrini%20Drucker%20-%20Est%c3%a9tica%2c%202009.pdf?sequence=1&amp;isAllowed=y\">Est\u00e9tica<\/a><\/span><\/strong>\n\n<a href=\"https:\/\/fil.cfh.ufsc.br\/claudia-pellegrini-drucker\/\">Claudia Pellegrini Drucker<\/a>\n\n1. ed. Florian\u00f3polis: EAD\/UFSC, 2009\n\nISBN 978-85-61484-09-5\n\n<hr \/>\n\n<a href=\"https:\/\/repositorio.ufsc.br\/bitstream\/handle\/123456789\/230399\/Cezar%20Mortari%20-%20L%c3%b3gica%20III%2c%202011.pdf?sequence=1&amp;isAllowed=y\"><img class=\"alignleft wp-image-5707\" src=\"http:\/\/deptofilosofia.paginas.ufsc.br\/files\/2021\/10\/Cezar-Mortari-L\u00f3gica-III-2011.jpg\" alt=\"\" width=\"100\" height=\"133\" \/><\/a><span style=\"color: #008080;\"><strong><a style=\"color: #008080;\" href=\"https:\/\/repositorio.ufsc.br\/bitstream\/handle\/123456789\/230399\/Cezar%20Mortari%20-%20L%c3%b3gica%20III%2c%202011.pdf?sequence=1&amp;isAllowed=y\">L\u00f3gica III<\/a><\/strong><\/span>\n\n<a href=\"https:\/\/fil.cfh.ufsc.br\/cezar-augusto-mortari\/\">Cezar Augusto Mortari<\/a>\n\n1. ed. Florian\u00f3polis: EAD\/UFSC,\n\n2011.\n\n<hr \/>\n\n<a href=\"https:\/\/repositorio.ufsc.br\/bitstream\/handle\/123456789\/230402\/Luiz%20Hebeche%20-%20Curso%20sobre%20Contribui%c3%a7%c3%b5es%20%c3%a0%20Filosofia%20%28O%20acontecimento-apropriador%29%20de%20Martin%20Heidegger%2c%202014.pdf?sequence=1&amp;isAllowed=y\"><img class=\"alignleft wp-image-5735\" src=\"http:\/\/deptofilosofia.paginas.ufsc.br\/files\/2021\/10\/Luiz-Hebeche-Curso-sobre-Contribui\u00e7\u00f5es-\u00e0-Filosofia-O-acontecimento-apropriador-de-Martin-Heidegger-2014.jpg\" alt=\"\" width=\"100\" height=\"134\" \/><\/a>\u00a0<span style=\"color: #008080;\"><strong><a style=\"color: #008080;\" href=\"https:\/\/repositorio.ufsc.br\/bitstream\/handle\/123456789\/230402\/Luiz%20Hebeche%20-%20Curso%20sobre%20Contribui%c3%a7%c3%b5es%20%c3%a0%20Filosofia%20%28O%20acontecimento-apropriador%29%20de%20Martin%20Heidegger%2c%202014.pdf?sequence=1&amp;isAllowed=y\">Curso sobre Contribui\u00e7\u00f5es \u00e0 Filosofia (O acontecimento-apropriador) de Martin Heidegger<\/a><\/strong><\/span>\n\n<a href=\"https:\/\/fil.cfh.ufsc.br\/luiz-alberto-hebeche\/\">Luiz Hebeche<\/a>\n\n1. ed. Florian\u00f3polis: EAD\/UFSC, 2014\n\nISBN: 978-85-61484-38-5\n\n<hr \/>\n\n<a href=\"https:\/\/repositorio.ufsc.br\/bitstream\/handle\/123456789\/230407\/Cleber%20Duarte%20Coelho%20-%20Est%c3%a1gio%20supervisionado%20de%20ensino%20de%20Filosofia%2c%202015.pdf?sequence=2&amp;isAllowed=y\"><img class=\"alignleft wp-image-5741\" src=\"http:\/\/deptofilosofia.paginas.ufsc.br\/files\/2021\/10\/Cleber-Duarte-Coelho-Est\u00e1gio-Supervisionado-de-Ensino-de-Filosofia-2015.jpg\" alt=\"\" width=\"100\" height=\"133\" \/><strong><span style=\"color: #008080;\">Est\u00e1gio supervisionado de ensino de Filosofia<\/span><\/strong><\/a>\n\nCleber Duarte Coelho\n\n1. ed. Florian\u00f3polis: EAD\/UFSC, 2015\n\nISBN: 978-85-61484-44-6\n\n<hr \/>\n\n<a href=\"https:\/\/repositorio.ufsc.br\/bitstream\/handle\/123456789\/230409\/Neide%20Arrias%20Bittencourt%2c%20L%c3%bacia%20Schneider%20Hardt%20-%20Did%c3%a1tica%20Geral%2c%202010.pdf?sequence=1&amp;isAllowed=y\"><img class=\"alignleft wp-image-5751\" src=\"http:\/\/deptofilosofia.paginas.ufsc.br\/files\/2021\/10\/Neide-Arrias-Bittencourt-L\u00facia-Schneider-Hardt-Did\u00e1tica-Geral-2010.jpg\" alt=\"\" width=\"100\" height=\"133\" \/><\/a><strong><span style=\"color: #008080;\"><a style=\"color: #008080;\" href=\"https:\/\/repositorio.ufsc.br\/bitstream\/handle\/123456789\/230409\/Neide%20Arrias%20Bittencourt%2c%20L%c3%bacia%20Schneider%20Hardt%20-%20Did%c3%a1tica%20Geral%2c%202010.pdf?sequence=1&amp;isAllowed=y\">Did\u00e1tica Geral<\/a><\/span><\/strong>\n\nNeide Arrias Bittencourt, L\u00facia Schneider Hardt - Did\u00e1tica Geral,\n\n1. ed. Florian\u00f3polis: EAD\/UFSC, 2010\n\nISBN:978-85-61484-15-6\n\n<hr \/>\n\n<a href=\"https:\/\/repositorio.ufsc.br\/bitstream\/handle\/123456789\/230414\/Joselma%20Tavares%20Frutuoso%2c%20Ariane%20Kuhnen%2c%20Lecila%20Duarte%20Barbosa%20Oliveira%20-%20Psicologia%20Educacional%2c%202010.pdf?sequence=1&amp;isAllowed=y\"><img class=\"alignleft wp-image-5760\" src=\"http:\/\/deptofilosofia.paginas.ufsc.br\/files\/2021\/10\/Joselma-Tavares-Frutuoso-Ariane-Kuhnen-Lecila-Duarte-Barbosa-Oliveira-Psicologia-Educacional-2010.jpg\" alt=\"\" width=\"100\" height=\"135\" \/><\/a><a href=\"https:\/\/repositorio.ufsc.br\/bitstream\/handle\/123456789\/230414\/Joselma%20Tavares%20Frutuoso%2c%20Ariane%20Kuhnen%2c%20Lecila%20Duarte%20Barbosa%20Oliveira%20-%20Psicologia%20Educacional%2c%202010.pdf?sequence=1&amp;isAllowed=y\"><span style=\"color: #008080;\"><strong>Psicologia Educacional<\/strong><\/span><\/a>\n\nJoselma Tavares Frutuoso, Ariane Kuhnen,\n\nLecila Duarte Barbosa Oliveira\n\n1. ed. Florian\u00f3polis: EAD\/UFSC, 2010\n\n<hr \/>\n\n<a href=\"https:\/\/repositorio.ufsc.br\/bitstream\/handle\/123456789\/230411\/Terezinha%20Maria%20Cardoso%2c%20Ana%20Maria%20B.%20de%20Souza%2c%20Roseli%20Zen%20Cerny%20-%20Organiza%c3%a7%c3%a3o%20Escolar%2c%202010.pdf?sequence=1&amp;isAllowed=y\"><img class=\"alignleft wp-image-5758\" src=\"http:\/\/deptofilosofia.paginas.ufsc.br\/files\/2021\/10\/Terezinha-Maria-Cardoso-Ana-Maria-B.-de-Souza-Roseli-Zen-Cerny-Organiza\u00e7\u00e3o-Escolar-2010.jpg\" alt=\"\" width=\"100\" height=\"137\" \/><\/a><span style=\"color: #008080;\"><a style=\"color: #008080;\" href=\"https:\/\/repositorio.ufsc.br\/bitstream\/handle\/123456789\/230411\/Terezinha%20Maria%20Cardoso%2c%20Ana%20Maria%20B.%20de%20Souza%2c%20Roseli%20Zen%20Cerny%20-%20Organiza%c3%a7%c3%a3o%20Escolar%2c%202010.pdf?sequence=1&amp;isAllowed=y\"><strong>Organiza\u00e7\u00e3o Escolar<\/strong><\/a><\/span>\n\nTerezinha Maria Cardoso, Ana Maria B. de Souza, Roseli Zen Cerny\n\n1. ed. Florian\u00f3polis: EAD\/UFSC, 2010\n\n<hr \/>\n\n<a href=\"https:\/\/repositorio.ufsc.br\/bitstream\/handle\/123456789\/230415\/Aracy%20Hacky%20Catapan%2c%20Elisa%20Maria%20Quartiero%2c%20Nilza%20Godoy%20Gomes%20e%20Roseli%20Zen%20Cerny%20-%20Introdu%c3%a7%c3%a3o%20%c3%a0%20Educa%c3%a7%c3%a3o%20a%20dist%c3%a2ncia%2c%202008.pdf?sequence=1&amp;isAllowed=y\"><img class=\"alignleft wp-image-5765\" src=\"http:\/\/deptofilosofia.paginas.ufsc.br\/files\/2021\/10\/Aracy-Hacky-Catapan-Elisa-Maria-Quartiero-Nilza-Godoy-Gomes-e-Roseli-Zen-Cerny-Introdu\u00e7\u00e3o-\u00e0-Educa\u00e7\u00e3o-a-dist\u00e2ncia-2008.jpg\" alt=\"\" width=\"100\" height=\"134\" \/><\/a><span style=\"color: #008080;\"><strong><a style=\"color: #008080;\" href=\"https:\/\/repositorio.ufsc.br\/bitstream\/handle\/123456789\/230415\/Aracy%20Hacky%20Catapan%2c%20Elisa%20Maria%20Quartiero%2c%20Nilza%20Godoy%20Gomes%20e%20Roseli%20Zen%20Cerny%20-%20Introdu%c3%a7%c3%a3o%20%c3%a0%20Educa%c3%a7%c3%a3o%20a%20dist%c3%a2ncia%2c%202008.pdf?sequence=1&amp;isAllowed=y\">Introdu\u00e7\u00e3o a Educa\u00e7\u00e3o a dist\u00e2ncia<\/a><\/strong><\/span>\n\nAracy Hacky Catapan, Elisa Maria Quartiero, Nilza Godoy Gomes e Roseli Zen Cerny\n\n1. ed. Florian\u00f3polis: EAD\/UFSC, 2008.\n\n<hr \/>\n\n<a href=\"https:\/\/repositorio.ufsc.br\/bitstream\/handle\/123456789\/230405\/Selvino%20Jos%c3%a9%20Assmann%20-%20Filosofia%20e%20%c3%89tica%2c%202012.pdf?sequence=1&amp;isAllowed=y\"><img class=\"alignleft wp-image-5739\" src=\"http:\/\/deptofilosofia.paginas.ufsc.br\/files\/2021\/10\/Selvino-Jos\u00e9-Assmann-Filosofia-e-\u00c9tica-2012.jpg\" alt=\"\" width=\"100\" height=\"131\" \/><strong><span style=\"color: #008080;\">Filosofia e \u00c9tica<\/span><\/strong><\/a>\n\n<a href=\"https:\/\/fil.cfh.ufsc.br\/selvino-jose-assmann\/\">Selvino Jos\u00e9 Assmann<\/a>\n\n1\u00aa edi\u00e7\u00e3o \u2013 2009, 2a reimpress\u00e3o 2012\n\nISBN: 978-85-61608-74-3\n\n<hr \/>\n\n<strong><span style=\"color: #008080;\"><a href=\"https:\/\/repositorio.ufsc.br\/bitstream\/handle\/123456789\/230435\/Selvino%20Jos%c3%a9%20Assmann%20-%20Filosofia%2c%202014.pdf?sequence=1&amp;isAllowed=y\"><img class=\"alignleft wp-image-5769\" src=\"http:\/\/deptofilosofia.paginas.ufsc.br\/files\/2021\/10\/Capa-Indispon\u00edvel.jpg\" alt=\"\" width=\"100\" height=\"135\" \/><\/a><\/span><\/strong><a href=\"https:\/\/repositorio.ufsc.br\/bitstream\/handle\/123456789\/230435\/Selvino%20Jos%c3%a9%20Assmann%20-%20Filosofia%2c%202014.pdf?sequence=1&amp;isAllowed=y\"><strong><span style=\"color: #008080;\">Filosofia<\/span><\/strong><\/a>\n\n<a href=\"https:\/\/fil.cfh.ufsc.br\/selvino-jose-assmann\/\">Selvino Jos\u00e9 Assmann<\/a>\n\n1\u00aa edi\u00e7\u00e3o \u2013 2008, 3a edi\u00e7\u00e3o 2014\n\nISBN: 978-85-7988-115-2\n\nISBN: 978-85-61608-74-3\n\n<hr \/>\n\n<strong><a href=\"https:\/\/repositorio.ufsc.br\/bitstream\/handle\/123456789\/230435\/Selvino%20Jos%c3%a9%20Assmann%20-%20Filosofia%2c%202014.pdf?sequence=1&amp;isAllowed=y\"><img class=\"alignleft wp-image-5769\" src=\"http:\/\/deptofilosofia.paginas.ufsc.br\/files\/2021\/10\/Capa-Indispon\u00edvel.jpg\" alt=\"\" width=\"100\" height=\"135\" \/><\/a><a href=\"http:\/\/www.nefipo.ufsc.br\/files\/2012\/11\/%C3%89tica-HFM-ebook.pdf\">\u00c9tica<\/a><\/strong>\n\n<!-- \/wp:post-content --> <!-- wp:paragraph -->\n\nDarlei Dall'Agnol.\n\n<!-- \/wp:paragraph --> <!-- wp:paragraph -->\n\nFlorian\u00f3polis: EaD\/NefipOnline, 2024.\n\n<!-- \/wp:paragraph --> <!-- wp:paragraph -->\n\nISBN: 978-65-994761-8-1\n\n<!-- \/wp:paragraph -->\n\n<hr \/>\n\n\n\n<hr \/>\n\n<a href=\"http:\/\/www.nefipo.ufsc.br\/files\/2012\/11\/%C3%89tica-HFM-ebook.pdf\"><img class=\"alignleft wp-image-7023\" src=\"http:\/\/deptofilosofia.paginas.ufsc.br\/files\/2021\/10\/capa-livro-Darlei-DallAgnol-\u00c9tica.jpg\" alt=\"\" width=\"100\" height=\"143\" \/><\/a><strong><a href=\"http:\/\/www.nefipo.ufsc.br\/files\/2012\/11\/%C3%89tica-HFM-ebook.pdf\">\u00c9tica<\/a><\/strong>\n\n<!-- \/wp:paragraph -->\n\n<!-- wp:paragraph -->\n\nDarlei Dall'Agnol.\n\n<!-- \/wp:paragraph -->\n\n<!-- wp:paragraph -->\n\nFlorian\u00f3polis: EaD\/NefipOnline, 2024.\n\n<!-- \/wp:paragraph -->\n\n<!-- wp:paragraph -->\n\nISBN: 978-65-994761-8-1\n\n<hr \/>\n\n\n\n<hr \/>\n\n<a href=\"https:\/\/repositorio.ufsc.br\/bitstream\/handle\/123456789\/259634\/Nazareno%20Eduardo%20de%20Almeida%20-%20A%20origem%20da%20ontologia%20na%20metaf%c3%adsica%20grega%2c%202024.pdf?sequence=1&amp;isAllowed=y\"><img class=\"alignleft wp-image-7169\" src=\"http:\/\/deptofilosofia.paginas.ufsc.br\/files\/2024\/09\/Capa-livro-Nazareno2024.png\" alt=\"\" width=\"110\" height=\"149\" \/><\/a><a href=\"https:\/\/repositorio.ufsc.br\/bitstream\/handle\/123456789\/259634\/Nazareno%20Eduardo%20de%20Almeida%20-%20A%20origem%20da%20ontologia%20na%20metaf%c3%adsica%20grega%2c%202024.pdf?sequence=1&amp;isAllowed=y\"><strong>A origem da ontologia na metaf\u00edsica grega<\/strong><\/a>\n\n<a href=\"https:\/\/fil.cfh.ufsc.br\/nazareno-eduardo-de-almeida\/\">Nazareno Eduardo de Almeida<\/a>\n\nLicenciatura \u00e0 Dist\u00e2ncia Filosofia\/EAD\/UFSC\n\nISBN: 978-85-8328-278-5\n\n<hr \/>","_et_gb_content_width":"","inline_featured_image":false,"footnotes":""},"class_list":["post-2","page","type-page","status-publish","hentry"],"_links":{"self":[{"href":"https:\/\/uab.ufsc.br\/ead\/filosofia\/wp-json\/wp\/v2\/pages\/2","targetHints":{"allow":["GET"]}}],"collection":[{"href":"https:\/\/uab.ufsc.br\/ead\/filosofia\/wp-json\/wp\/v2\/pages"}],"about":[{"href":"https:\/\/uab.ufsc.br\/ead\/filosofia\/wp-json\/wp\/v2\/types\/page"}],"author":[{"embeddable":true,"href":"https:\/\/uab.ufsc.br\/ead\/filosofia\/wp-json\/wp\/v2\/users\/2"}],"replies":[{"embeddable":true,"href":"https:\/\/uab.ufsc.br\/ead\/filosofia\/wp-json\/wp\/v2\/comments?post=2"}],"version-history":[{"count":40,"href":"https:\/\/uab.ufsc.br\/ead\/filosofia\/wp-json\/wp\/v2\/pages\/2\/revisions"}],"predecessor-version":[{"id":1587,"href":"https:\/\/uab.ufsc.br\/ead\/filosofia\/wp-json\/wp\/v2\/pages\/2\/revisions\/1587"}],"wp:attachment":[{"href":"https:\/\/uab.ufsc.br\/ead\/filosofia\/wp-json\/wp\/v2\/media?parent=2"}],"curies":[{"name":"wp","href":"https:\/\/api.w.org\/{rel}","templated":true}]}}