{"id":354,"date":"2023-08-05T22:08:16","date_gmt":"2023-08-06T01:08:16","guid":{"rendered":"http:\/\/uab.ufsc.br\/ead\/filosofia\/?page_id=354"},"modified":"2026-03-27T16:54:59","modified_gmt":"2026-03-27T19:54:59","slug":"professores","status":"publish","type":"page","link":"https:\/\/uab.ufsc.br\/ead\/filosofia\/professores\/","title":{"rendered":"Professores do curso"},"content":{"rendered":"\n<p class=\"has-vivid-cyan-blue-color has-text-color has-link-color has-medium-font-size wp-elements-48ff694a23ca161c26a5501af45b6074\"><a href=\"https:\/\/uab.ufsc.br\/ead\/filosofia\/sobre-o-curso\/\"><strong>Sobre o Curso<\/strong><\/a><\/p>\n\n\n\n<p class=\"has-vivid-cyan-blue-color has-text-color has-link-color has-medium-font-size wp-elements-67389e586588277fb87245c7b0277536\"><a href=\"https:\/\/uab.ufsc.br\/ead\/filosofia\/contato\/\"><strong>Contato<\/strong><\/a><\/p>\n\n\n\n<p><\/p>\n\n\n\n<p class=\"has-vivid-cyan-blue-color has-text-color has-link-color has-medium-font-size wp-elements-9d8aac096d024b03c9ee34ab64b8396e\"><strong><a href=\"http:\/\/uab.ufsc.br\/ead\/filosofia\/wp-content\/uploads\/2026\/03\/Professores-do-curso.pdf\">Professores (Vers\u00e3o em PDF)<\/a><\/strong><\/p>\n\n\n\n<p><\/p>\n\n\n\n<p class=\"has-luminous-vivid-orange-color has-text-color has-link-color has-medium-font-size wp-elements-ec3e9090fe86122683193787d1a2e17e\" id=\"block-26303159-f16f-4a84-b557-27d17a3973b9\"><strong>2026.1 SEXTA FASE<\/strong><\/p>\n\n\n\n<p class=\"has-medium-font-size\" id=\"block-bb01b268-ff6e-4111-92e2-c70a80976e76\">FIL 9613 \u00c9tica III &#8211; Prof. <a href=\"http:\/\/lattes.cnpq.br\/6194417517821583\"><\/a><a href=\"http:\/\/lattes.cnpq.br\/0725251679430168\">Eduardo de Borba<\/a><\/p>\n\n\n\n<p class=\"has-medium-font-size\" id=\"block-f1b5b81e-10df-4ee3-91ca-c5355bcffcd2\">MEN 9142 Metodologia do Ensino de Filosofia &#8211; Prof. <a href=\"http:\/\/lattes.cnpq.br\/3684918892816876\">Cl\u00e9ber Duarte Coelho<\/a><\/p>\n\n\n\n<p class=\"has-medium-font-size\" id=\"block-385e671a-22ec-4b2f-99e9-28fda158506c\">FIL 9653 Filosofia da Ci\u00eancia II &#8211; Prof. <a href=\"https:\/\/fil.cfh.ufsc.br\/alexandre-meyer-luz\/\">Alexandre Meyer Luz<\/a><\/p>\n\n\n\n<p class=\"has-medium-font-size\" id=\"block-43895f2f-b327-46fb-9ef9-b09c6ddb0e09\">EED 9185 Organiza\u00e7\u00e3o Escolar &#8211; Prof. <a href=\"http:\/\/lattes.cnpq.br\/5165270741135359\"><\/a><a href=\"https:\/\/ead2.moodle.ufsc.br\/user\/view.php?id=5870&amp;course=1\">Lauro de Matos<\/a><\/p>\n\n\n\n<p id=\"block-d6287cca-ad14-4235-b6ef-4eca731b9d9d\"><\/p>\n\n\n\n<p class=\"has-vivid-red-color has-text-color has-link-color has-medium-font-size wp-elements-511047247b89a6ad608285c00d989eb0\" id=\"block-ed247891-ddbe-4ea2-a57e-1929605f9ef3\"><strong>2026.1 QUARTA FASE<\/strong><\/p>\n\n\n\n<p class=\"has-medium-font-size\" id=\"block-b794174f-65fe-4a73-ac05-be2f8d7dce12\">FIL 9612 \u00c9tica II &#8211; Profa. <a href=\"http:\/\/lattes.cnpq.br\/4483346346539475\">Lucas Piccinin Lazzaretti\u00a0<\/a><\/p>\n\n\n\n<p class=\"has-medium-font-size\" id=\"block-b794174f-65fe-4a73-ac05-be2f8d7dce12\">FIL 9651 Filosofia da Linguagem I &#8211; Prof. <a href=\"http:\/\/lattes.cnpq.br\/7267832411633230\">Lu\u00eds Felipe Lauer<\/a><\/p>\n\n\n\n<p class=\"has-medium-font-size\" id=\"block-5bc18bea-f8bf-4f80-9b46-d660cffbf327\">FIL 9650 Hist\u00f3ria da Filosofia IV &#8211;  Profa. <a href=\"http:\/\/lattes.cnpq.br\/0802525443033847\">Vanessa Delazeri Mocellin<\/a><\/p>\n\n\n\n<p class=\"has-medium-font-size\" id=\"block-c5959cfb-538e-4f43-9de3-8100f1cfbf93\">FIL 9652 Filosofia da Ci\u00eancia I &#8211; Prof. <a href=\"https:\/\/fil.cfh.ufsc.br\/ivan-ferreira-da-cunha\/\">Ivan Ferreira da Cunha<\/a><\/p>\n\n\n\n<p id=\"block-90dd1643-bd68-4c3c-92fb-70d4e6f1be2a\"><\/p>\n\n\n\n<p><\/p>\n\n\n\n<p class=\"has-luminous-vivid-orange-color has-text-color has-link-color has-medium-font-size wp-elements-1fd5bb5383a0930c35e7d8b421b363f1\" id=\"block-26303159-f16f-4a84-b557-27d17a3973b9\"><strong>2025.2 QUINTA FASE<\/strong><\/p>\n\n\n\n<p class=\"has-medium-font-size\" id=\"block-bb01b268-ff6e-4111-92e2-c70a80976e76\">FIL 9313 Filosofia do Direito &#8211; Profa. <a href=\"https:\/\/fil.cfh.ufsc.br\/delamar-jose-volpato-dutra\"><\/a><a href=\"http:\/\/lattes.cnpq.br\/6194417517821583\">Daniela Rosendo<\/a><\/p>\n\n\n\n<p class=\"has-medium-font-size\" id=\"block-f1b5b81e-10df-4ee3-91ca-c5355bcffcd2\">FIL 9660 Semin\u00e1rio de Ensino da Filosofia I &#8211; Prof. <a href=\"https:\/\/fil.cfh.ufsc.br\/vilmar-debona\/\"><\/a><a href=\"http:\/\/lattes.cnpq.br\/3684918892816876\">Cl\u00e9ber Duarte Coelho<\/a><\/p>\n\n\n\n<p class=\"has-medium-font-size\" id=\"block-385e671a-22ec-4b2f-99e9-28fda158506c\">PSI 9137 Psicologia Educacional &#8211; Profa.  <a href=\"https:\/\/fil.cfh.ufsc.br\/jerzy-andre-brzozowski\/\"><\/a><a href=\"http:\/\/lattes.cnpq.br\/5097502273097882\">Joselma Tavares Frutuoso<\/a><\/p>\n\n\n\n<p class=\"has-medium-font-size\" id=\"block-43895f2f-b327-46fb-9ef9-b09c6ddb0e09\">MEN 9202 Did\u00e1tica Geral &#8211; Prof. <a href=\"http:\/\/lattes.cnpq.br\/5165270741135359\">Jo\u00e3o Vicente Alfaya dos Santos<\/a><\/p>\n\n\n\n<p id=\"block-d6287cca-ad14-4235-b6ef-4eca731b9d9d\"><\/p>\n\n\n\n<p class=\"has-vivid-red-color has-text-color has-link-color has-medium-font-size wp-elements-f61c3f3679a9f9dc322c6f274d6d4930\" id=\"block-ed247891-ddbe-4ea2-a57e-1929605f9ef3\"><strong>2025.2 TERCEIRA FASE<\/strong><\/p>\n\n\n\n<p class=\"has-medium-font-size\" id=\"block-b794174f-65fe-4a73-ac05-be2f8d7dce12\">FIL 9603 Hist\u00f3ria da Filosofia III &#8211; <a href=\"https:\/\/fil.cfh.ufsc.br\/jaimir-conte\/\">Jaimir Conte<\/a><\/p>\n\n\n\n<p class=\"has-medium-font-size\" id=\"block-b794174f-65fe-4a73-ac05-be2f8d7dce12\">FIL 9611 \u00c9tica I &#8211; Prof. <a href=\"http:\/\/lattes.cnpq.br\/7267832411633230\">Lu\u00eds Felipe Lauer<\/a><\/p>\n\n\n\n<p class=\"has-medium-font-size\" id=\"block-5bc18bea-f8bf-4f80-9b46-d660cffbf327\">FIL 9650 Est\u00e9tica Profa. <a href=\"http:\/\/lattes.cnpq.br\/4058978461118686\"><\/a><a href=\"http:\/\/lattes.cnpq.br\/0802525443033847\">Vanessa Delazeri Mocellin<\/a><\/p>\n\n\n\n<p class=\"has-medium-font-size\" id=\"block-c5959cfb-538e-4f43-9de3-8100f1cfbf93\">FIL 9632 L\u00f3gica II &#8211; Prof. <a href=\"https:\/\/ead2.moodle.ufsc.br\/user\/view.php?id=5870&amp;course=1\">Lauro de Matos<\/a><\/p>\n\n\n\n<p id=\"block-90dd1643-bd68-4c3c-92fb-70d4e6f1be2a\"><\/p>\n\n\n\n<p class=\"has-luminous-vivid-orange-color has-text-color has-link-color has-medium-font-size wp-elements-58cf729cfa161f68c1d6d10a390fe12a\"><strong>2025.1 QUARTA FASE<\/strong><\/p>\n\n\n\n<p class=\"has-medium-font-size\">FIL 9604 Hist\u00f3ria da Filosofia IV &#8211; Prof. <a href=\"https:\/\/fil.cfh.ufsc.br\/delamar-jose-volpato-dutra\">Delamar Volpato Dutra<\/a><\/p>\n\n\n\n<p class=\"has-medium-font-size\">FIL 9612 \u00c9tica II &#8211; Prof. <a href=\"https:\/\/fil.cfh.ufsc.br\/vilmar-debona\/\">Vilmar Debona<\/a><\/p>\n\n\n\n<p class=\"has-medium-font-size\">FIL 9651 Filosofia da Linguagem I &#8211; Prof. <a href=\"https:\/\/fil.cfh.ufsc.br\/jerzy-andre-brzozowski\/\">Jerzy Andr\u00e9 Brzozowski<\/a><\/p>\n\n\n\n<p class=\"has-medium-font-size\">FIL 9652 Filosofia da Ci\u00eancia I &#8211;  Prof. <a href=\"https:\/\/fil.cfh.ufsc.br\/ivan-ferreira-da-cunha\/\">Ivan Ferreira da Cunha<\/a><\/p>\n\n\n\n<p><\/p>\n\n\n\n<p class=\"has-vivid-red-color has-text-color has-link-color has-medium-font-size wp-elements-89b78286ad21e072857580ae1a3e8c8f\"><strong>2025.1 SEGUNDA FASE<\/strong><\/p>\n\n\n\n<p class=\"has-medium-font-size\">FIL 9602 Hist\u00f3ria da Filosofia II &#8211;  Prof. <a href=\"http:\/\/lattes.cnpq.br\/3684918892816876\">Cl\u00e9ber Duarte Coelho<\/a><\/p>\n\n\n\n<p class=\"has-medium-font-size\">FIL 9642 Filosofia Pol\u00edtica II &#8211; Prof. <a href=\"https:\/\/fil.cfh.ufsc.br\/denilson-luis-werle\/\">Denilson Luis Werle<\/a><\/p>\n\n\n\n<p class=\"has-medium-font-size\">FIL 9622 Ontologia II &#8211; Prof. <a href=\"http:\/\/lattes.cnpq.br\/4058978461118686\">Giovani Lunardi<\/a><\/p>\n\n\n\n<p class=\"has-medium-font-size\">FIL 9631 L\u00f3gica I &#8211; Prof. <a href=\"https:\/\/ead2.moodle.ufsc.br\/user\/view.php?id=5870&amp;course=1\">Lauro de Matos<\/a><\/p>\n\n\n\n<p><\/p>\n\n\n\n<p class=\"has-luminous-vivid-orange-color has-text-color has-link-color has-medium-font-size wp-elements-b0c111a5f392721773bb4b08dd26ce5e\"><strong>2024.2 TERCEIRA FASE<\/strong><\/p>\n\n\n\n<p class=\"has-medium-font-size\">FIL 9603 Hist\u00f3ria da Filosofia III &#8211; Prof. <a href=\"https:\/\/fil.cfh.ufsc.br\/delamar-jose-volpato-dutra\">Delamar Volpato Dutra<\/a><\/p>\n\n\n\n<p class=\"has-medium-font-size\">FIL 9611 \u00c9tica I Prof. <a href=\"https:\/\/fil.cfh.ufsc.br\/darlei-dallagnol\/\">Darlei Dall\u2019Agnol<\/a><\/p>\n\n\n\n<p class=\"has-medium-font-size\">FIL 9632 L\u00f3gica II &#8211; Prof. <a href=\"https:\/\/fil.cfh.ufsc.br\/jerzy-andre-brzozowski\/\">Jerzy Andr\u00e9 Brzozowski<\/a><\/p>\n\n\n\n<p class=\"has-medium-font-size\">FIL 9650 Est\u00e9tica &#8211; Prof. <a href=\"https:\/\/fil.cfh.ufsc.br\/luan-correa-da-silva\/\">Luan Corr\u00eaa da Silva<\/a><\/p>\n\n\n\n<p><\/p>\n\n\n\n<p class=\"has-vivid-red-color has-text-color has-link-color has-medium-font-size wp-elements-746d19f9e4694a754ebcaffe087d433e\"><strong>2024.2 PRIMEIRA FASE<\/strong><\/p>\n\n\n\n<p class=\"has-medium-font-size\">MEN 9101 Introdu\u00e7\u00e3o \u00e0 Educa\u00e7\u00e3o a dist\u00e2ncia &#8211; Profa. <a href=\"http:\/\/lattes.cnpq.br\/1543348404865052\">Dulce Marcia Cruz<\/a><\/p>\n\n\n\n<p class=\"has-medium-font-size\">FIL 9601 Hist\u00f3ria da Filosofia I &#8211; Prof. <a href=\"http:\/\/lattes.cnpq.br\/4058978461118686\">Giovani Lunardi<\/a><\/p>\n\n\n\n<p class=\"has-medium-font-size\">FIL 9600 Teoria do Conhecimento &#8211; Prof. <a href=\"https:\/\/fil.cfh.ufsc.br\/jaimir-conte\/\">Jaimir Conte<\/a><\/p>\n\n\n\n<p class=\"has-medium-font-size\">FIL 9641 Filosofia Pol\u00edtica I &#8211; Prof. <a href=\"https:\/\/fil.cfh.ufsc.br\/denilson-luis-werle\/\">Denilson Luis Werle<\/a><\/p>\n\n\n\n<p class=\"has-medium-font-size\">FIL 9621 Ontologia I &#8211; Prof. <a href=\"https:\/\/fil.cfh.ufsc.br\/nazareno-eduardo-de-almeida\/\">Nazareno de Almeida<\/a><\/p>\n\n\n\n<p><\/p>\n\n\n\n<p class=\"has-luminous-vivid-orange-color has-text-color has-link-color has-medium-font-size wp-elements-0fcccdfdec3ee970ae67ef675cdaaa62\"><strong>2024.2 SEGUNDA FASE<\/strong><\/p>\n\n\n\n<p class=\"has-medium-font-size\">FIL 9101 Hist\u00f3ria da Filosofia II <a href=\"http:\/\/lattes.cnpq.br\/7267832411633230\">Lu\u00eds Felipe Netto Lauer<\/a><\/p>\n\n\n\n<p class=\"has-medium-font-size\">FIL 9631 L\u00f3gica I &#8211; Prof. <a href=\"https:\/\/ead2.moodle.ufsc.br\/user\/view.php?id=5870&amp;course=1\">Lauro de Matos<\/a><\/p>\n\n\n\n<p class=\"has-medium-font-size\">FIL 9642 Filosofia Pol\u00edtica II &#8211; Prof. <a href=\"https:\/\/fil.cfh.ufsc.br\/denilson-luis-werle\/\">Denilson Luis Werle<\/a><\/p>\n\n\n\n<p class=\"has-medium-font-size\">FIL 9622 Ontologia II &#8211; Prof. <a href=\"https:\/\/fil.cfh.ufsc.br\/jerzy-andre-brzozowski\/\">Jerzy Andr\u00e9 Brzozowski<\/a><\/p>\n\n\n\n<p class=\"has-medium-font-size\">FIL 9601 Hist\u00f3ria da Filosofia I* &#8211; Prof. <a href=\"http:\/\/lattes.cnpq.br\/4058978461118686\">Giovani Mendon\u00e7a Lunardi<\/a><\/p>\n\n\n\n<p class=\"has-medium-font-size\">* Oferta excepcional para ingressantes em 2024.1<\/p>\n\n\n\n<p><\/p>\n\n\n\n<p class=\"has-luminous-vivid-orange-color has-text-color has-link-color has-medium-font-size wp-elements-58a0d8385c7d9286e04a1780242053b1\"><strong>2023.2 PRIMEIRA FASE<\/strong><\/p>\n\n\n\n<p class=\"has-medium-font-size\">MEN 9101 Introdu\u00e7\u00e3o \u00e0 Educa\u00e7\u00e3o a dist\u00e2ncia &#8211; Profa. <a href=\"http:\/\/lattes.cnpq.br\/1543348404865052\">Dulce Marcia Cruz<\/a><\/p>\n\n\n\n<p class=\"has-medium-font-size\">FIL 9601 Hist\u00f3ria da Filosofia I &#8211; Prof. <a href=\"https:\/\/ead2.moodle.ufsc.br\/user\/view.php?id=5870&amp;course=1\">Lauro de Matos<\/a><\/p>\n\n\n\n<p class=\"has-medium-font-size\">FIL 9600 Teoria do Conhecimento &#8211; Prof. <a href=\"https:\/\/fil.cfh.ufsc.br\/alexandre-meyer-luz\/\">Alexandre Meyer Luz<\/a><\/p>\n\n\n\n<p class=\"has-medium-font-size\">FIL 9641 Filosofia Pol\u00edtica I &#8211; Prof. <a href=\"https:\/\/fil.cfh.ufsc.br\/denilson-luis-werle\/\">Denilson Luis Werle<\/a><\/p>\n\n\n\n<p class=\"has-medium-font-size\">FIL 9621 Ontologia I &#8211; Prof. <a href=\"http:\/\/lattes.cnpq.br\/7267832411633230\">Lu\u00eds Felipe Netto Lauer<\/a><\/p>\n","protected":false},"excerpt":{"rendered":"<p>Sobre o Curso Contato Professores (Vers\u00e3o em PDF) 2026.1 SEXTA FASE FIL 9613 \u00c9tica III &#8211; Prof. Eduardo de Borba MEN 9142 Metodologia do Ensino de Filosofia &#8211; Prof. Cl\u00e9ber Duarte Coelho FIL 9653 Filosofia da Ci\u00eancia II &#8211; Prof. Alexandre Meyer Luz EED 9185 Organiza\u00e7\u00e3o Escolar &#8211; Prof. Lauro de Matos 2026.1 QUARTA FASE [&hellip;]<\/p>\n","protected":false},"author":2,"featured_media":0,"parent":0,"menu_order":0,"comment_status":"closed","ping_status":"closed","template":"","meta":{"_et_pb_use_builder":"off","_et_pb_old_content":"<!-- wp:paragraph {\"fontSize\":\"medium\"} -->\n<p class=\"has-medium-font-size\"><a href=\"http:\/\/uab.ufsc.br\/ead\/filosofia\/wp-content\/uploads\/2024\/02\/Professores-do-curso.pdf\">Rela\u00e7\u00e3o completa em PDF<\/a><\/p>\n<!-- \/wp:paragraph -->\n\n<!-- wp:paragraph -->\n<p><\/p>\n<!-- \/wp:paragraph -->\n\n<!-- wp:paragraph -->\n<p><\/p>\n<!-- \/wp:paragraph -->\n\n<!-- wp:paragraph {\"fontSize\":\"large\"} -->\n<p class=\"has-large-font-size\"><strong>Segundo Per\u00edodo (2024.1)<\/strong><\/p>\n<!-- \/wp:paragraph -->\n\n<!-- wp:paragraph {\"fontSize\":\"medium\"} -->\n<p class=\"has-medium-font-size\"><\/p>\n<!-- \/wp:paragraph -->\n\n<!-- wp:paragraph {\"textColor\":\"black\",\"fontSize\":\"medium\"} -->\n<p class=\"has-black-color has-text-color has-medium-font-size\"><strong>FIL 9602 \u2013 Hist\u00f3ria da Filosofia II<\/strong><\/p>\n<!-- \/wp:paragraph -->\n\n<!-- wp:paragraph {\"style\":{\"elements\":{\"link\":{\"color\":{\"text\":\"var:preset|color|vivid-cyan-blue\"}}}},\"textColor\":\"vivid-cyan-blue\",\"fontSize\":\"medium\"} -->\n<p class=\"has-vivid-cyan-blue-color has-text-color has-link-color has-medium-font-size\">Prof. <a href=\"http:\/\/lattes.cnpq.br\/7267832411633230\" target=\"_blank\" rel=\"noreferrer noopener\">Luis Felipe Lauer<\/a><\/p>\n<!-- \/wp:paragraph -->\n\n<!-- wp:paragraph {\"textColor\":\"black\",\"fontSize\":\"medium\"} -->\n<p class=\"has-black-color has-text-color has-medium-font-size\"><strong>FIL 9631 \u2013 L\u00f3gica I<\/strong><\/p>\n<!-- \/wp:paragraph -->\n\n<!-- wp:paragraph {\"style\":{\"elements\":{\"link\":{\"color\":{\"text\":\"var:preset|color|vivid-cyan-blue\"}}}},\"textColor\":\"vivid-cyan-blue\",\"fontSize\":\"medium\"} -->\n<p class=\"has-vivid-cyan-blue-color has-text-color has-link-color has-medium-font-size\">Prof. <a href=\"http:\/\/lattes.cnpq.br\/9593167532954435\" target=\"_blank\" rel=\"noreferrer noopener\">Lauro de Matos Nunes Filho<\/a><\/p>\n<!-- \/wp:paragraph -->\n\n<!-- wp:paragraph {\"textColor\":\"black\",\"fontSize\":\"medium\"} -->\n<p class=\"has-black-color has-text-color has-medium-font-size\"><strong>FIL 9642 \u2013 Filosofia Pol\u00edtica II<\/strong><\/p>\n<!-- \/wp:paragraph -->\n\n<!-- wp:paragraph {\"style\":{\"elements\":{\"link\":{\"color\":{\"text\":\"var:preset|color|vivid-cyan-blue\"}}}},\"textColor\":\"vivid-cyan-blue\",\"fontSize\":\"medium\"} -->\n<p class=\"has-vivid-cyan-blue-color has-text-color has-link-color has-medium-font-size\">Prof. <a href=\"https:\/\/fil.cfh.ufsc.br\/denilson-luis-werle\/\" target=\"_blank\" rel=\"noreferrer noopener\">Denilson Luis Werle<\/a><\/p>\n<!-- \/wp:paragraph -->\n\n<!-- wp:paragraph {\"fontSize\":\"medium\"} -->\n<p class=\"has-medium-font-size\"><\/p>\n<!-- \/wp:paragraph -->\n\n<!-- wp:paragraph {\"textColor\":\"black\",\"fontSize\":\"medium\"} -->\n<p class=\"has-black-color has-text-color has-medium-font-size\"><strong>FIL 9622 \u2013 Ontologia II<\/strong><\/p>\n<!-- \/wp:paragraph -->\n\n<!-- wp:paragraph {\"style\":{\"elements\":{\"link\":{\"color\":{\"text\":\"var:preset|color|vivid-cyan-blue\"}}}},\"textColor\":\"vivid-cyan-blue\",\"fontSize\":\"medium\"} -->\n<p class=\"has-vivid-cyan-blue-color has-text-color has-link-color has-medium-font-size\">Prof. <a href=\"https:\/\/fil.cfh.ufsc.br\/jerzy-andre-brzozowski\/\">Jerzy Andr\u00e9 Brzozowski<\/a><\/p>\n<!-- \/wp:paragraph -->\n\n<!-- wp:paragraph -->\n<p><\/p>\n<!-- \/wp:paragraph -->\n\n<!-- wp:paragraph {\"style\":{\"elements\":{\"link\":{\"color\":{\"text\":\"var:preset|color|black\"}}}},\"textColor\":\"black\",\"fontSize\":\"medium\"} -->\n<p class=\"has-black-color has-text-color has-link-color has-medium-font-size\"><strong>FIL 9601 \u2013 Hist\u00f3ria da Filosofia<\/strong>*<\/p>\n<!-- \/wp:paragraph -->\n\n<!-- wp:paragraph {\"style\":{\"elements\":{\"link\":{\"color\":{\"text\":\"var:preset|color|vivid-cyan-blue\"}}}},\"textColor\":\"vivid-cyan-blue\",\"fontSize\":\"medium\"} -->\n<p class=\"has-vivid-cyan-blue-color has-text-color has-link-color has-medium-font-size\">Prof. <a href=\"http:\/\/lattes.cnpq.br\/4058978461118686\">Giovani Mendon\u00e7a Lunardi<\/a><\/p>\n<!-- \/wp:paragraph -->\n\n<!-- wp:paragraph -->\n<p><\/p>\n<!-- \/wp:paragraph -->\n\n<!-- wp:heading {\"style\":{\"typography\":{\"textTransform\":\"capitalize\"}},\"fontSize\":\"large\"} -->\n<h2 class=\"wp-block-heading has-large-font-size\" style=\"text-transform:capitalize\"><strong><a href=\"http:\/\/uab.ufsc.br\/ead\/filosofia\/wp-content\/uploads\/2024\/02\/Professores-do-curso.pdf\">Primeiro Per\u00edodo (2023.2)<\/a><\/strong><\/h2>\n<!-- \/wp:heading -->\n\n<!-- wp:paragraph -->\n<p><\/p>\n<!-- \/wp:paragraph -->\n\n<!-- wp:paragraph {\"textColor\":\"black\",\"fontSize\":\"medium\"} -->\n<p class=\"has-black-color has-text-color has-medium-font-size\"><strong>MEN 9101 \u2013 Introdu\u00e7\u00e3o \u00e0 Educa\u00e7\u00e3o a dist\u00e2ncia<\/strong><\/p>\n<!-- \/wp:paragraph -->\n\n<!-- wp:paragraph {\"style\":{\"elements\":{\"link\":{\"color\":{\"text\":\"var:preset|color|vivid-cyan-blue\"}}}},\"textColor\":\"vivid-cyan-blue\",\"fontSize\":\"medium\"} -->\n<p class=\"has-vivid-cyan-blue-color has-text-color has-link-color has-medium-font-size\">Profa. <a href=\"http:\/\/lattes.cnpq.br\/1543348404865052\">Dulce Marcia Cruz<\/a><\/p>\n<!-- \/wp:paragraph -->\n\n<!-- wp:paragraph {\"fontSize\":\"medium\"} -->\n<p class=\"has-medium-font-size\"><\/p>\n<!-- \/wp:paragraph -->\n\n<!-- wp:paragraph {\"textColor\":\"black\",\"fontSize\":\"medium\"} -->\n<p class=\"has-black-color has-text-color has-medium-font-size\"><strong>FIL 9601 \u2013 Hist\u00f3ria da Filosofia I<\/strong><\/p>\n<!-- \/wp:paragraph -->\n\n<!-- wp:paragraph {\"style\":{\"elements\":{\"link\":{\"color\":{\"text\":\"var:preset|color|vivid-cyan-blue\"}}}},\"textColor\":\"vivid-cyan-blue\",\"fontSize\":\"medium\"} -->\n<p class=\"has-vivid-cyan-blue-color has-text-color has-link-color has-medium-font-size\">Prof. <a href=\"http:\/\/lattes.cnpq.br\/9593167532954435\" target=\"_blank\" rel=\"noreferrer noopener\">Lauro de Matos Nunes Filho<\/a><\/p>\n<!-- \/wp:paragraph -->\n\n<!-- wp:paragraph {\"fontSize\":\"medium\"} -->\n<p class=\"has-medium-font-size\"><\/p>\n<!-- \/wp:paragraph -->\n\n<!-- wp:paragraph {\"textColor\":\"black\",\"fontSize\":\"medium\"} -->\n<p class=\"has-black-color has-text-color has-medium-font-size\"><strong>FIL 9600 \u2013 Teoria do Conhecimento<\/strong><\/p>\n<!-- \/wp:paragraph -->\n\n<!-- wp:paragraph {\"style\":{\"elements\":{\"link\":{\"color\":{\"text\":\"var:preset|color|vivid-cyan-blue\"}}}},\"textColor\":\"vivid-cyan-blue\",\"fontSize\":\"medium\"} -->\n<p class=\"has-vivid-cyan-blue-color has-text-color has-link-color has-medium-font-size\">Prof. <a href=\"https:\/\/fil.cfh.ufsc.br\/alexandre-meyer-luz\/\" target=\"_blank\" rel=\"noreferrer noopener\">Alexandre Meyer Luz<\/a><\/p>\n<!-- \/wp:paragraph -->\n\n<!-- wp:paragraph {\"fontSize\":\"medium\"} -->\n<p class=\"has-medium-font-size\"><\/p>\n<!-- \/wp:paragraph -->\n\n<!-- wp:paragraph {\"textColor\":\"black\",\"fontSize\":\"medium\"} -->\n<p class=\"has-black-color has-text-color has-medium-font-size\"><strong>FIL 9641 \u2013 Filosofia Pol\u00edtica I<\/strong><\/p>\n<!-- \/wp:paragraph -->\n\n<!-- wp:paragraph {\"style\":{\"elements\":{\"link\":{\"color\":{\"text\":\"var:preset|color|vivid-cyan-blue\"}}}},\"textColor\":\"vivid-cyan-blue\",\"fontSize\":\"medium\"} -->\n<p class=\"has-vivid-cyan-blue-color has-text-color has-link-color has-medium-font-size\">Prof. <a href=\"https:\/\/fil.cfh.ufsc.br\/denilson-luis-werle\/\" target=\"_blank\" rel=\"noreferrer noopener\">Denilson Luis Werle<\/a><\/p>\n<!-- \/wp:paragraph -->\n\n<!-- wp:paragraph {\"fontSize\":\"medium\"} -->\n<p class=\"has-medium-font-size\"><\/p>\n<!-- \/wp:paragraph -->\n\n<!-- wp:paragraph {\"textColor\":\"black\",\"fontSize\":\"medium\"} -->\n<p class=\"has-black-color has-text-color has-medium-font-size\"><strong>FIL 9621 \u2013 Ontologia I<\/strong><\/p>\n<!-- \/wp:paragraph -->\n\n<!-- wp:paragraph {\"style\":{\"elements\":{\"link\":{\"color\":{\"text\":\"var:preset|color|vivid-cyan-blue\"}}}},\"textColor\":\"vivid-cyan-blue\",\"fontSize\":\"medium\"} -->\n<p class=\"has-vivid-cyan-blue-color has-text-color has-link-color has-medium-font-size\">Prof. <a href=\"http:\/\/lattes.cnpq.br\/7267832411633230\" target=\"_blank\" rel=\"noreferrer noopener\">Luis Felipe Lauer<\/a><\/p>\n<!-- \/wp:paragraph -->","_et_gb_content_width":"","inline_featured_image":false,"footnotes":""},"class_list":["post-354","page","type-page","status-publish","hentry"],"_links":{"self":[{"href":"https:\/\/uab.ufsc.br\/ead\/filosofia\/wp-json\/wp\/v2\/pages\/354","targetHints":{"allow":["GET"]}}],"collection":[{"href":"https:\/\/uab.ufsc.br\/ead\/filosofia\/wp-json\/wp\/v2\/pages"}],"about":[{"href":"https:\/\/uab.ufsc.br\/ead\/filosofia\/wp-json\/wp\/v2\/types\/page"}],"author":[{"embeddable":true,"href":"https:\/\/uab.ufsc.br\/ead\/filosofia\/wp-json\/wp\/v2\/users\/2"}],"replies":[{"embeddable":true,"href":"https:\/\/uab.ufsc.br\/ead\/filosofia\/wp-json\/wp\/v2\/comments?post=354"}],"version-history":[{"count":69,"href":"https:\/\/uab.ufsc.br\/ead\/filosofia\/wp-json\/wp\/v2\/pages\/354\/revisions"}],"predecessor-version":[{"id":1614,"href":"https:\/\/uab.ufsc.br\/ead\/filosofia\/wp-json\/wp\/v2\/pages\/354\/revisions\/1614"}],"wp:attachment":[{"href":"https:\/\/uab.ufsc.br\/ead\/filosofia\/wp-json\/wp\/v2\/media?parent=354"}],"curies":[{"name":"wp","href":"https:\/\/api.w.org\/{rel}","templated":true}]}}