{"id":633,"date":"2023-11-13T15:38:27","date_gmt":"2023-11-13T18:38:27","guid":{"rendered":"http:\/\/uab.ufsc.br\/ead\/letras-portugues\/?page_id=633"},"modified":"2025-03-28T13:06:53","modified_gmt":"2025-03-28T16:06:53","slug":"faq","status":"publish","type":"page","link":"https:\/\/uab.ufsc.br\/ead\/letras-portugues\/faq\/","title":{"rendered":"D\u00favidas frequentes"},"content":{"rendered":"\n<h2 class=\"wp-block-heading alignwide\" id=\"we-re-a-studio-in-berlin-with-an-international-practice-in-architecture-urban-planning-and-interior-design-we-believe-in-sharing-knowledge-and-promoting-dialogue-to-increase-the-creative-potential-of-collaboration\" style=\"font-size:48px;line-height:1.1\">Valida\u00e7\u00e3o de disciplinas<\/h2>\n\n\n\n<p><strong>Se voc\u00ea j\u00e1 frequentou alguma disciplina de nosso curso em outra institui\u00e7\u00e3o e deseja valid\u00e1-la:<\/strong><\/p>\n\n\n\n<p>O pedido de valida\u00e7\u00e3o de disciplinas, bem como d\u00favidas relacionadas a esta solicita\u00e7\u00e3o, deve ser feito&nbsp;<strong>diretamente \u00e0 Secretaria\/Coordenadoria do curso de gradua\u00e7\u00e3o<\/strong>&nbsp;no qual o(a) estudante est\u00e1 matriculado.<br>Os alunos devem digitalizar o formul\u00e1rio e os documentos e encaminhar para o e-mail: <a href=\"mailto:letrasufscead@gmail.com\">letrasufscead@gmail.com<\/a><\/p>\n\n\n\n<p>Para tanto, o(a) estudante dever\u00e1 enviar, ao e-mail da sua Coordenadoria, a seguinte documenta\u00e7\u00e3o:<\/p>\n\n\n\n<ol class=\"wp-block-list\">\n<li><strong>Formul\u00e1rio de solicita\u00e7\u00e3o de valida\u00e7\u00e3o<\/strong>&nbsp; \u2013&nbsp;&nbsp;<a href=\"http:\/\/dae.paginas.ufsc.br\/files\/2020\/09\/Formul%C3%A1rio-de-Valida%C3%A7%C3%A3o-de-Disciplinas-ALUNO-vers%C3%A3o-03.pdf\" target=\"_blank\" rel=\"noreferrer noopener\">acesse aqui<\/a>;<\/li>\n\n\n\n<li><strong>Hist\u00f3rico escolar<\/strong>&nbsp;onde constem as disciplinas cursadas&nbsp; \u2013&nbsp; de prefer\u00eancia com certifica\u00e7\u00e3o digital;<\/li>\n\n\n\n<li><strong>Programa das disciplinas cursadas<\/strong>&nbsp;\u2013 necess\u00e1rio somente no caso de disciplinas realizadas em outra Institui\u00e7\u00e3o de Ensino Superior;<\/li>\n\n\n\n<li><strong>Certificados de semin\u00e1rios ou afins<\/strong>&nbsp;\u2013 quando for solicita\u00e7\u00e3o de valida\u00e7\u00e3o de atividades complementares que exijam a comprova\u00e7\u00e3o por meio destes documentos.<\/li>\n<\/ol>\n\n\n\n<p>Observa\u00e7\u00f5es:<\/p>\n\n\n\n<ul class=\"wp-block-list\">\n<li>Para preencher o&nbsp; formul\u00e1rio, deve-se baix\u00e1-lo no computador e abri-lo pelo programa Adobe Acrobat Reader.<\/li>\n\n\n\n<li>Os documentos ( itens \u2018b\u2019 \u2018c\u2019 e \u2018d\u2019&nbsp; acima) a serem anexados junto ao formul\u00e1rio devem ser c\u00f3pias fi\u00e9is de documentos aut\u00eanticos, de acordo com os termos e responsabiliza\u00e7\u00f5es cab\u00edveis do&nbsp;<a href=\"http:\/\/www.planalto.gov.br\/ccivil_03\/_Ato2015-2018\/2015\/Decreto\/D8539.htm\" target=\"_blank\" rel=\"noreferrer noopener\">Decreto Federal n\u00ba 8.539\/2015.<\/a><\/li>\n\n\n\n<li>Os documentos dever\u00e3o ser enviados nos seguintes formatos:&nbsp;&nbsp;&nbsp; PDF<em>,<\/em>&nbsp; JPEG,&nbsp; JPG&nbsp; ou&nbsp; GIF .<\/li>\n\n\n\n<li>Se a disciplina tiver sido cursada na UFSC, n\u00e3o \u00e9 necess\u00e1ria a documenta\u00e7\u00e3o, \u00e9 preciso somente o preenchimento do formul\u00e1rio.<\/li>\n\n\n\n<li>Aten\u00e7\u00e3o! A taxa que constava no formul\u00e1rio n\u00e3o \u00e9 mais cobrada, n\u00e3o se preocupe com isso.<\/li>\n<\/ul>\n\n\n\n<p>Para consultar os c\u00f3digos das disciplinas, veja a&nbsp;<a href=\"https:\/\/ead.ufsc.br\/portugues\/projeto-pedagogico-do-curso\/\" target=\"_blank\" rel=\"noreferrer noopener\">matriz curricular do nosso curso<\/a>.<\/p>\n\n\n\n<hr class=\"wp-block-separator has-alpha-channel-opacity\"\/>\n\n\n\n<h2 class=\"wp-block-heading alignwide\" id=\"we-re-a-studio-in-berlin-with-an-international-practice-in-architecture-urban-planning-and-interior-design-we-believe-in-sharing-knowledge-and-promoting-dialogue-to-increase-the-creative-potential-of-collaboration\" style=\"font-size:48px;line-height:1.1\">Cancelamento de matr\u00edcula<\/h2>\n\n\n\n<p>Para solicitar o cancelamento de matr\u00edcula em curso de gradua\u00e7\u00e3o da UFSC, deve-se enviar a seguinte documenta\u00e7\u00e3o,&nbsp;pelo e-mail do\/a estudante cadastrado no CAGR, para&nbsp;<strong>dicam.dae@contato.ufsc.br&nbsp; :<\/strong><\/p>\n\n\n\n<ol class=\"wp-block-list\">\n<li><strong>Digitaliza\u00e7\u00e3o do Documento de Identidade;<\/strong><\/li>\n\n\n\n<li><strong>Formul\u00e1rio de <a href=\"https:\/\/dae.paginas.ufsc.br\/files\/2022\/10\/Formul%C3%A1rio-de-Cancelamento-de-Matr%C3%ADcula-vers%C3%A3o-14.pdf\">Cancelamento de Matr\u00edcula<\/a><a href=\"https:\/\/dae.paginas.ufsc.br\/files\/2022\/10\/Formul%C3%A1rio-de-Cancelamento-de-Matr%C3%ADcula-vers%C3%A3o-12.pdf\">&nbsp;<\/a>preenchido e assinado;<\/strong><\/li>\n\n\n\n<li><strong>Declara\u00e7\u00e3o de Quita\u00e7\u00e3o de D\u00e9bito da Biblioteca Universit\u00e1ria, obtida no&nbsp;<em><a href=\"http:\/\/www.bu.ufsc.br\/design\/cnd.pdf\" target=\"_blank\" rel=\"noreferrer noopener\">Portal da BU<\/a>.<\/em>&nbsp;<\/strong>&nbsp; A apresenta\u00e7\u00e3o desta Declara\u00e7\u00e3o \u00e9 dispensada a estudantes em situa\u00e7\u00e3o de&nbsp;<em>trancamento<\/em>&nbsp;e a novos estudantes (calouros) que solicitem o cancelamento antes do in\u00edcio das aulas previsto no Calend\u00e1rio Acad\u00eamico.<\/li>\n<\/ol>\n\n\n\n<p><strong>Observa\u00e7\u00e3o: O cancelamento da matr\u00edcula implica a perda definitiva do v\u00ednculo com o curso.<\/strong><\/p>\n\n\n\n<hr class=\"wp-block-separator has-alpha-channel-opacity\"\/>\n\n\n\n<h2 class=\"wp-block-heading alignwide\" id=\"we-re-a-studio-in-berlin-with-an-international-practice-in-architecture-urban-planning-and-interior-design-we-believe-in-sharing-knowledge-and-promoting-dialogue-to-increase-the-creative-potential-of-collaboration\" style=\"font-size:48px;line-height:1.1\">Trancamento de matr\u00edcula<\/h2>\n\n\n\n<p><strong>Se voc\u00ea quiser fazer o trancamento de sua matr\u00edcula (conforme a Resolu\u00e7\u00e3o <a href=\"https:\/\/repositorio.ufsc.br\/bitstream\/handle\/123456789\/188631\/RESOLUCAO_n-017_cun_97_atualizada.pdf?\">17\/97\/CUn\/UFSC<\/a> s\u00f3 \u00e9 permitido a partir da segunda fase do curso):<\/strong><\/p>\n\n\n\n<p><a href=\"https:\/\/dae.paginas.ufsc.br\/files\/2019\/02\/Formul%C3%A1rio-de-Requerimento-Geral-vers%C3%A3o-08.pdf\" target=\"_blank\" rel=\"noreferrer noopener\">Clique aqui&nbsp;<\/a>e acesse o formul\u00e1rio. Pode ser preenchido e assinado manual ou digitalmente. Deve ser enviado para a secretaria do curso atrav\u00e9s do e-mail: <a href=\"mailto:letrasufscead@gmail.com\">letrasufscead@gmail.com<\/a>.<br>\u00c9 &nbsp;importante ressaltar a condi\u00e7\u00e3o de oferecimento do Curso, que n\u00e3o acontece em fluxo. Se voc\u00ea decidir trancar sua matr\u00edcula, ir\u00e1 perder as disciplinas que estiverem ocorrendo no momento. Se, futuramente, decidir voltar, n\u00e3o ter\u00e1 a oportunidade de cursar na mesma edi\u00e7\u00e3o as disciplinas que perdeu. E ainda, por ser um projeto, n\u00e3o temos previs\u00e3o de uma reoferta nos mesmos polos da oferta em andamento. Qualquer d\u00favida sobre isso, procure a secretaria do curso.<\/p>\n\n\n\n<hr class=\"wp-block-separator has-alpha-channel-opacity\"\/>\n\n\n\n<h2 class=\"wp-block-heading alignwide\" id=\"we-re-a-studio-in-berlin-with-an-international-practice-in-architecture-urban-planning-and-interior-design-we-believe-in-sharing-knowledge-and-promoting-dialogue-to-increase-the-creative-potential-of-collaboration\" style=\"font-size:48px;line-height:1.1\">Solicita\u00e7\u00e3o de revis\u00e3o de avalia\u00e7\u00e3o<\/h2>\n\n\n\n<p><strong>Se voc\u00ea tem uma reclama\u00e7\u00e3o a fazer sobre a corre\u00e7\u00e3o de alguma prova ou atividade avaliativa:<\/strong><\/p>\n\n\n\n<p>O prazo para um aluno reclamar e\/ou solicitar revis\u00e3o de provas e atividades avaliativas \u00e9 de dois dias \u00fateis, ap\u00f3s a divulga\u00e7\u00e3o dos resultados, segundo o artigo 73 da Resolu\u00e7\u00e3o 017\/CUN\/1997.<\/p>\n\n\n\n<p>Tais reclama\u00e7\u00f5es precisam ser circunstanciadas e devem ser postadas no espa\u00e7o pr\u00f3prio (o mesmo que voc\u00ea posta os atestados \u2013 \u201cJustificativa de faltas e solicita\u00e7\u00e3o de revis\u00e3o de avalia\u00e7\u00e3o\u201d) no Moodle de cada disciplina.<\/p>\n\n\n\n<p>As justificativas ou solicita\u00e7\u00f5es ser\u00e3o avaliadas pelo professor. Ap\u00f3s postar seu pedido de revis\u00e3o, envie uma mensagem, pelo moodle, ao professor da disciplina, avisando-o da postagem no link das justificativas e revis\u00e3o de notas.<\/p>\n\n\n\n<p>IMPORTANTE: o aluno que perder o <strong>prazo de dois dias \u00fateis <\/strong>para postar sua reclama\u00e7\u00e3o no Moodle n\u00e3o ter\u00e1 direito de recorrer \u00e0 Coordena\u00e7\u00e3o do Curso sobre sua justificativa ou solicita\u00e7\u00e3o.<\/p>\n\n\n\n<h2 class=\"wp-block-heading alignwide\" id=\"we-re-a-studio-in-berlin-with-an-international-practice-in-architecture-urban-planning-and-interior-design-we-believe-in-sharing-knowledge-and-promoting-dialogue-to-increase-the-creative-potential-of-collaboration\" style=\"font-size:48px;line-height:1.1\">Falta em atividade n\u00e3o avaliativa<\/h2>\n\n\n\n<p><strong>Voc\u00ea faltou em uma atividade presencial que&nbsp;N\u00c3O&nbsp;valia nota (videoconfer\u00eancia, aula presencial, grupo de estudo) e quer se justificar?<\/strong><\/p>\n\n\n\n<p>1. Redija uma justificativa de aus\u00eancia na atividade presencial, conforme o&nbsp;modelo&nbsp;(aula presencial, videoconfer\u00eancia, ou grupo de estudo);<\/p>\n\n\n\n<p><object data=\"http:\/\/uab.ufsc.br\/ead\/letras-portugues\/wp-content\/uploads\/2023\/08\/justificativa-de-falta-em-atividade-nao-avaliativa.pdf\" type=\"application\/pdf\"><\/object><a href=\"http:\/\/uab.ufsc.br\/ead\/letras-portugues\/wp-content\/uploads\/2023\/08\/justificativa-de-falta-em-atividade-nao-avaliativa.pdf\">justificativa-de-falta-em-atividade-nao-avaliativa<\/a><a href=\"http:\/\/uab.ufsc.br\/ead\/letras-portugues\/wp-content\/uploads\/2023\/08\/justificativa-de-falta-em-atividade-nao-avaliativa.pdf\">Baixar<\/a><\/p>\n\n\n\n<p>2. Anexe \u00e0 sua justificativa o documento comprobat\u00f3rio (atestado ou documento que comprove a sua aus\u00eancia).<\/p>\n\n\n\n<p>3. Entregue ao tutor do polo, em at\u00e9 48h depois da atividade.<\/p>\n\n\n\n<hr class=\"wp-block-separator has-alpha-channel-opacity\"\/>\n\n\n\n<h2 class=\"wp-block-heading alignwide\" id=\"we-re-a-studio-in-berlin-with-an-international-practice-in-architecture-urban-planning-and-interior-design-we-believe-in-sharing-knowledge-and-promoting-dialogue-to-increase-the-creative-potential-of-collaboration\" style=\"font-size:48px;line-height:1.1\">Regime domiciliar<\/h2>\n\n\n\n<p><strong>Voc\u00ea precisa entrar em regime domiciliar por motivo de sa\u00fade (atestado m\u00e9dico de muitos dias)?<\/strong><\/p>\n\n\n\n<p>Conforme a Se\u00e7\u00e3o II, do Regulamento dos cursos de Gradua\u00e7\u00e3o da UFSC,<\/p>\n\n\n\n<p>Art. 75 \u2013 ser\u00e3o merecedores de tratamento especial em regime domiciliar:<\/p>\n\n\n\n<p>I- A aluna gestante, a partir do 8\u00b0 m\u00eas de gesta\u00e7\u00e3o e durante 4 meses, desde que comprovado por atestado m\u00e9dico competente.<\/p>\n\n\n\n<p>II- O aluno com afec\u00e7\u00f5es cong\u00eanitas ou adquiridas, infec\u00e7\u00f5es, traumatismos ou outras condi\u00e7\u00f5es m\u00f3rbidas caracterizadas por:<\/p>\n\n\n\n<p>a)&nbsp;&nbsp;&nbsp;&nbsp;&nbsp; Incapacidade f\u00edsica relativa, incompat\u00edvel com a frequ\u00eancia aos trabalhos escolares, desde que se verifique a conserva\u00e7\u00e3o das condi\u00e7\u00f5es intelectuais e emocionais para o prosseguimento da atividade escolar em regime domiciliar;<\/p>\n\n\n\n<p>b)&nbsp;&nbsp;&nbsp;&nbsp; Ocorr\u00eancia isolada ou espor\u00e1dica.<\/p>\n\n\n\n<p>Par\u00e1grafo \u00fanico \u2013 A concess\u00e3o de tratamento especial em regime domiciliar fica condicionada \u00e0 garantia de continuidade de processo pedag\u00f3gico de aprendizagem.<\/p>\n\n\n\n<p>Art. 76 \u2013 Como compensa\u00e7\u00e3o da aus\u00eancia \u00e0s aulas, atribuir-se-\u00e3o ao aluno exerc\u00edcios domiciliares, sob acompanhamento de professor, sempre que compat\u00edveis com o seu estado de sa\u00fade e as caracter\u00edsticas das disciplinas e do curso.<\/p>\n\n\n\n<p>Art. 77 \u2013 Este regime de exce\u00e7\u00e3o ser\u00e1 concedido pelo Presidente do Colegiado do Curso, tendo por base laudo m\u00e9dico emitido por autoridade competente da UFSC, atendido o disposto no art. 76 deste Regulamento.<\/p>\n\n\n\n<p>Aten\u00e7\u00e3o! O aluno n\u00e3o entra automaticamente em regime domiciliar, \u00e9 preciso preencher um REQUERIMENTO GERAL, conforme&nbsp;o modelo, pedindo o regime domiciliar. Esse requerimento deve ser encaminhado \u00e0 coordena\u00e7\u00e3o do curso, com o atestado m\u00e9dico em anexo<a href=\"https:\/\/ead.ufsc.br\/portugues\/formularios\/\"><\/a>.<\/p>\n\n\n\n<p><a href=\"http:\/\/uab.ufsc.br\/ead\/letras-portugues\/wp-content\/uploads\/2023\/08\/REQUERIMENTO.docx\">REQUERIMENTO GERAL<\/a><a href=\"https:\/\/dae.paginas.ufsc.br\/files\/2019\/02\/Formul%C3%A1rio-de-Requerimento-Geral-vers%C3%A3o-08.pdf\">Baixar<\/a><\/p>\n\n\n\n<p>Devem constar no atestado: o nome do aluno; o CRM do m\u00e9dico; o c\u00f3digo da doen\u00e7a; a assinatura e o carimbo do m\u00e9dico.<\/p>\n\n\n\n<p>O regime domiciliar passa a ter in\u00edcio apenas a partir do momento em que a coordena\u00e7\u00e3o deferir o requerimento do aluno.<\/p>\n\n\n\n<p>Lembramos que \u00e9 dever do aluno em regime domiciliar fazer as atividades&nbsp;<em>online<\/em>&nbsp;da disciplina (postadas no moodle). Essas atividades devem ser entregues no prazo. Apenas se tiver algum problema \u00e9 que o aluno ir\u00e1 conversar com o tutor da disciplina para negociar uma nova data de entrega.<\/p>\n\n\n\n<p>Os professores ir\u00e3o providenciar atividades especiais, que substituir\u00e3o as provas presenciais, para que o aluno possa fazer em casa.<\/p>\n\n\n\n<p>Aten\u00e7\u00e3o! \u00c9 de grande import\u00e2ncia a comunica\u00e7\u00e3o entre tutores UFSC, aluno, tutores presenciais e coordena\u00e7\u00e3o. Portanto, mesmo em regime domiciliar, o aluno n\u00e3o deve deixar de se comunicar com a equipe, dando informa\u00e7\u00f5es sobre o andamento de seu processo de aprendizagem.<\/p>\n\n\n\n<hr class=\"wp-block-separator has-alpha-channel-opacity\"\/>\n\n\n\n<h2 class=\"wp-block-heading alignwide\" id=\"we-re-a-studio-in-berlin-with-an-international-practice-in-architecture-urban-planning-and-interior-design-we-believe-in-sharing-knowledge-and-promoting-dialogue-to-increase-the-creative-potential-of-collaboration\" style=\"font-size:48px;line-height:1.1\">Falta em atividade avaliativa<\/h2>\n\n\n\n<p><strong>Voc\u00ea faltou em uma avalia\u00e7\u00e3o presencial que valia nota (prova ou tarefa presencial)?<\/strong><\/p>\n\n\n\n<p>Siga<strong>&nbsp;<\/strong>as instru\u00e7\u00f5es para a solicita\u00e7\u00e3o de avalia\u00e7\u00e3o presencial extra:<\/p>\n\n\n\n<p>1. Redija a sua justificativa de aus\u00eancia na avalia\u00e7\u00e3o presencial (prova ou qualquer atividade presencial que tenha valido nota), conforme&nbsp;o modelo.<\/p>\n\n\n\n<p><a href=\"http:\/\/uab.ufsc.br\/ead\/letras-portugues\/wp-content\/uploads\/2023\/08\/REQUERIMENTO-PARA-AVALIACAO-PRESENCIAL-EXTRA.docx\">REQUERIMENTO-PARA-AVALIACAO-PRESENCIAL-EXTRA<\/a><a href=\"http:\/\/uab.ufsc.br\/ead\/letras-portugues\/wp-content\/uploads\/2023\/08\/REQUERIMENTO-PARA-AVALIACAO-PRESENCIAL-EXTRA.docx\">Baixar<\/a><\/p>\n\n\n\n<p>2. Digitalize o documento comprobat\u00f3rio (atestado ou documento que comprove a sua aus\u00eancia) e anexe \u00e0 sua justificativa preenchida.<\/p>\n\n\n\n<p>3. Envie essa documenta\u00e7\u00e3o via moodle dentro de 48 horas a contar da data em que a avalia\u00e7\u00e3o presencial foi realizada, segundo as imagens abaixo. &nbsp;As solicita\u00e7\u00f5es enviadas fora do prazo n\u00e3o ser\u00e3o apreciadas.<\/p>\n\n\n\n<p>4. Envie uma mensagem, pelo moodle, ao professor da disciplina, avisando que voc\u00ea postou uma justificativa de falta no link das justificativas.<\/p>\n\n\n\n<figure class=\"wp-block-image\"><a href=\"http:\/\/ead.ufsc.br\/portugues\/files\/2017\/05\/1.jpg\"><img decoding=\"async\" src=\"http:\/\/ead.ufsc.br\/portugues\/files\/2017\/05\/1-1024x640.jpg\" alt=\"\"\/><\/a><\/figure>\n\n\n\n<p><strong>Imagem 1:<\/strong>&nbsp;Na p\u00e1gina da disciplina em cuja avalia\u00e7\u00e3o voc\u00ea faltou, clique em \u201cjustificativa de falta em avalia\u00e7\u00f5es presenciais e revis\u00e3o de nota\u201d. Este link estar\u00e1 sempre no t\u00f3pico inicial da disciplina.<\/p>\n\n\n\n<figure class=\"wp-block-image\"><a href=\"http:\/\/ead.ufsc.br\/portugues\/files\/2017\/05\/2.jpg\"><img decoding=\"async\" src=\"http:\/\/ead.ufsc.br\/portugues\/files\/2017\/05\/2.jpg\" alt=\"\"\/><\/a><\/figure>\n\n\n\n<p><a href=\"http:\/\/ead.ufsc.br\/portugues\/files\/2017\/05\/2.jpg\"><\/a><\/p>\n\n\n\n<p><strong>Imagem 2:<\/strong>&nbsp;Envie sua documenta\u00e7\u00e3o atrav\u00e9s da ferramenta destacada.<\/p>\n\n\n\n<p>O DEFERIMENTO SER\u00c1 DADO PELO PROFESSOR DA DISCIPLINA E CONCEDIDO NOS SEGUINTES CASOS:<\/p>\n\n\n\n<p>1. Alunos com doen\u00e7as infecto contagiosas (Decreto Lei n\u00b0 1044, de 21\/10\/1969), devidamente comprovadas. O atestado m\u00e9dico s\u00f3 ter\u00e1 validade se possuir a assinatura e CRM do m\u00e9dico e o CID da doen\u00e7a.<\/p>\n\n\n\n<p>2. Gestantes (Lei n\u00b0 6202, de 17\/04\/1975) sob impedimento devidamente comprovado.<\/p>\n\n\n\n<p>3. Profissionais que trabalhem em regime de plant\u00e3o. Profissionais como: bombeiros, policiais, m\u00e9dico, enfermeiro, auxiliar de enfermagem, nutricionistas, psic\u00f3logos entre outros que trabalhem em regime de plant\u00e3o devem anexar uma declara\u00e7\u00e3o da institui\u00e7\u00e3o (em papel timbrado com o nome e o carimbo do respons\u00e1vel).<\/p>\n\n\n\n<p>4. Outros casos omissos ser\u00e3o analisados pelo professor da disciplina e ser\u00e3o concedidos se este julgar a justificativa plaus\u00edvel.<\/p>\n\n\n\n<hr class=\"wp-block-separator has-alpha-channel-opacity\"\/>\n\n\n\n<h2 class=\"wp-block-heading alignwide\" id=\"we-re-a-studio-in-berlin-with-an-international-practice-in-architecture-urban-planning-and-interior-design-we-believe-in-sharing-knowledge-and-promoting-dialogue-to-increase-the-creative-potential-of-collaboration\" style=\"font-size:48px;line-height:1.1\">Trocar de e-mail<\/h2>\n\n\n\n<p><strong>1)<\/strong>&nbsp;Acessar&nbsp;<a href=\"https:\/\/pessoa.sistemas.ufsc.br\/\" target=\"_blank\" rel=\"noreferrer noopener\">https:\/\/pessoa.sistemas.ufsc.br\/<\/a>, entrar com o CPF ou idUFSC\/matr\u00edcula da UFSC e com a senha UFSC;<\/p>\n\n\n\n<p><strong>2)<\/strong>&nbsp;Clique em&nbsp;<strong>Meus Dados (1)<\/strong>&nbsp;e depois em&nbsp;<strong>Alterar E-mails (2)<\/strong>;<\/p>\n\n\n\n<figure class=\"wp-block-image\"><img decoding=\"async\" src=\"http:\/\/servicosti.sistemas.ufsc.br\/ckeditor\/getimage?imageId=CE73DE354267CBE52E64345D34761F9541D0C7744B7CD5719268E983910CBF6DAEB8ABE1855028C9F366BE5E7E3B21FB0F9FD5319B6323EDA8FA04973C9B6566\" alt=\"\"\/><\/figure>\n\n\n\n<p><strong>3)<\/strong>&nbsp;Colocar o e-mail que voc\u00ea quer cadastrar no&nbsp;<strong>campo em branco<\/strong>&nbsp;e clique em&nbsp;<strong>Adicionar<\/strong>;<\/p>\n\n\n\n<figure class=\"wp-block-image\"><img decoding=\"async\" src=\"http:\/\/servicosti.sistemas.ufsc.br\/ckeditor\/getimage?imageId=78EB61C7F4000FD80B5A8D45FD4C41BD918D59997C926314C451366FB14CAAECED9EBED01052835EE6A2EAD48A1173108E2900BA1AEF0E0EF62C3405B0DD1654\" alt=\"\"\/><\/figure>\n\n\n\n<p><em><strong>Observa\u00e7\u00e3o:<\/strong>&nbsp;O quadro acima mostra todos os e-mail cadastrados no sistema pelo usu\u00e1rio, caso ele tente cadastrar um e-mail que j\u00e1 est\u00e1 cadastrado no usu\u00e1rio dele aparecer\u00e1 a mensagem de erro conforme abaixo:<\/em><\/p>\n\n\n\n<figure class=\"wp-block-image\"><img decoding=\"async\" src=\"http:\/\/servicosti.sistemas.ufsc.br\/ckeditor\/getimage?imageId=20CFEF9BC91AA66597B4D63E9EA7193FFD1B3AC1022460DC5E7695790526506E9172DBA1DB7920225D6E178D1CAD0DA0937F7BBFA69C6AE7BA55699C5D530A25\" alt=\"\"\/><\/figure>\n\n\n\n<p><strong>4)<\/strong>&nbsp;Caso o e-mail ainda n\u00e3o tenha sido cadastrado, basta clicar em&nbsp;<strong>Salvar (5)<\/strong>&nbsp;ap\u00f3s ele aparece no quadro dos e-mail cadastrados;<\/p>\n\n\n\n<figure class=\"wp-block-image\"><img decoding=\"async\" src=\"http:\/\/servicosti.sistemas.ufsc.br\/ckeditor\/getimage?imageId=E27B82115606A4A7CDCD908A282839721B408751B3DEAEC338CCC3C198B35DE89A246E2238328A258295D895564039E816638D031E222A5383A2A3799DA8B25E\" alt=\"\"\/><\/figure>\n\n\n\n<p><em><strong>Observa\u00e7\u00e3o:<\/strong>&nbsp;Caso queira excluir um e-mail que deseja mais utilizar, basta clicar no circulo vermelho da coluna Excluir.<\/em><\/p>\n\n\n\n<p><strong>5)<\/strong>&nbsp;Agora acesse o e-mail que acabou de ser&nbsp;cadastrado, abra a mensagem (e-mail) enviada&nbsp;autom\u00e1ticamente pelo sistema UFSC e clique no link para fazer a valida\u00e7\u00e3o deste e-mail.<\/p>\n\n\n\n<p><strong>6)<\/strong>&nbsp;Acesse novamente o sistema&nbsp;<a href=\"https:\/\/pessoa.sistemas.ufsc.br\/\" target=\"_blank\" rel=\"noreferrer noopener\">https:\/\/pessoa.sistemas.ufsc.br\/<\/a>, entrar com o CPF ou idUFSC\/matr\u00edcula da UFSC e com a senha UFSC;<\/p>\n\n\n\n<p><strong>7)<\/strong>&nbsp;Clique em&nbsp;<strong>Meus Dados (1)<\/strong>&nbsp;e depois em&nbsp;<strong>Alterar E-mails (2)<\/strong>;<\/p>\n\n\n\n<p><strong>8)<\/strong>&nbsp;Clicar em&nbsp;<strong>usar como preferencial<\/strong>.<\/p>\n\n\n\n<p><strong>Pronto o e-mail estar\u00e1 trocado.<\/strong><\/p>\n","protected":false},"excerpt":{"rendered":"<p>Valida\u00e7\u00e3o de disciplinas Se voc\u00ea j\u00e1 frequentou alguma disciplina de nosso curso em outra institui\u00e7\u00e3o e deseja valid\u00e1-la: O pedido de valida\u00e7\u00e3o de disciplinas, bem como d\u00favidas relacionadas a esta solicita\u00e7\u00e3o, deve ser feito&nbsp;diretamente \u00e0 Secretaria\/Coordenadoria do curso de gradua\u00e7\u00e3o&nbsp;no qual o(a) estudante est\u00e1 matriculado.Os alunos devem digitalizar o formul\u00e1rio e os documentos e encaminhar [&hellip;]<\/p>\n","protected":false},"author":10,"featured_media":0,"parent":0,"menu_order":0,"comment_status":"closed","ping_status":"closed","template":"","meta":{"_et_pb_use_builder":"off","_et_pb_old_content":"<!-- wp:heading {\"align\":\"wide\",\"style\":{\"typography\":{\"fontSize\":\"48px\",\"lineHeight\":\"1.1\"}}} -->\n<h2 class=\"wp-block-heading alignwide\" id=\"we-re-a-studio-in-berlin-with-an-international-practice-in-architecture-urban-planning-and-interior-design-we-believe-in-sharing-knowledge-and-promoting-dialogue-to-increase-the-creative-potential-of-collaboration\" style=\"font-size:48px;line-height:1.1\">Valida\u00e7\u00e3o de disciplinas<\/h2>\n<!-- \/wp:heading -->\n\n<!-- wp:paragraph -->\n<p><strong>Se voc\u00ea j\u00e1 frequentou alguma disciplina de nosso curso em outra institui\u00e7\u00e3o e deseja valid\u00e1-la:<\/strong><\/p>\n<!-- \/wp:paragraph -->\n\n<!-- wp:paragraph -->\n<p>O pedido de valida\u00e7\u00e3o de disciplinas, bem como d\u00favidas relacionadas a esta solicita\u00e7\u00e3o, deve ser feito\u00a0<strong>diretamente \u00e0 Secretaria\/Coordenadoria do curso de gradua\u00e7\u00e3o<\/strong>\u00a0no qual o(a) estudante est\u00e1 matriculado.<br>Os alunos devem digitalizar o formul\u00e1rio e os documentos e encaminhar para o e-mail: <a href=\"mailto:letrasufscead@gmail.com\">letrasufscead@gmail.com<\/a><\/p>\n<!-- \/wp:paragraph -->\n\n<!-- wp:paragraph -->\n<p>Para tanto, o(a) estudante dever\u00e1 enviar, ao e-mail da sua Coordenadoria, a seguinte documenta\u00e7\u00e3o:<\/p>\n<!-- \/wp:paragraph -->\n\n<!-- wp:list {\"ordered\":true} -->\n<ol><!-- wp:list-item -->\n<li><strong>Formul\u00e1rio de solicita\u00e7\u00e3o de valida\u00e7\u00e3o<\/strong>&nbsp; \u2013&nbsp;&nbsp;<a href=\"http:\/\/dae.paginas.ufsc.br\/files\/2020\/09\/Formul%C3%A1rio-de-Valida%C3%A7%C3%A3o-de-Disciplinas-ALUNO-vers%C3%A3o-03.pdf\" target=\"_blank\" rel=\"noreferrer noopener\">acesse aqui<\/a>;<\/li>\n<!-- \/wp:list-item -->\n\n<!-- wp:list-item -->\n<li><strong>Hist\u00f3rico escolar<\/strong>&nbsp;onde constem as disciplinas cursadas&nbsp; \u2013&nbsp; de prefer\u00eancia com certifica\u00e7\u00e3o digital;<\/li>\n<!-- \/wp:list-item -->\n\n<!-- wp:list-item -->\n<li><strong>Programa das disciplinas cursadas<\/strong>&nbsp;\u2013 necess\u00e1rio somente no caso de disciplinas realizadas em outra Institui\u00e7\u00e3o de Ensino Superior;<\/li>\n<!-- \/wp:list-item -->\n\n<!-- wp:list-item -->\n<li><strong>Certificados de semin\u00e1rios ou afins<\/strong>&nbsp;\u2013 quando for solicita\u00e7\u00e3o de valida\u00e7\u00e3o de atividades complementares que exijam a comprova\u00e7\u00e3o por meio destes documentos.<\/li>\n<!-- \/wp:list-item --><\/ol>\n<!-- \/wp:list -->\n\n<!-- wp:paragraph -->\n<p>Observa\u00e7\u00f5es:<\/p>\n<!-- \/wp:paragraph -->\n\n<!-- wp:list -->\n<ul><!-- wp:list-item -->\n<li>Para preencher o&nbsp; formul\u00e1rio, deve-se baix\u00e1-lo no computador e abri-lo pelo programa Adobe Acrobat Reader.<\/li>\n<!-- \/wp:list-item -->\n\n<!-- wp:list-item -->\n<li>Os documentos ( itens \u2018b\u2019 \u2018c\u2019 e \u2018d\u2019&nbsp; acima) a serem anexados junto ao formul\u00e1rio devem ser c\u00f3pias fi\u00e9is de documentos aut\u00eanticos, de acordo com os termos e responsabiliza\u00e7\u00f5es cab\u00edveis do&nbsp;<a href=\"http:\/\/www.planalto.gov.br\/ccivil_03\/_Ato2015-2018\/2015\/Decreto\/D8539.htm\" target=\"_blank\" rel=\"noreferrer noopener\">Decreto Federal n\u00ba 8.539\/2015.<\/a><\/li>\n<!-- \/wp:list-item -->\n\n<!-- wp:list-item -->\n<li>Os documentos dever\u00e3o ser enviados nos seguintes formatos:&nbsp;&nbsp;&nbsp; PDF<em>,<\/em>&nbsp; JPEG,&nbsp; JPG&nbsp; ou&nbsp; GIF .<\/li>\n<!-- \/wp:list-item -->\n\n<!-- wp:list-item -->\n<li>Se a disciplina tiver sido cursada na UFSC, n\u00e3o \u00e9 necess\u00e1ria a documenta\u00e7\u00e3o, \u00e9 preciso somente o preenchimento do formul\u00e1rio.<\/li>\n<!-- \/wp:list-item -->\n\n<!-- wp:list-item -->\n<li>Aten\u00e7\u00e3o! A taxa que constava no formul\u00e1rio n\u00e3o \u00e9 mais cobrada, n\u00e3o se preocupe com isso.<\/li>\n<!-- \/wp:list-item --><\/ul>\n<!-- \/wp:list -->\n\n<!-- wp:paragraph -->\n<p>Para consultar os c\u00f3digos das disciplinas, veja a&nbsp;<a href=\"https:\/\/ead.ufsc.br\/portugues\/projeto-pedagogico-do-curso\/\" target=\"_blank\" rel=\"noreferrer noopener\">matriz curricular do nosso curso<\/a>.<\/p>\n<!-- \/wp:paragraph -->\n\n<!-- wp:separator -->\n<hr class=\"wp-block-separator has-alpha-channel-opacity\"\/>\n<!-- \/wp:separator -->\n\n<!-- wp:heading {\"align\":\"wide\",\"style\":{\"typography\":{\"fontSize\":\"48px\",\"lineHeight\":\"1.1\"}}} -->\n<h2 class=\"wp-block-heading alignwide\" id=\"we-re-a-studio-in-berlin-with-an-international-practice-in-architecture-urban-planning-and-interior-design-we-believe-in-sharing-knowledge-and-promoting-dialogue-to-increase-the-creative-potential-of-collaboration\" style=\"font-size:48px;line-height:1.1\">Cancelamento de matr\u00edcula<\/h2>\n<!-- \/wp:heading -->\n\n<!-- wp:paragraph -->\n<p>Para solicitar o cancelamento de matr\u00edcula em curso de gradua\u00e7\u00e3o da UFSC, deve-se enviar a seguinte documenta\u00e7\u00e3o,&nbsp;pelo e-mail do\/a estudante cadastrado no CAGR, para&nbsp;<strong>dicam.dae@contato.ufsc.br&nbsp; :<\/strong><\/p>\n<!-- \/wp:paragraph -->\n\n<!-- wp:list {\"ordered\":true} -->\n<ol><!-- wp:list-item -->\n<li><strong>Digitaliza\u00e7\u00e3o do Documento de Identidade;<\/strong><\/li>\n<!-- \/wp:list-item -->\n\n<!-- wp:list-item -->\n<li><strong><a href=\"http:\/\/dae.paginas.ufsc.br\/files\/2022\/10\/Formul%C3%A1rio-de-Cancelamento-de-Matr%C3%ADcula-vers%C3%A3o-11.pdf\" target=\"_blank\" rel=\"noreferrer noopener\">Formul\u00e1rio de Cancelamento de Matr\u00edcula<\/a>&nbsp;preenchido e assinado;<\/strong><\/li>\n<!-- \/wp:list-item -->\n\n<!-- wp:list-item -->\n<li><strong>Declara\u00e7\u00e3o de Quita\u00e7\u00e3o de D\u00e9bito da Biblioteca Universit\u00e1ria, obtida no&nbsp;<em><a href=\"http:\/\/www.bu.ufsc.br\/design\/cnd.pdf\" target=\"_blank\" rel=\"noreferrer noopener\">Portal da BU<\/a>.<\/em>&nbsp;<\/strong>&nbsp; A apresenta\u00e7\u00e3o desta Declara\u00e7\u00e3o \u00e9 dispensada a estudantes em situa\u00e7\u00e3o de&nbsp;<em>trancamento<\/em>&nbsp;e a novos estudantes (calouros) que solicitem o cancelamento antes do in\u00edcio das aulas previsto no Calend\u00e1rio Acad\u00eamico.<\/li>\n<!-- \/wp:list-item --><\/ol>\n<!-- \/wp:list -->\n\n<!-- wp:paragraph -->\n<p><strong>Observa\u00e7\u00e3o: O cancelamento da matr\u00edcula implica a perda definitiva do v\u00ednculo com o curso.<\/strong><\/p>\n<!-- \/wp:paragraph -->\n\n<!-- wp:separator -->\n<hr class=\"wp-block-separator has-alpha-channel-opacity\"\/>\n<!-- \/wp:separator -->\n\n<!-- wp:heading {\"align\":\"wide\",\"style\":{\"typography\":{\"fontSize\":\"48px\",\"lineHeight\":\"1.1\"}}} -->\n<h2 class=\"wp-block-heading alignwide\" id=\"we-re-a-studio-in-berlin-with-an-international-practice-in-architecture-urban-planning-and-interior-design-we-believe-in-sharing-knowledge-and-promoting-dialogue-to-increase-the-creative-potential-of-collaboration\" style=\"font-size:48px;line-height:1.1\">Trancamento de matr\u00edcula<\/h2>\n<!-- \/wp:heading -->\n\n<!-- wp:paragraph -->\n<p><strong>Se voc\u00ea quiser fazer o trancamento de sua matr\u00edcula (conforme a Resolu\u00e7\u00e3o <a href=\"https:\/\/repositorio.ufsc.br\/bitstream\/handle\/123456789\/188631\/RESOLUCAO_n-017_cun_97_atualizada.pdf?\">17\/97\/CUn\/UFSC<\/a> s\u00f3 \u00e9 permitido a partir da segunda fase do curso):<\/strong><\/p>\n<!-- \/wp:paragraph -->\n\n<!-- wp:paragraph -->\n<p><a rel=\"noreferrer noopener\" href=\"http:\/\/ead.ufsc.br\/portugues\/files\/2013\/02\/formul%C3%A1rio-de-trancamento-de-matr%C3%ADcula.pdf\" target=\"_blank\">Clique aqui&nbsp;<\/a>e acesse o formul\u00e1rio. Pode ser preenchido e assinado manual ou digitalmente. Deve ser enviado para a secretaria do curso atrav\u00e9s do e-mail: <a href=\"mailto:letrasufscead@gmail.com\">letrasufscead@gmail.com<\/a>.<br>\u00c9 &nbsp;importante ressaltar a condi\u00e7\u00e3o de oferecimento do Curso, que n\u00e3o acontece em fluxo. Se voc\u00ea decidir trancar sua matr\u00edcula, ir\u00e1 perder as disciplinas que estiverem ocorrendo no momento. Se, futuramente, decidir voltar, n\u00e3o ter\u00e1 a oportunidade de cursar na mesma edi\u00e7\u00e3o as disciplinas que perdeu. E ainda, por ser um projeto, n\u00e3o temos previs\u00e3o de uma reoferta nos mesmos polos da oferta em andamento. Qualquer d\u00favida sobre isso, procure a secretaria do curso.<\/p>\n<!-- \/wp:paragraph -->\n\n<!-- wp:separator -->\n<hr class=\"wp-block-separator has-alpha-channel-opacity\"\/>\n<!-- \/wp:separator -->\n\n<!-- wp:heading {\"align\":\"wide\",\"style\":{\"typography\":{\"fontSize\":\"48px\",\"lineHeight\":\"1.1\"}}} -->\n<h2 class=\"wp-block-heading alignwide\" id=\"we-re-a-studio-in-berlin-with-an-international-practice-in-architecture-urban-planning-and-interior-design-we-believe-in-sharing-knowledge-and-promoting-dialogue-to-increase-the-creative-potential-of-collaboration\" style=\"font-size:48px;line-height:1.1\">Solicita\u00e7\u00e3o de revis\u00e3o de avalia\u00e7\u00e3o<\/h2>\n<!-- \/wp:heading -->\n\n<!-- wp:paragraph -->\n<p><strong>Se voc\u00ea tem uma reclama\u00e7\u00e3o a fazer sobre a corre\u00e7\u00e3o de alguma prova ou atividade avaliativa:<\/strong><\/p>\n<!-- \/wp:paragraph -->\n\n<!-- wp:paragraph -->\n<p>O prazo para um aluno reclamar e\/ou solicitar revis\u00e3o de provas e atividades avaliativas \u00e9 de dois dias \u00fateis, ap\u00f3s a divulga\u00e7\u00e3o dos resultados, segundo o artigo 73 da Resolu\u00e7\u00e3o 017\/CUN\/1997.<\/p>\n<!-- \/wp:paragraph -->\n\n<!-- wp:paragraph -->\n<p>Tais reclama\u00e7\u00f5es precisam ser circunstanciadas e devem ser postadas no espa\u00e7o pr\u00f3prio (o mesmo que voc\u00ea posta os atestados \u2013 \u201cJustificativa de faltas e solicita\u00e7\u00e3o de revis\u00e3o de avalia\u00e7\u00e3o\u201d) no Moodle de cada disciplina.<\/p>\n<!-- \/wp:paragraph -->\n\n<!-- wp:paragraph -->\n<p>As justificativas ou solicita\u00e7\u00f5es ser\u00e3o avaliadas pelo professor. Ap\u00f3s postar seu pedido de revis\u00e3o, envie uma mensagem, pelo moodle, ao professor da disciplina, avisando-o da postagem no link das justificativas e revis\u00e3o de notas.<\/p>\n<!-- \/wp:paragraph -->\n\n<!-- wp:paragraph -->\n<p>IMPORTANTE: o aluno que perder o <strong>prazo de dois dias \u00fateis <\/strong>para postar sua reclama\u00e7\u00e3o no Moodle n\u00e3o ter\u00e1 direito de recorrer \u00e0 Coordena\u00e7\u00e3o do Curso sobre sua justificativa ou solicita\u00e7\u00e3o.<\/p>\n<!-- \/wp:paragraph -->\n\n<!-- wp:heading {\"align\":\"wide\",\"style\":{\"typography\":{\"fontSize\":\"48px\",\"lineHeight\":\"1.1\"}}} -->\n<h2 class=\"wp-block-heading alignwide\" id=\"we-re-a-studio-in-berlin-with-an-international-practice-in-architecture-urban-planning-and-interior-design-we-believe-in-sharing-knowledge-and-promoting-dialogue-to-increase-the-creative-potential-of-collaboration\" style=\"font-size:48px;line-height:1.1\">Falta em atividade n\u00e3o avaliativa<\/h2>\n<!-- \/wp:heading -->\n\n<!-- wp:paragraph -->\n<p><strong>Voc\u00ea faltou em uma atividade presencial que&nbsp;N\u00c3O&nbsp;valia nota (videoconfer\u00eancia, aula presencial, grupo de estudo) e quer se justificar?<\/strong><\/p>\n<!-- \/wp:paragraph -->\n\n<!-- wp:paragraph -->\n<p>1. Redija uma justificativa de aus\u00eancia na atividade presencial, conforme o&nbsp;modelo&nbsp;(aula presencial, videoconfer\u00eancia, ou grupo de estudo);<\/p>\n<!-- \/wp:paragraph -->\n\n<!-- wp:paragraph -->\n<p><object data=\"http:\/\/uab.ufsc.br\/ead\/letras-portugues\/wp-content\/uploads\/2023\/08\/justificativa-de-falta-em-atividade-nao-avaliativa.pdf\" type=\"application\/pdf\"><\/object><a href=\"http:\/\/uab.ufsc.br\/ead\/letras-portugues\/wp-content\/uploads\/2023\/08\/justificativa-de-falta-em-atividade-nao-avaliativa.pdf\">justificativa-de-falta-em-atividade-nao-avaliativa<\/a><a href=\"http:\/\/uab.ufsc.br\/ead\/letras-portugues\/wp-content\/uploads\/2023\/08\/justificativa-de-falta-em-atividade-nao-avaliativa.pdf\">Baixar<\/a><\/p>\n<!-- \/wp:paragraph -->\n\n<!-- wp:paragraph -->\n<p>2. Anexe \u00e0 sua justificativa o documento comprobat\u00f3rio (atestado ou documento que comprove a sua aus\u00eancia).<\/p>\n<!-- \/wp:paragraph -->\n\n<!-- wp:paragraph -->\n<p>3. Entregue ao tutor do polo, em at\u00e9 48h depois da atividade.<\/p>\n<!-- \/wp:paragraph -->\n\n<!-- wp:separator -->\n<hr class=\"wp-block-separator has-alpha-channel-opacity\"\/>\n<!-- \/wp:separator -->\n\n<!-- wp:heading {\"align\":\"wide\",\"style\":{\"typography\":{\"fontSize\":\"48px\",\"lineHeight\":\"1.1\"}}} -->\n<h2 class=\"wp-block-heading alignwide\" id=\"we-re-a-studio-in-berlin-with-an-international-practice-in-architecture-urban-planning-and-interior-design-we-believe-in-sharing-knowledge-and-promoting-dialogue-to-increase-the-creative-potential-of-collaboration\" style=\"font-size:48px;line-height:1.1\">Regime domiciliar<\/h2>\n<!-- \/wp:heading -->\n\n<!-- wp:paragraph -->\n<p><strong>Voc\u00ea precisa entrar em regime domiciliar por motivo de sa\u00fade (atestado m\u00e9dico de muitos dias)?<\/strong><\/p>\n<!-- \/wp:paragraph -->\n\n<!-- wp:paragraph -->\n<p>Conforme a Se\u00e7\u00e3o II, do Regulamento dos cursos de Gradua\u00e7\u00e3o da UFSC,<\/p>\n<!-- \/wp:paragraph -->\n\n<!-- wp:paragraph -->\n<p>Art. 75 \u2013 ser\u00e3o merecedores de tratamento especial em regime domiciliar:<\/p>\n<!-- \/wp:paragraph -->\n\n<!-- wp:paragraph -->\n<p>I- A aluna gestante, a partir do 8\u00b0 m\u00eas de gesta\u00e7\u00e3o e durante 4 meses, desde que comprovado por atestado m\u00e9dico competente.<\/p>\n<!-- \/wp:paragraph -->\n\n<!-- wp:paragraph -->\n<p>II- O aluno com afec\u00e7\u00f5es cong\u00eanitas ou adquiridas, infec\u00e7\u00f5es, traumatismos ou outras condi\u00e7\u00f5es m\u00f3rbidas caracterizadas por:<\/p>\n<!-- \/wp:paragraph -->\n\n<!-- wp:paragraph -->\n<p>a)&nbsp;&nbsp;&nbsp;&nbsp;&nbsp; Incapacidade f\u00edsica relativa, incompat\u00edvel com a frequ\u00eancia aos trabalhos escolares, desde que se verifique a conserva\u00e7\u00e3o das condi\u00e7\u00f5es intelectuais e emocionais para o prosseguimento da atividade escolar em regime domiciliar;<\/p>\n<!-- \/wp:paragraph -->\n\n<!-- wp:paragraph -->\n<p>b)&nbsp;&nbsp;&nbsp;&nbsp; Ocorr\u00eancia isolada ou espor\u00e1dica.<\/p>\n<!-- \/wp:paragraph -->\n\n<!-- wp:paragraph -->\n<p>Par\u00e1grafo \u00fanico \u2013 A concess\u00e3o de tratamento especial em regime domiciliar fica condicionada \u00e0 garantia de continuidade de processo pedag\u00f3gico de aprendizagem.<\/p>\n<!-- \/wp:paragraph -->\n\n<!-- wp:paragraph -->\n<p>Art. 76 \u2013 Como compensa\u00e7\u00e3o da aus\u00eancia \u00e0s aulas, atribuir-se-\u00e3o ao aluno exerc\u00edcios domiciliares, sob acompanhamento de professor, sempre que compat\u00edveis com o seu estado de sa\u00fade e as caracter\u00edsticas das disciplinas e do curso.<\/p>\n<!-- \/wp:paragraph -->\n\n<!-- wp:paragraph -->\n<p>Art. 77 \u2013 Este regime de exce\u00e7\u00e3o ser\u00e1 concedido pelo Presidente do Colegiado do Curso, tendo por base laudo m\u00e9dico emitido por autoridade competente da UFSC, atendido o disposto no art. 76 deste Regulamento.<\/p>\n<!-- \/wp:paragraph -->\n\n<!-- wp:paragraph -->\n<p>Aten\u00e7\u00e3o! O aluno n\u00e3o entra automaticamente em regime domiciliar, \u00e9 preciso preencher um REQUERIMENTO GERAL, conforme&nbsp;o modelo, pedindo o regime domiciliar. Esse requerimento deve ser encaminhado \u00e0 coordena\u00e7\u00e3o do curso, com o atestado m\u00e9dico em anexo<a href=\"https:\/\/ead.ufsc.br\/portugues\/formularios\/\"><\/a>.<\/p>\n<!-- \/wp:paragraph -->\n\n<!-- wp:paragraph -->\n<p><a href=\"http:\/\/uab.ufsc.br\/ead\/letras-portugues\/wp-content\/uploads\/2023\/08\/REQUERIMENTO.docx\">REQUERIMENTO GERAL<\/a><a href=\"http:\/\/uab.ufsc.br\/ead\/letras-portugues\/wp-content\/uploads\/2023\/08\/REQUERIMENTO.docx\">Baixar<\/a><\/p>\n<!-- \/wp:paragraph -->\n\n<!-- wp:paragraph -->\n<p>Devem constar no atestado: o nome do aluno; o CRM do m\u00e9dico; o c\u00f3digo da doen\u00e7a; a assinatura e o carimbo do m\u00e9dico.<\/p>\n<!-- \/wp:paragraph -->\n\n<!-- wp:paragraph -->\n<p>O regime domiciliar passa a ter in\u00edcio apenas a partir do momento em que a coordena\u00e7\u00e3o deferir o requerimento do aluno.<\/p>\n<!-- \/wp:paragraph -->\n\n<!-- wp:paragraph -->\n<p>Lembramos que \u00e9 dever do aluno em regime domiciliar fazer as atividades&nbsp;<em>online<\/em>&nbsp;da disciplina (postadas no moodle). Essas atividades devem ser entregues no prazo. Apenas se tiver algum problema \u00e9 que o aluno ir\u00e1 conversar com o tutor da disciplina para negociar uma nova data de entrega.<\/p>\n<!-- \/wp:paragraph -->\n\n<!-- wp:paragraph -->\n<p>Os professores ir\u00e3o providenciar atividades especiais, que substituir\u00e3o as provas presenciais, para que o aluno possa fazer em casa.<\/p>\n<!-- \/wp:paragraph -->\n\n<!-- wp:paragraph -->\n<p>Aten\u00e7\u00e3o! \u00c9 de grande import\u00e2ncia a comunica\u00e7\u00e3o entre tutores UFSC, aluno, tutores presenciais e coordena\u00e7\u00e3o. Portanto, mesmo em regime domiciliar, o aluno n\u00e3o deve deixar de se comunicar com a equipe, dando informa\u00e7\u00f5es sobre o andamento de seu processo de aprendizagem.<\/p>\n<!-- \/wp:paragraph -->\n\n<!-- wp:separator -->\n<hr class=\"wp-block-separator has-alpha-channel-opacity\"\/>\n<!-- \/wp:separator -->\n\n<!-- wp:heading {\"align\":\"wide\",\"style\":{\"typography\":{\"fontSize\":\"48px\",\"lineHeight\":\"1.1\"}}} -->\n<h2 class=\"wp-block-heading alignwide\" id=\"we-re-a-studio-in-berlin-with-an-international-practice-in-architecture-urban-planning-and-interior-design-we-believe-in-sharing-knowledge-and-promoting-dialogue-to-increase-the-creative-potential-of-collaboration\" style=\"font-size:48px;line-height:1.1\">Falta em atividade avaliativa<\/h2>\n<!-- \/wp:heading -->\n\n<!-- wp:paragraph -->\n<p><strong>Voc\u00ea faltou em uma avalia\u00e7\u00e3o presencial que valia nota (prova ou tarefa presencial)?<\/strong><\/p>\n<!-- \/wp:paragraph -->\n\n<!-- wp:paragraph -->\n<p>Siga<strong>&nbsp;<\/strong>as instru\u00e7\u00f5es para a solicita\u00e7\u00e3o de avalia\u00e7\u00e3o presencial extra:<\/p>\n<!-- \/wp:paragraph -->\n\n<!-- wp:paragraph -->\n<p>1. Redija a sua justificativa de aus\u00eancia na avalia\u00e7\u00e3o presencial (prova ou qualquer atividade presencial que tenha valido nota), conforme&nbsp;o modelo.<\/p>\n<!-- \/wp:paragraph -->\n\n<!-- wp:paragraph -->\n<p><a href=\"http:\/\/uab.ufsc.br\/ead\/letras-portugues\/wp-content\/uploads\/2023\/08\/REQUERIMENTO-PARA-AVALIACAO-PRESENCIAL-EXTRA.docx\">REQUERIMENTO-PARA-AVALIACAO-PRESENCIAL-EXTRA<\/a><a href=\"http:\/\/uab.ufsc.br\/ead\/letras-portugues\/wp-content\/uploads\/2023\/08\/REQUERIMENTO-PARA-AVALIACAO-PRESENCIAL-EXTRA.docx\">Baixar<\/a><\/p>\n<!-- \/wp:paragraph -->\n\n<!-- wp:paragraph -->\n<p>2. Digitalize o documento comprobat\u00f3rio (atestado ou documento que comprove a sua aus\u00eancia) e anexe \u00e0 sua justificativa preenchida.<\/p>\n<!-- \/wp:paragraph -->\n\n<!-- wp:paragraph -->\n<p>3. Envie essa documenta\u00e7\u00e3o via moodle dentro de 48 horas a contar da data em que a avalia\u00e7\u00e3o presencial foi realizada, segundo as imagens abaixo. &nbsp;As solicita\u00e7\u00f5es enviadas fora do prazo n\u00e3o ser\u00e3o apreciadas.<\/p>\n<!-- \/wp:paragraph -->\n\n<!-- wp:paragraph -->\n<p>4. Envie uma mensagem, pelo moodle, ao professor da disciplina, avisando que voc\u00ea postou uma justificativa de falta no link das justificativas.<\/p>\n<!-- \/wp:paragraph -->\n\n<!-- wp:image {\"linkDestination\":\"custom\"} -->\n<figure class=\"wp-block-image\"><a href=\"http:\/\/ead.ufsc.br\/portugues\/files\/2017\/05\/1.jpg\"><img src=\"http:\/\/ead.ufsc.br\/portugues\/files\/2017\/05\/1-1024x640.jpg\" alt=\"\"\/><\/a><\/figure>\n<!-- \/wp:image -->\n\n<!-- wp:paragraph -->\n<p><strong>Imagem 1:<\/strong>&nbsp;Na p\u00e1gina da disciplina em cuja avalia\u00e7\u00e3o voc\u00ea faltou, clique em \u201cjustificativa de falta em avalia\u00e7\u00f5es presenciais e revis\u00e3o de nota\u201d. Este link estar\u00e1 sempre no t\u00f3pico inicial da disciplina.<\/p>\n<!-- \/wp:paragraph -->\n\n<!-- wp:image {\"linkDestination\":\"custom\"} -->\n<figure class=\"wp-block-image\"><a href=\"http:\/\/ead.ufsc.br\/portugues\/files\/2017\/05\/2.jpg\"><img src=\"http:\/\/ead.ufsc.br\/portugues\/files\/2017\/05\/2.jpg\" alt=\"\"\/><\/a><\/figure>\n<!-- \/wp:image -->\n\n<!-- wp:paragraph -->\n<p><a href=\"http:\/\/ead.ufsc.br\/portugues\/files\/2017\/05\/2.jpg\"><\/a><\/p>\n<!-- \/wp:paragraph -->\n\n<!-- wp:paragraph -->\n<p><strong>Imagem 2:<\/strong>&nbsp;Envie sua documenta\u00e7\u00e3o atrav\u00e9s da ferramenta destacada.<\/p>\n<!-- \/wp:paragraph -->\n\n<!-- wp:paragraph -->\n<p>O DEFERIMENTO SER\u00c1 DADO PELO PROFESSOR DA DISCIPLINA E CONCEDIDO NOS SEGUINTES CASOS:<\/p>\n<!-- \/wp:paragraph -->\n\n<!-- wp:paragraph -->\n<p>1. Alunos com doen\u00e7as infecto contagiosas (Decreto Lei n\u00b0 1044, de 21\/10\/1969), devidamente comprovadas. O atestado m\u00e9dico s\u00f3 ter\u00e1 validade se possuir a assinatura e CRM do m\u00e9dico e o CID da doen\u00e7a.<\/p>\n<!-- \/wp:paragraph -->\n\n<!-- wp:paragraph -->\n<p>2. Gestantes (Lei n\u00b0 6202, de 17\/04\/1975) sob impedimento devidamente comprovado.<\/p>\n<!-- \/wp:paragraph -->\n\n<!-- wp:paragraph -->\n<p>3. Profissionais que trabalhem em regime de plant\u00e3o. Profissionais como: bombeiros, policiais, m\u00e9dico, enfermeiro, auxiliar de enfermagem, nutricionistas, psic\u00f3logos entre outros que trabalhem em regime de plant\u00e3o devem anexar uma declara\u00e7\u00e3o da institui\u00e7\u00e3o (em papel timbrado com o nome e o carimbo do respons\u00e1vel).<\/p>\n<!-- \/wp:paragraph -->\n\n<!-- wp:paragraph -->\n<p>4. Outros casos omissos ser\u00e3o analisados pelo professor da disciplina e ser\u00e3o concedidos se este julgar a justificativa plaus\u00edvel.<\/p>\n<!-- \/wp:paragraph -->\n\n<!-- wp:separator -->\n<hr class=\"wp-block-separator has-alpha-channel-opacity\"\/>\n<!-- \/wp:separator -->\n\n<!-- wp:heading {\"align\":\"wide\",\"style\":{\"typography\":{\"fontSize\":\"48px\",\"lineHeight\":\"1.1\"}}} -->\n<h2 class=\"wp-block-heading alignwide\" id=\"we-re-a-studio-in-berlin-with-an-international-practice-in-architecture-urban-planning-and-interior-design-we-believe-in-sharing-knowledge-and-promoting-dialogue-to-increase-the-creative-potential-of-collaboration\" style=\"font-size:48px;line-height:1.1\">Trocar de e-mail<\/h2>\n<!-- \/wp:heading -->\n\n<!-- wp:paragraph -->\n<p><strong>1)<\/strong>&nbsp;Acessar&nbsp;<a href=\"https:\/\/pessoa.sistemas.ufsc.br\/\" target=\"_blank\" rel=\"noreferrer noopener\">https:\/\/pessoa.sistemas.ufsc.br\/<\/a>, entrar com o CPF ou idUFSC\/matr\u00edcula da UFSC e com a senha UFSC;<\/p>\n<!-- \/wp:paragraph -->\n\n<!-- wp:paragraph -->\n<p><strong>2)<\/strong>&nbsp;Clique em&nbsp;<strong>Meus Dados (1)<\/strong>&nbsp;e depois em&nbsp;<strong>Alterar E-mails (2)<\/strong>;<\/p>\n<!-- \/wp:paragraph -->\n\n<!-- wp:image -->\n<figure class=\"wp-block-image\"><img src=\"http:\/\/servicosti.sistemas.ufsc.br\/ckeditor\/getimage?imageId=CE73DE354267CBE52E64345D34761F9541D0C7744B7CD5719268E983910CBF6DAEB8ABE1855028C9F366BE5E7E3B21FB0F9FD5319B6323EDA8FA04973C9B6566\" alt=\"\"\/><\/figure>\n<!-- \/wp:image -->\n\n<!-- wp:paragraph -->\n<p><strong>3)<\/strong>&nbsp;Colocar o e-mail que voc\u00ea quer cadastrar no&nbsp;<strong>campo em branco<\/strong>&nbsp;e clique em&nbsp;<strong>Adicionar<\/strong>;<\/p>\n<!-- \/wp:paragraph -->\n\n<!-- wp:image -->\n<figure class=\"wp-block-image\"><img src=\"http:\/\/servicosti.sistemas.ufsc.br\/ckeditor\/getimage?imageId=78EB61C7F4000FD80B5A8D45FD4C41BD918D59997C926314C451366FB14CAAECED9EBED01052835EE6A2EAD48A1173108E2900BA1AEF0E0EF62C3405B0DD1654\" alt=\"\"\/><\/figure>\n<!-- \/wp:image -->\n\n<!-- wp:paragraph -->\n<p><em><strong>Observa\u00e7\u00e3o:<\/strong>&nbsp;O quadro acima mostra todos os e-mail cadastrados no sistema pelo usu\u00e1rio, caso ele tente cadastrar um e-mail que j\u00e1 est\u00e1 cadastrado no usu\u00e1rio dele aparecer\u00e1 a mensagem de erro conforme abaixo:<\/em><\/p>\n<!-- \/wp:paragraph -->\n\n<!-- wp:image -->\n<figure class=\"wp-block-image\"><img src=\"http:\/\/servicosti.sistemas.ufsc.br\/ckeditor\/getimage?imageId=20CFEF9BC91AA66597B4D63E9EA7193FFD1B3AC1022460DC5E7695790526506E9172DBA1DB7920225D6E178D1CAD0DA0937F7BBFA69C6AE7BA55699C5D530A25\" alt=\"\"\/><\/figure>\n<!-- \/wp:image -->\n\n<!-- wp:paragraph -->\n<p><strong>4)<\/strong>&nbsp;Caso o e-mail ainda n\u00e3o tenha sido cadastrado, basta clicar em&nbsp;<strong>Salvar (5)<\/strong>&nbsp;ap\u00f3s ele aparece no quadro dos e-mail cadastrados;<\/p>\n<!-- \/wp:paragraph -->\n\n<!-- wp:image -->\n<figure class=\"wp-block-image\"><img src=\"http:\/\/servicosti.sistemas.ufsc.br\/ckeditor\/getimage?imageId=E27B82115606A4A7CDCD908A282839721B408751B3DEAEC338CCC3C198B35DE89A246E2238328A258295D895564039E816638D031E222A5383A2A3799DA8B25E\" alt=\"\"\/><\/figure>\n<!-- \/wp:image -->\n\n<!-- wp:paragraph -->\n<p><em><strong>Observa\u00e7\u00e3o:<\/strong>&nbsp;Caso queira excluir um e-mail que deseja mais utilizar, basta clicar no circulo vermelho da coluna Excluir.<\/em><\/p>\n<!-- \/wp:paragraph -->\n\n<!-- wp:paragraph -->\n<p><strong>5)<\/strong>&nbsp;Agora acesse o e-mail que acabou de ser&nbsp;cadastrado, abra a mensagem (e-mail) enviada&nbsp;autom\u00e1ticamente pelo sistema UFSC e clique no link para fazer a valida\u00e7\u00e3o deste e-mail.<\/p>\n<!-- \/wp:paragraph -->\n\n<!-- wp:paragraph -->\n<p><strong>6)<\/strong>&nbsp;Acesse novamente o sistema&nbsp;<a href=\"https:\/\/pessoa.sistemas.ufsc.br\/\" target=\"_blank\" rel=\"noreferrer noopener\">https:\/\/pessoa.sistemas.ufsc.br\/<\/a>, entrar com o CPF ou idUFSC\/matr\u00edcula da UFSC e com a senha UFSC;<\/p>\n<!-- \/wp:paragraph -->\n\n<!-- wp:paragraph -->\n<p><strong>7)<\/strong>&nbsp;Clique em&nbsp;<strong>Meus Dados (1)<\/strong>&nbsp;e depois em&nbsp;<strong>Alterar E-mails (2)<\/strong>;<\/p>\n<!-- \/wp:paragraph -->\n\n<!-- wp:paragraph -->\n<p><strong>8)<\/strong>&nbsp;Clicar em&nbsp;<strong>usar como preferencial<\/strong>.<\/p>\n<!-- \/wp:paragraph -->\n\n<!-- wp:paragraph -->\n<p><strong>Pronto o e-mail estar\u00e1 trocado.<\/strong><\/p>\n<!-- \/wp:paragraph -->","_et_gb_content_width":"","footnotes":""},"class_list":["post-633","page","type-page","status-publish","hentry"],"_links":{"self":[{"href":"https:\/\/uab.ufsc.br\/ead\/letras-portugues\/wp-json\/wp\/v2\/pages\/633","targetHints":{"allow":["GET"]}}],"collection":[{"href":"https:\/\/uab.ufsc.br\/ead\/letras-portugues\/wp-json\/wp\/v2\/pages"}],"about":[{"href":"https:\/\/uab.ufsc.br\/ead\/letras-portugues\/wp-json\/wp\/v2\/types\/page"}],"author":[{"embeddable":true,"href":"https:\/\/uab.ufsc.br\/ead\/letras-portugues\/wp-json\/wp\/v2\/users\/10"}],"replies":[{"embeddable":true,"href":"https:\/\/uab.ufsc.br\/ead\/letras-portugues\/wp-json\/wp\/v2\/comments?post=633"}],"version-history":[{"count":39,"href":"https:\/\/uab.ufsc.br\/ead\/letras-portugues\/wp-json\/wp\/v2\/pages\/633\/revisions"}],"predecessor-version":[{"id":1524,"href":"https:\/\/uab.ufsc.br\/ead\/letras-portugues\/wp-json\/wp\/v2\/pages\/633\/revisions\/1524"}],"wp:attachment":[{"href":"https:\/\/uab.ufsc.br\/ead\/letras-portugues\/wp-json\/wp\/v2\/media?parent=633"}],"curies":[{"name":"wp","href":"https:\/\/api.w.org\/{rel}","templated":true}]}}