{"id":665,"date":"2023-08-11T23:59:40","date_gmt":"2023-08-12T02:59:40","guid":{"rendered":"http:\/\/uab.ufsc.br\/ead\/letras-portugues\/?page_id=665"},"modified":"2024-08-02T18:11:22","modified_gmt":"2024-08-02T21:11:22","slug":"calouros","status":"publish","type":"page","link":"https:\/\/uab.ufsc.br\/ead\/letras-portugues\/calouros\/","title":{"rendered":"Matr\u00edculas e Orienta\u00e7\u00f5es para Calouros"},"content":{"rendered":"\n<p>Consulte a publica\u00e7\u00e3o das informa\u00e7\u00f5es sobre o \u00faltimo vestibular nos links abaixo.<\/p>\n\n\n\n<p>Resultado oficial: <a href=\"https:\/\/dados.coperve.ufsc.br\/ead2024\/index.html\">https:\/\/dados.coperve.ufsc.br\/ead2024\/index.html<\/a><\/p>\n\n\n\n<p>Boletim de desempenho individual: <a href=\"https:\/\/vestibular.coperve.ufsc.br\/login\">https:\/\/vestibular.coperve.ufsc.br\/login<\/a><\/p>\n\n\n\n<p>Provas e gabaritos definitivos: <a href=\"https:\/\/ead2024.ufsc.br\/provas-e-gabaritos\/\">https:\/\/ead2024.ufsc.br\/provas-e-gabaritos\/<\/a><\/p>\n\n\n\n<p>Outras informa\u00e7\u00f5es referentes ao vestibular para ingresso no curso de Letras EaD da UFSC no segundo semestre letivo de 2024: <a href=\"https:\/\/ead2024.ufsc.br\/\">https:\/\/ead2024.ufsc.br\/<\/a><\/p>\n\n\n\n<h2 class=\"wp-block-heading\">DICAS e orienta\u00e7\u00f5es para a etapa documental<\/h2>\n\n\n\n<p>Dica 1: Os arquivos DEVEM estar&nbsp;separados, em arquivos diferentes e nomeados de acordo com o instru\u00eddo na Portaria Normativa das Matr\u00edculas, dispon\u00edvel em:&nbsp;&nbsp;&nbsp;<a href=\"https:\/\/arquivos.ufsc.br\/f\/eea263bdb3d646128448\/?raw=1\">https:\/\/arquivos.ufsc.br\/f\/eea263bdb3d646128448\/?raw=1<\/a>&nbsp;e transcrito abaixo:&nbsp; &nbsp;<\/p>\n\n\n\n<p>1 \u2013 Declara\u00e7\u00e3o negativa&nbsp;(assinada digitalmente ou com firma reconhecida. Est\u00e1 dispon\u00edvel no Formul\u00e1rio do Anexo XIII da portaria supracitada, em&nbsp; <a href=\"https:\/\/arquivos.ufsc.br\/f\/eea263bdb3d646128448\/?raw=1\">https:\/\/arquivos.ufsc.br\/f\/eea263bdb3d646128448\/?raw=1<\/a>&nbsp;OU aquele que voc\u00ea pode ter baixado no SIMIG, que \u00e9 o sistema onde fez a confirma\u00e7\u00e3o on-line da etapa 1. Mas cuidado, n\u00e3o serve o &#8220;Comprovante de pr\u00e9-matr\u00edcula na etapa on-line&#8221; pois ele n\u00e3o traz a declara\u00e7\u00e3o de n\u00e3o acumula\u00e7\u00e3o de vagas em IES p\u00fablicas);<\/p>\n\n\n\n<p>2 \u2013 Documentos de identifica\u00e7\u00e3o (RG e CPF) [pode ser o PDF da CNH digital baixado do aplicativo ou site do&nbsp;DETRAN, esse nem precisa autenticar pois tem o Qrcode];<\/p>\n\n\n\n<p>3 \u2013 Certificado Conclus\u00e3o e Hist\u00f3rico Escolar (ensino m\u00e9dio ou superior);<\/p>\n\n\n\n<p>4 \u2013 Autodeclara\u00e7\u00e3o da (s) cota(s) de PAA validada(s) por comiss\u00e3o da PROAFE&nbsp;(apenas quando optante do PAA e classificados por essas vagas, veja no fim do cabe\u00e7alho da declara\u00e7\u00e3o negativa em que categoria voc\u00ea foi enquadrado). Se sua vaga est\u00e1 enquadrada nas categorias&nbsp;do PAA (come\u00e7am com 2), lembre-se de enviar NO PRAZO as autodeclara\u00e7\u00f5es no SISVALIDA:&nbsp;&nbsp;&nbsp; <a href=\"https:\/\/sisvalida.ufsc.br\/validacao\">https:\/\/sisvalida.ufsc.br\/validacao<\/a>.&nbsp;<\/p>\n\n\n\n<p>5 \u2013 Comprovante de quita\u00e7\u00e3o eleitoral ( se for o PDF retirado no&nbsp; site do&nbsp; TSE:&nbsp;&nbsp;&nbsp;&nbsp; <a href=\"https:\/\/www.tse.jus.br\/servicos-eleitorais\/certidoes\/certidao-de-quitacao-eleitoral\">https:\/\/www.tse.jus.br\/servicos-eleitorais\/certidoes\/certidao-de-quitacao-eleitoral<\/a>&nbsp;n\u00e3o precisa autenticar manualmente);<\/p>\n\n\n\n<p>6 \u2013 Certificado militar (quando do sexo masculino e maior de 18 anos, poss\u00edvel gerar com autentica\u00e7\u00e3o digital em <a href=\"https:\/\/alistamento.eb.mil.br\/lista-servicos\">https:\/\/alistamento.eb.mil.br\/lista-servicos<\/a>);<\/p>\n\n\n\n<p>7 \u2013 Atestado de vacina\u00e7\u00e3o contra a rub\u00e9ola (quando do sexo feminino e menos de 40 anos) [LEMBRE-SE QUE DEVE APARECER NO MESMO PDF SEU NOME &#8211; COMO TITULAR DA CARTEIRINHA &#8211; E UMA DAS VACINAS DESCRITAS ABAIXO (OU AMBAS), AL\u00c9M DO CARIMBO DO AUTENTICADOR]  a carteira de vacina\u00e7\u00e3o deve conter uma das seguintes vacinas: Rub\u00e9ola, VTV ou Tr\u00edplice Viral;<\/p>\n\n\n\n<p>8 \u2013 Comprovante de vacina\u00e7\u00e3o contra a COVID 19 (se for o PDF retirado no conecte-sus:&nbsp;&nbsp; <a href=\"https:\/\/conectesus-paciente.saude.gov.br\/login\">https:\/\/conectesus-paciente.saude.gov.br\/login<\/a>&nbsp;n\u00e3o precisa autenticar manualmente).<\/p>\n\n\n\n<p>DICA 2:&nbsp;&nbsp;Para assinar eletronicamente acesse&nbsp;&nbsp;&nbsp;&nbsp; <a href=\"https:\/\/assinador.iti.br\/assinatura\/index.xhtml\">https:\/\/assinador.iti.br\/assinatura\/index.xhtml<\/a>&nbsp;com seu login do&nbsp;<a href=\"http:\/\/gov.br\/\">GOV.BR<\/a>.&nbsp;Em sua carreira voc\u00ea pode precisar assinar eletronicamente outros documentos [como seu TCC], ent\u00e3o&nbsp;aprender agora pode facilitar sua vida&#8230;)<\/p>\n\n\n\n<p>DICA 3: Os arquivos digitalizados com os documentos&nbsp;<strong>devem ser autenticados&nbsp;<\/strong>(em cart\u00f3rio,&nbsp;<strong>ou gratuitamente por QUALQUER servidor p\u00fablico do polo ou campus&nbsp;<\/strong>da cidade mais pr\u00f3xima onde voc\u00ea mora\/trabalha\/estudar\u00e1. Nesse caso, conforme orienta\u00e7\u00f5es da PROGRAD, o carimbo e assinatura de &#8220;confere&nbsp;com o original + carimbo de identifica\u00e7\u00e3o do signat\u00e1rio&#8221; \u00e9 suficiente, ou a autentica\u00e7\u00e3o\/confer\u00eancia dos originais pode ser atestada pelo servidor de forma digital atrav\u00e9s do Assina UFSC). Isso evitar\u00e1 retrabalho no in\u00edcio do semestre.<\/p>\n\n\n\n<p>Dica 4: Segue o site onde tem a lista dos endere\u00e7os dos POLOS UAB:&nbsp;&nbsp; <a href=\"http:\/\/uab.ufsc.br\/polos-uab\/\">http:\/\/uab.ufsc.br\/polos-uab\/<\/a><\/p>\n\n\n\n<h2 class=\"wp-block-heading\">Procedimentos ap\u00f3s receber o e-mail de confirma\u00e7\u00e3o de matr\u00edcula<\/h2>\n\n\n\n<p>Ap\u00f3s receber o e-mail de confirma\u00e7\u00e3o de matr\u00edcula sigam as &#8220;<a href=\"http:\/\/uab.ufsc.br\/ead\/letras-portugues\/wp-content\/uploads\/2023\/08\/Orientacao-para-matriculas-em-disciplinas-operacao-no-CAGR.pdf\" data-type=\"link\" data-id=\"http:\/\/uab.ufsc.br\/ead\/letras-portugues\/wp-content\/uploads\/2023\/08\/Orientacao-para-matriculas-em-disciplinas-operacao-no-CAGR.pdf\">Orienta\u00e7\u00f5es para matr\u00edculas em disciplinas<\/a>&#8221; (opera\u00e7\u00e3o no CAGR) dispon\u00edvel em: <a href=\"http:\/\/uab.ufsc.br\/ead\/letras-portugues\/wp-content\/uploads\/2023\/08\/Orientacao-para-matriculas-em-disciplinas-operacao-no-CAGR.pdf\">http:\/\/uab.ufsc.br\/ead\/letras-portugues\/wp-content\/uploads\/2023\/08\/Orientacao-para-matriculas-em-disciplinas-operacao-no-CAGR.pdf<\/a> . Nesse documento h\u00e1 instru\u00e7\u00f5es de como operar o fazer a matr\u00edcula do conjunto de disciplinas na primeira fase do nosso curso.  Caso tenha dificuldades em realizar o primeiro acesso no CAGR (Sistema de Controle Acad\u00eamico da Gradua\u00e7\u00e3o) siga as instru\u00e7\u00f5es descritas no v\u00eddeo abaixo:<\/p>\n\n\n\n<p><strong>N\u00e3o h\u00e1 senha inicialmente<\/strong>, essa tem que ser gerada no primeiro acesso&#8230;<\/p>\n\n\n\n<figure class=\"wp-block-embed is-type-video is-provider-youtube wp-block-embed-youtube wp-embed-aspect-16-9 wp-has-aspect-ratio\"><div class=\"wp-block-embed__wrapper\">\n<iframe loading=\"lazy\" title=\"Primeiro acesso aos Sistemas.UFSC\" width=\"1080\" height=\"608\" src=\"https:\/\/www.youtube.com\/embed\/OjmCx5dgeEQ?feature=oembed\"  allow=\"accelerometer; autoplay; clipboard-write; encrypted-media; gyroscope; picture-in-picture; web-share\" referrerpolicy=\"strict-origin-when-cross-origin\" allowfullscreen><\/iframe>\n<\/div><\/figure>\n\n\n\n<p>Recomendamos que explorem e familiarizem-se com esse sistema CAGR pois \u00e9 nele que voc\u00eas atualizar\u00e3o seus dados pessoais, gerenciar\u00e3o as quest\u00f5es da vida acad\u00eamica, emitir\u00e3o atestados e hist\u00f3ricos com autentica\u00e7\u00e3o digital, far\u00e3o a rematr\u00edcula a cada semestre&#8230;<\/p>\n\n\n\n<p>Somente ap\u00f3s realizar o procedimento acima \u00e9 que o ambiente virtual de ensino-aprendizado das disciplinas (<a href=\"http:\/\/uab.ufsc.br\/ead\/letras-portugues\/wp-content\/uploads\/2023\/08\/Moodle-Guia_Pratico_do_Estudante-V2-1.pdf\">O MOODLE<\/a>) ser\u00e1 disponibilizado para voc\u00eas. E o moodle migrou para um endere\u00e7o web diferente do que aparece no guia, o acesso se d\u00e1 por esse link: <a href=\"https:\/\/ead.moodle.ufsc.br\/\"> https:\/\/ead.moodle.ufsc.br\/<\/a><\/p>\n\n\n\n<p>As aulas&nbsp;e atividades virtuais come\u00e7ar\u00e3o na semana do dia<strong> 06\/08\/2<\/strong>4.<\/p>\n\n\n\n<p>Nos primeiros dias de aula a coordena\u00e7\u00e3o e os professores apresentar\u00e3o mais detalhadamente o calend\u00e1rio e como ser\u00e3o as din\u00e2micas das atividades.<\/p>\n\n\n\n<p>Para se preparar para as aulas s\u00edncronas, encontros presenciais e avalia\u00e7\u00f5es, confira o calend\u00e1rio da sua edi\u00e7\u00e3o\/polo aqui: <a href=\"http:\/\/uab.ufsc.br\/ead\/letras-portugues\/calendario-academico\/\">http:\/\/uab.ufsc.br\/ead\/letras-portugues\/calendario-academico\/<\/a><\/p>\n\n\n\n<p><\/p>\n","protected":false},"excerpt":{"rendered":"<p>Consulte a publica\u00e7\u00e3o das informa\u00e7\u00f5es sobre o \u00faltimo vestibular nos links abaixo. Resultado oficial: https:\/\/dados.coperve.ufsc.br\/ead2024\/index.html Boletim de desempenho individual: https:\/\/vestibular.coperve.ufsc.br\/login Provas e gabaritos definitivos: https:\/\/ead2024.ufsc.br\/provas-e-gabaritos\/ Outras informa\u00e7\u00f5es referentes ao vestibular para ingresso no curso de Letras EaD da UFSC no segundo semestre letivo de 2024: https:\/\/ead2024.ufsc.br\/ DICAS e orienta\u00e7\u00f5es para a etapa documental Dica 1: [&hellip;]<\/p>\n","protected":false},"author":10,"featured_media":0,"parent":0,"menu_order":0,"comment_status":"closed","ping_status":"closed","template":"","meta":{"_et_pb_use_builder":"off","_et_pb_old_content":"<!-- wp:paragraph -->\n<p>Consulte a publica\u00e7\u00e3o das Chamadas do vestibular nos links abaixo:<\/p>\n<!-- \/wp:paragraph -->\n\n<!-- wp:paragraph -->\n<p><a href=\"https:\/\/dae.ufsc.br\/chamadas-vestibular-ufsc-2023-ead\/\n\">https:\/\/dae.ufsc.br\/chamadas-vestibular-ufsc-2023-ead\/<\/a><\/p>\n<!-- \/wp:paragraph -->\n\n<!-- wp:heading -->\n<h2 class=\"wp-block-heading\">DICAS e orienta\u00e7\u00f5es para a etapa documental<\/h2>\n<!-- \/wp:heading -->\n\n<!-- wp:paragraph -->\n<p>Dica 1: Os arquivos DEVEM estar\u00a0separados, em arquivos diferentes e nomeados de acordo com o instru\u00eddo na Portaria Normativa das Matr\u00edculas, dispon\u00edvel em:\u00a0\u00a0\u00a0<a href=\"https:\/\/arquivos.ufsc.br\/f\/eea263bdb3d646128448\/?raw=1\">https:\/\/arquivos.ufsc.br\/f\/eea263bdb3d646128448\/?raw=1<\/a>\u00a0e transcrito abaixo:\u00a0 \u00a0<\/p>\n<!-- \/wp:paragraph -->\n\n<!-- wp:paragraph -->\n<p>1 \u2013 Declara\u00e7\u00e3o negativa&nbsp;(assinada digitalmente ou com firma reconhecida. Est\u00e1 dispon\u00edvel no Formul\u00e1rio do Anexo XIII da portaria supracitada, em&nbsp; <a href=\"https:\/\/arquivos.ufsc.br\/f\/eea263bdb3d646128448\/?raw=1\">https:\/\/arquivos.ufsc.br\/f\/eea263bdb3d646128448\/?raw=1<\/a>&nbsp;OU aquele que voc\u00ea pode ter baixado no SIMIG, que \u00e9 o sistema onde fez a confirma\u00e7\u00e3o on-line da etapa 1. Mas cuidado, n\u00e3o serve o \"Comprovante de pr\u00e9-matr\u00edcula na etapa on-line\" pois ele n\u00e3o traz a declara\u00e7\u00e3o de n\u00e3o acumula\u00e7\u00e3o de vagas em IES p\u00fablicas);<\/p>\n<!-- \/wp:paragraph -->\n\n<!-- wp:paragraph -->\n<p>2 \u2013 Documentos de identifica\u00e7\u00e3o (RG e CPF) [pode ser o PDF da CNH digital baixado do aplicativo ou site do&nbsp;DETRAN, esse nem precisa autenticar pois tem o Qrcode];<\/p>\n<!-- \/wp:paragraph -->\n\n<!-- wp:paragraph -->\n<p>3 \u2013 Certificado Conclus\u00e3o e Hist\u00f3rico Escolar (ensino m\u00e9dio ou superior);<\/p>\n<!-- \/wp:paragraph -->\n\n<!-- wp:paragraph -->\n<p>4 \u2013 Autodeclara\u00e7\u00e3o da (s) cota(s) de PAA validada(s) por comiss\u00e3o da PROAFE&nbsp;(apenas quando optante do PAA e classificados por essas vagas, veja no fim do cabe\u00e7alho da declara\u00e7\u00e3o negativa em que categoria voc\u00ea foi enquadrado). Se sua vaga est\u00e1 enquadrada nas categorias&nbsp;do PAA (come\u00e7am com 2), lembre-se de enviar NO PRAZO as autodeclara\u00e7\u00f5es no SISVALIDA:&nbsp;&nbsp;&nbsp; <a href=\"https:\/\/sisvalida.ufsc.br\/validacao\">https:\/\/sisvalida.ufsc.br\/validacao<\/a>.&nbsp;<\/p>\n<!-- \/wp:paragraph -->\n\n<!-- wp:paragraph -->\n<p>5 \u2013 Comprovante de quita\u00e7\u00e3o eleitoral ( se for o PDF retirado no&nbsp; site do&nbsp; TSE:&nbsp;&nbsp;&nbsp;&nbsp; <a href=\"https:\/\/www.tse.jus.br\/servicos-eleitorais\/certidoes\/certidao-de-quitacao-eleitoral\">https:\/\/www.tse.jus.br\/servicos-eleitorais\/certidoes\/certidao-de-quitacao-eleitoral<\/a>&nbsp;n\u00e3o precisa autenticar manualmente);<\/p>\n<!-- \/wp:paragraph -->\n\n<!-- wp:paragraph -->\n<p>6 \u2013 Certificado militar (quando do sexo masculino e maior de 18 anos, poss\u00edvel gerar com autentica\u00e7\u00e3o digital em <a href=\"https:\/\/alistamento.eb.mil.br\/lista-servicos\">https:\/\/alistamento.eb.mil.br\/lista-servicos<\/a>);<\/p>\n<!-- \/wp:paragraph -->\n\n<!-- wp:paragraph -->\n<p>7 \u2013 Atestado de vacina\u00e7\u00e3o contra a rub\u00e9ola (quando do sexo feminino e menos de 40 anos) [LEMBRE-SE QUE DEVE APARECER NO MESMO PDF SEU NOME - COMO TITULAR DA CARTEIRINHA - E UMA DAS VACINAS DESCRITAS ABAIXO (OU AMBAS), AL\u00c9M DO CARIMBO DO AUTENTICADOR]  a carteira de vacina\u00e7\u00e3o deve conter uma das seguintes vacinas: Rub\u00e9ola, VTV ou Tr\u00edplice Viral;<\/p>\n<!-- \/wp:paragraph -->\n\n<!-- wp:paragraph -->\n<p>8 \u2013 Comprovante de vacina\u00e7\u00e3o contra a COVID 19 (se for o PDF retirado no conecte-sus:&nbsp;&nbsp; <a href=\"https:\/\/conectesus-paciente.saude.gov.br\/login\">https:\/\/conectesus-paciente.saude.gov.br\/login<\/a>&nbsp;n\u00e3o precisa autenticar manualmente).<\/p>\n<!-- \/wp:paragraph -->\n\n<!-- wp:paragraph -->\n<p>DICA 2:&nbsp;&nbsp;Para assinar eletronicamente acesse&nbsp;&nbsp;&nbsp;&nbsp; <a href=\"https:\/\/assinador.iti.br\/assinatura\/index.xhtml\">https:\/\/assinador.iti.br\/assinatura\/index.xhtml<\/a>&nbsp;com seu login do&nbsp;<a href=\"http:\/\/gov.br\/\">GOV.BR<\/a>.&nbsp;Em sua carreira voc\u00ea pode precisar assinar eletronicamente outros documentos [como seu TCC], ent\u00e3o&nbsp;aprender agora pode facilitar sua vida...)<\/p>\n<!-- \/wp:paragraph -->\n\n<!-- wp:paragraph -->\n<p>DICA 3: Os arquivos digitalizados com os documentos&nbsp;<strong>devem ser autenticados&nbsp;<\/strong>(em cart\u00f3rio,&nbsp;<strong>ou gratuitamente por QUALQUER servidor p\u00fablico do polo ou campus&nbsp;<\/strong>da cidade mais pr\u00f3xima onde voc\u00ea mora\/trabalha\/estudar\u00e1. Nesse caso, conforme orienta\u00e7\u00f5es da PROGRAD, o carimbo e assinatura de \"confere&nbsp;com o original + carimbo de identifica\u00e7\u00e3o do signat\u00e1rio\" \u00e9 suficiente, ou a autentica\u00e7\u00e3o\/confer\u00eancia dos originais pode ser atestada pelo servidor de forma digital atrav\u00e9s do Assina UFSC). Isso evitar\u00e1 retrabalho no in\u00edcio do semestre.<\/p>\n<!-- \/wp:paragraph -->\n\n<!-- wp:paragraph -->\n<p>Dica 4: Segue o site onde tem a lista dos endere\u00e7os dos POLOS UAB:&nbsp;&nbsp; <a href=\"http:\/\/uab.ufsc.br\/polos-uab\/\">http:\/\/uab.ufsc.br\/polos-uab\/<\/a><\/p>\n<!-- \/wp:paragraph -->\n\n<!-- wp:heading -->\n<h2 class=\"wp-block-heading\">Procedimentos ap\u00f3s receber o e-mail de confirma\u00e7\u00e3o de matr\u00edcula<\/h2>\n<!-- \/wp:heading -->\n\n<!-- wp:paragraph -->\n<p>Ap\u00f3s receber o e-mail de confirma\u00e7\u00e3o de matr\u00edcula sigam as \"<a href=\"http:\/\/uab.ufsc.br\/ead\/letras-portugues\/wp-content\/uploads\/2023\/08\/Orientacao-para-matriculas-em-disciplinas-operacao-no-CAGR.pdf\" data-type=\"link\" data-id=\"http:\/\/uab.ufsc.br\/ead\/letras-portugues\/wp-content\/uploads\/2023\/08\/Orientacao-para-matriculas-em-disciplinas-operacao-no-CAGR.pdf\">Orienta\u00e7\u00f5es para matr\u00edculas em disciplinas<\/a>\" (opera\u00e7\u00e3o no CAGR) dispon\u00edvel em: <a href=\"http:\/\/uab.ufsc.br\/ead\/letras-portugues\/wp-content\/uploads\/2023\/08\/Orientacao-para-matriculas-em-disciplinas-operacao-no-CAGR.pdf\">http:\/\/uab.ufsc.br\/ead\/letras-portugues\/wp-content\/uploads\/2023\/08\/Orientacao-para-matriculas-em-disciplinas-operacao-no-CAGR.pdf<\/a> . Nesse documento h\u00e1 instru\u00e7\u00f5es de como operar o fazer a matr\u00edcula do conjunto de disciplinas na primeira fase do nosso curso.  Caso tenha dificuldades em realizar o primeiro acesso no CAGR (Sistema de Controle Acad\u00eamico da Gradua\u00e7\u00e3o) siga as instru\u00e7\u00f5es descritas no v\u00eddeo abaixo:<\/p>\n<!-- \/wp:paragraph -->\n\n<!-- wp:paragraph -->\n<p><strong>N\u00e3o h\u00e1 senha inicialmente<\/strong>, essa tem que ser gerada no primeiro acesso...<\/p>\n<!-- \/wp:paragraph -->\n\n<!-- wp:embed {\"url\":\"https:\/\/youtu.be\/OjmCx5dgeEQ\",\"type\":\"video\",\"providerNameSlug\":\"youtube\",\"responsive\":true,\"className\":\"wp-embed-aspect-16-9 wp-has-aspect-ratio\"} -->\n<figure class=\"wp-block-embed is-type-video is-provider-youtube wp-block-embed-youtube wp-embed-aspect-16-9 wp-has-aspect-ratio\"><div class=\"wp-block-embed__wrapper\">\nhttps:\/\/youtu.be\/OjmCx5dgeEQ\n<\/div><\/figure>\n<!-- \/wp:embed -->\n\n<!-- wp:paragraph -->\n<p>Recomendamos que explorem e familiarizem-se com esse sistema CAGR pois \u00e9 nele que voc\u00eas atualizar\u00e3o seus dados pessoais, gerenciar\u00e3o as quest\u00f5es da vida acad\u00eamica, emitir\u00e3o atestados e hist\u00f3ricos com autentica\u00e7\u00e3o digital, far\u00e3o a rematr\u00edcula a cada semestre...<\/p>\n<!-- \/wp:paragraph -->\n\n<!-- wp:paragraph -->\n<p>Somente ap\u00f3s realizar o procedimento acima \u00e9 que o ambiente virtual de ensino-aprendizado das disciplinas (<a href=\"http:\/\/uab.ufsc.br\/ead\/letras-portugues\/wp-content\/uploads\/2023\/08\/Moodle-Guia_Pratico_do_Estudante-V2-1.pdf\">O MOODLE<\/a>) ser\u00e1 disponibilizado para voc\u00eas.<\/p>\n<!-- \/wp:paragraph -->\n\n<!-- wp:paragraph -->\n<p>As aulas\u00a0e atividades virtuais come\u00e7ar\u00e3o na semana do dia<strong> 21\/08\/23<\/strong>.<\/p>\n<!-- \/wp:paragraph -->\n\n<!-- wp:paragraph -->\n<p>Nos primeiros dias de aula a coordena\u00e7\u00e3o e os professores apresentar\u00e3o mais detalhadamente o calend\u00e1rio e como ser\u00e3o as din\u00e2micas das atividades.<\/p>\n<!-- \/wp:paragraph -->\n\n<!-- wp:paragraph -->\n<p>Os encontros presenciais costumam ser \u00e0s sextas-feiras \u00e0 noite e s\u00e1bados de manh\u00e3 e de tarde (n\u00e3o todas as semanas, mas os professores avisam por e-mail previamente aos encontros).&nbsp;<\/p>\n<!-- \/wp:paragraph -->","_et_gb_content_width":"","footnotes":""},"class_list":["post-665","page","type-page","status-publish","hentry"],"_links":{"self":[{"href":"https:\/\/uab.ufsc.br\/ead\/letras-portugues\/wp-json\/wp\/v2\/pages\/665","targetHints":{"allow":["GET"]}}],"collection":[{"href":"https:\/\/uab.ufsc.br\/ead\/letras-portugues\/wp-json\/wp\/v2\/pages"}],"about":[{"href":"https:\/\/uab.ufsc.br\/ead\/letras-portugues\/wp-json\/wp\/v2\/types\/page"}],"author":[{"embeddable":true,"href":"https:\/\/uab.ufsc.br\/ead\/letras-portugues\/wp-json\/wp\/v2\/users\/10"}],"replies":[{"embeddable":true,"href":"https:\/\/uab.ufsc.br\/ead\/letras-portugues\/wp-json\/wp\/v2\/comments?post=665"}],"version-history":[{"count":10,"href":"https:\/\/uab.ufsc.br\/ead\/letras-portugues\/wp-json\/wp\/v2\/pages\/665\/revisions"}],"predecessor-version":[{"id":1397,"href":"https:\/\/uab.ufsc.br\/ead\/letras-portugues\/wp-json\/wp\/v2\/pages\/665\/revisions\/1397"}],"wp:attachment":[{"href":"https:\/\/uab.ufsc.br\/ead\/letras-portugues\/wp-json\/wp\/v2\/media?parent=665"}],"curies":[{"name":"wp","href":"https:\/\/api.w.org\/{rel}","templated":true}]}}